{"id":734414,"date":"2025-08-27T22:27:36","date_gmt":"2025-08-27T19:27:36","guid":{"rendered":"https:\/\/roveyayinevi.com.tr\/index.php\/urun\/ustad-dedi-ki\/"},"modified":"2026-04-16T02:42:07","modified_gmt":"2026-04-15T23:42:07","slug":"ustad-dedi-ki","status":"publish","type":"product","link":"https:\/\/roveyayinevi.com.tr\/index.php\/urun\/ustad-dedi-ki\/","title":{"rendered":"\u00dcstad Dedi ki"},"content":{"rendered":"<p>M\u00d6 551 ile 479 y\u0131llar\u0131 aras\u0131nda ya\u015fam\u0131\u015f olan Konf\u00fc\u00e7y\u00fcs (Kung-fu-tzu ya da \u00dcstad Kung) \u00f6nce filozof, sonra hoca ve ayr\u0131ca toplumsal yenilenmeyi sa\u011flayan bir devlet adam\u0131d\u0131r. Gerek teorik d\u00fc\u015f\u00fcncelerini gerekse de tecr \u00fcbelerini aktararak halka \u00f6nderlik etmi\u015ftir. Halk\u0131n sevgisini kazanm\u0131\u015f, \u00e7ok say\u0131da \u00f6\u011frencisi olmu\u015ftur.\u00d6\u011frencileri taraf\u0131ndan Konf\u00fc\u00e7y\u00fcs\u2019\u00fcn sohbet ve konu\u015fmalar\u0131ndan derlenen \u00dcstad Dedi ki\u2019de filozofun g\u00fcndelik hayata, devlet y\u00f6netimine, geleneklere, ahlaka, erdemlere ve bug\u00fcn de toplumsal ya\u015fam\u0131n ayr\u0131lmaz par\u00e7as\u0131 olan \u00e7e\u015fitli konulara dair d\u00fc\u015f\u00fcnceleri toplanm\u0131\u015ft\u0131r.Filozofun a\u00e7\u0131k, sade ve g\u00fczel bir \u00fcslupla aktard\u0131\u011f\u0131 \u00f6\u011fretisinin g\u00fcn\u00fcm\u00fcze de \u0131\u015f\u0131k tutaca\u011f\u0131 ku\u015fkusuz.<\/p>\n","protected":false},"excerpt":{"rendered":"<p>M\u00d6 551 ile 479 y\u0131llar\u0131 aras\u0131nda ya\u015fam\u0131\u015f olan Konf\u00fc\u00e7y\u00fcs (Kung-fu-tzu ya da \u00dcstad Kung) \u00f6nce filozof, sonra hoca ve ayr\u0131ca toplumsal yenilenmeyi sa\u011flayan bir devlet adam\u0131d\u0131r.<span class=\"excerpt-hellip\"> [\u2026]<\/span><\/p>\n","protected":false},"featured_media":0,"template":"","meta":{"_monsterinsights_skip_tracking":false,"_monsterinsights_sitenote_active":false,"_monsterinsights_sitenote_note":"","_monsterinsights_sitenote_category":0},"product_brand":[],"product_cat":[16038,12388],"product_tag":[],"class_list":{"0":"post-734414","1":"product","2":"type-product","3":"status-publish","5":"product_cat-arastirma-inceleme-referans-felsefe","6":"product_cat-felsefe","7":"pa_cilt-ciltsiz","8":"pa_tur-kitap","9":"pa_yayinevi-ketebe-yayinlari","10":"pa_yazar-konfucyus","12":"first","13":"instock","14":"sale","15":"shipping-taxable","16":"purchasable","17":"product-type-simple"},"_links":{"self":[{"href":"https:\/\/roveyayinevi.com.tr\/index.php\/wp-json\/wp\/v2\/product\/734414","targetHints":{"allow":["GET"]}}],"collection":[{"href":"https:\/\/roveyayinevi.com.tr\/index.php\/wp-json\/wp\/v2\/product"}],"about":[{"href":"https:\/\/roveyayinevi.com.tr\/index.php\/wp-json\/wp\/v2\/types\/product"}],"wp:attachment":[{"href":"https:\/\/roveyayinevi.com.tr\/index.php\/wp-json\/wp\/v2\/media?parent=734414"}],"wp:term":[{"taxonomy":"product_brand","embeddable":true,"href":"https:\/\/roveyayinevi.com.tr\/index.php\/wp-json\/wp\/v2\/product_brand?post=734414"},{"taxonomy":"product_cat","embeddable":true,"href":"https:\/\/roveyayinevi.com.tr\/index.php\/wp-json\/wp\/v2\/product_cat?post=734414"},{"taxonomy":"product_tag","embeddable":true,"href":"https:\/\/roveyayinevi.com.tr\/index.php\/wp-json\/wp\/v2\/product_tag?post=734414"}],"curies":[{"name":"wp","href":"https:\/\/api.w.org\/{rel}","templated":true}]}}