{"id":734413,"date":"2025-08-27T22:27:35","date_gmt":"2025-08-27T19:27:35","guid":{"rendered":"https:\/\/roveyayinevi.com.tr\/index.php\/urun\/hurriyet-gecesi\/"},"modified":"2026-04-16T02:42:07","modified_gmt":"2026-04-15T23:42:07","slug":"hurriyet-gecesi","status":"publish","type":"product","link":"https:\/\/roveyayinevi.com.tr\/index.php\/urun\/hurriyet-gecesi\/","title":{"rendered":"H\u00fcrriyet Gecesi"},"content":{"rendered":"<p>\u00d6mer Seyfettin, \u00f6yk\u00fcc\u00fcl\u00fc\u011f\u00fcm\u00fcz\u00fcn kilometre ta\u015flar\u0131ndan biri olarak k\u0131sa \u00f6mr\u00fcne y\u00fcz elliden fazla \u00f6yk\u00fc s\u0131\u011fd\u0131rmakla kalmaz, T\u00fcrk edebiyat\u0131n\u0131 halk\u0131n diliyle bulu\u015fturman\u0131n m\u00fccadelesini de verir. Bilhassa Yeni Lisan manifestosundan sonra kaleme ald\u0131\u011f\u0131 \u00f6yk\u00fclerde, sav undu\u011fu fikirlerin do\u011frultusunda bir dil anlay\u0131\u015f\u0131 g\u00f6ze \u00e7arpar. \u201cBahar ve Kelebekler \u201d bu \u00f6yk\u00fclerin ilkidir.\u00d6mer Seyfettin, d\u00f6neminin tart\u0131\u015fmalar\u0131n\u0131, \u00e7eli\u015fkilerini, ya\u015fanan toplumsal de\u011fi\u015fimi ciddiye al\u0131r. Do\u011fu ve Bat\u0131, alaturka ve alafranga, eski ve yeni \u00e7at\u0131\u015fmas\u0131n\u0131 kimi zaman Balkanlar\u2019da bir askerin, kimi zaman \u0130stanbul\u2019da bir muharririn kimi zamansa ta\u015frada bir memurun g\u00f6z\u00fcnden anlat\u0131r. \u00c7ocukluk, Balkan co\u011frafyas\u0131nda ya\u015fanan hadiseler, T\u00fcrk kimli\u011finin in\u015fas\u0131, kad\u0131n ve erkek m\u00fcnasebetleri, liyakatsiz tiplerin hicvedilmesi, taassup ele\u015ftirileri de \u00d6mer Seyfettin \u00f6yk\u00fclerinin izlekleri aras\u0131ndad\u0131r.<\/p>\n","protected":false},"excerpt":{"rendered":"<p>\u00d6mer Seyfettin, \u00f6yk\u00fcc\u00fcl\u00fc\u011f\u00fcm\u00fcz\u00fcn kilometre ta\u015flar\u0131ndan biri olarak k\u0131sa \u00f6mr\u00fcne y\u00fcz elliden fazla \u00f6yk\u00fc s\u0131\u011fd\u0131rmakla kalmaz, T\u00fcrk edebiyat\u0131n\u0131 halk\u0131n diliyle bulu\u015fturman\u0131n m\u00fccadelesini de verir. Bilhassa Yeni Lisan<span class=\"excerpt-hellip\"> [\u2026]<\/span><\/p>\n","protected":false},"featured_media":0,"template":"","meta":{"_monsterinsights_skip_tracking":false,"_monsterinsights_sitenote_active":false,"_monsterinsights_sitenote_note":"","_monsterinsights_sitenote_category":0},"product_brand":[],"product_cat":[12291,12711],"product_tag":[],"class_list":{"0":"post-734413","1":"product","2":"type-product","3":"status-publish","5":"product_cat-edebiyat","6":"product_cat-roman-oyku","7":"pa_cilt-ciltsiz","8":"pa_tur-kitap","9":"pa_yayinevi-ketebe-yayinlari","10":"pa_yazar-omer-seyfettin","12":"first","13":"instock","14":"sale","15":"shipping-taxable","16":"purchasable","17":"product-type-simple"},"_links":{"self":[{"href":"https:\/\/roveyayinevi.com.tr\/index.php\/wp-json\/wp\/v2\/product\/734413","targetHints":{"allow":["GET"]}}],"collection":[{"href":"https:\/\/roveyayinevi.com.tr\/index.php\/wp-json\/wp\/v2\/product"}],"about":[{"href":"https:\/\/roveyayinevi.com.tr\/index.php\/wp-json\/wp\/v2\/types\/product"}],"wp:attachment":[{"href":"https:\/\/roveyayinevi.com.tr\/index.php\/wp-json\/wp\/v2\/media?parent=734413"}],"wp:term":[{"taxonomy":"product_brand","embeddable":true,"href":"https:\/\/roveyayinevi.com.tr\/index.php\/wp-json\/wp\/v2\/product_brand?post=734413"},{"taxonomy":"product_cat","embeddable":true,"href":"https:\/\/roveyayinevi.com.tr\/index.php\/wp-json\/wp\/v2\/product_cat?post=734413"},{"taxonomy":"product_tag","embeddable":true,"href":"https:\/\/roveyayinevi.com.tr\/index.php\/wp-json\/wp\/v2\/product_tag?post=734413"}],"curies":[{"name":"wp","href":"https:\/\/api.w.org\/{rel}","templated":true}]}}