{"id":734158,"date":"2025-08-27T22:23:06","date_gmt":"2025-08-27T19:23:06","guid":{"rendered":"https:\/\/roveyayinevi.com.tr\/index.php\/urun\/sanatcilar-ve-dusunurler\/"},"modified":"2026-04-16T02:41:59","modified_gmt":"2026-04-15T23:41:59","slug":"sanatcilar-ve-dusunurler","status":"publish","type":"product","link":"https:\/\/roveyayinevi.com.tr\/index.php\/urun\/sanatcilar-ve-dusunurler\/","title":{"rendered":"Sanat\u00e7\u0131lar ve D\u00fc\u015f\u00fcn\u00fcrler"},"content":{"rendered":"<p>Bu kitapta ele ald\u0131\u011f\u0131m konular sanat ile felsefe aras\u0131ndaki s\u0131n\u0131r aral\u0131\u011f\u0131ndan dev\u015firilmi\u015ftir. Heykel, m\u00fczik ve drama gibi olduk\u00e7a de\u011fi\u015fik sanat dallar\u0131nda b\u00fcy\u00fckl\u00fc\u011f\u00fcn\u00fc kan\u0131tlam\u0131\u015f Rodin, Wagner ve Maeterlinck gibi \u00fc\u00e7 sanat\u00e7\u0131y\u0131 ve birbirlerinden olduk\u00e7a farkl\u0131 ve epey tipik \u00fc\u00e7 d\u00fc\u015f\u00fcn\u00fcr\u00fc, Tolstoy, Hegel ve Nietzsche\u2019yi se\u00e7tim. Bu insanlar\u0131n hepsi sanat hakk\u0131nda \u00e7ok \u015fey s\u00f6yledi; \u00f6zel konular\u0131 irdeleyip genel kuramlar geli\u015ftirdiler. Bu kuramlar\u0131n \u00e7o\u011fu hayali, dayan\u0131ks\u0131z ve acemicedir. Kayda de\u011fer d\u00fc\u015f\u00fcnceler sunan kuramlara da yer verdim. Bu arada bir kuram\u0131n do\u011frulu\u011funa de\u011finip o kuram\u0131 tarihsel a\u00e7\u0131dan de\u011ferlendirebilirdim ama bu kitab\u0131n as\u0131l meselesi bu de\u011fil.As\u0131l meselemiz sanat ile felsefe aras\u0131ndaki etkile\u015fimin, sanat\u00e7\u0131daki d\u00fc\u015f\u00fcn\u00fcr\u00fcn ve d\u00fc\u015f\u00fcn\u00fcrdeki sanat\u00e7\u0131n\u0131n izini s\u00fcrmektir. Bu mesele en genel hatlar\u0131yla \u015f\u00f6yle ortaya konulabilir: Sanat\u00e7\u0131 asl\u0131nda bir d\u00fc\u015f\u00fcn\u00fcr, d\u00fc\u015f\u00fcn\u00fcr de bir sanat\u00e7\u0131 m\u0131d\u0131r?<\/p>\n","protected":false},"excerpt":{"rendered":"<p>Bu kitapta ele ald\u0131\u011f\u0131m konular sanat ile felsefe aras\u0131ndaki s\u0131n\u0131r aral\u0131\u011f\u0131ndan dev\u015firilmi\u015ftir. Heykel, m\u00fczik ve drama gibi olduk\u00e7a de\u011fi\u015fik sanat dallar\u0131nda b\u00fcy\u00fckl\u00fc\u011f\u00fcn\u00fc kan\u0131tlam\u0131\u015f Rodin, Wagner ve<span class=\"excerpt-hellip\"> [\u2026]<\/span><\/p>\n","protected":false},"featured_media":0,"template":"","meta":{"_monsterinsights_skip_tracking":false,"_monsterinsights_sitenote_active":false,"_monsterinsights_sitenote_note":"","_monsterinsights_sitenote_category":0},"product_brand":[],"product_cat":[12408,14197],"product_tag":[],"class_list":{"0":"post-734158","1":"product","2":"type-product","3":"status-publish","5":"product_cat-sanat","6":"product_cat-sanat-tarihi","7":"pa_cilt-ciltsiz","8":"pa_tur-kitap","9":"pa_yayinevi-pinhan-yayincilik","10":"pa_yazar-louis-william-flaccus","12":"first","13":"instock","14":"sale","15":"shipping-taxable","16":"purchasable","17":"product-type-simple"},"_links":{"self":[{"href":"https:\/\/roveyayinevi.com.tr\/index.php\/wp-json\/wp\/v2\/product\/734158","targetHints":{"allow":["GET"]}}],"collection":[{"href":"https:\/\/roveyayinevi.com.tr\/index.php\/wp-json\/wp\/v2\/product"}],"about":[{"href":"https:\/\/roveyayinevi.com.tr\/index.php\/wp-json\/wp\/v2\/types\/product"}],"wp:attachment":[{"href":"https:\/\/roveyayinevi.com.tr\/index.php\/wp-json\/wp\/v2\/media?parent=734158"}],"wp:term":[{"taxonomy":"product_brand","embeddable":true,"href":"https:\/\/roveyayinevi.com.tr\/index.php\/wp-json\/wp\/v2\/product_brand?post=734158"},{"taxonomy":"product_cat","embeddable":true,"href":"https:\/\/roveyayinevi.com.tr\/index.php\/wp-json\/wp\/v2\/product_cat?post=734158"},{"taxonomy":"product_tag","embeddable":true,"href":"https:\/\/roveyayinevi.com.tr\/index.php\/wp-json\/wp\/v2\/product_tag?post=734158"}],"curies":[{"name":"wp","href":"https:\/\/api.w.org\/{rel}","templated":true}]}}