{"id":734076,"date":"2025-08-27T22:21:45","date_gmt":"2025-08-27T19:21:45","guid":{"rendered":"https:\/\/roveyayinevi.com.tr\/index.php\/urun\/kamu-ve-ozel-sektorde-kurumsal-yonetim-modeli\/"},"modified":"2026-04-16T02:41:57","modified_gmt":"2026-04-15T23:41:57","slug":"kamu-ve-ozel-sektorde-kurumsal-yonetim-modeli","status":"publish","type":"product","link":"https:\/\/roveyayinevi.com.tr\/index.php\/urun\/kamu-ve-ozel-sektorde-kurumsal-yonetim-modeli\/","title":{"rendered":"Kamu ve \u00d6zel Sekt\u00f6rde Kurumsal Y\u00f6netim Modeli"},"content":{"rendered":"<p>Tarih boyunca sava\u015ft\u0131\u011f\u0131m\u0131z veya hayvanc\u0131l\u0131k ve de tar\u0131m i\u015fiyle ilgilendi\u011fimiz i\u00e7in, genlerimizde de organizasyon y\u00f6netimi ne yaz\u0131k ki yok. D\u00fcnyaya g\u00f6re \u00e7ok sonradan deneyimlemeye ba\u015flad\u0131\u011f\u0131m\u0131z bir alan oldu. \u00c7ok geride oldu\u011fumuz ve a\u00e7\u0131\u011f\u0131 daha \u00e7ok \u00e7al\u0131\u015farak kapatmam\u0131z gerekirken, maalesef geriye giden bir organizasyonel y\u00f6netim anlay\u0131\u015f\u0131 s\u00f6z konusu. Bu alanda sadece teorik olarak de\u011fil, pratikte ba\u015far\u0131l\u0131 \u00f6rnekler \u00e7\u0131kartamazsak; end\u00fcstri 4.0 f\u0131rsat\u0131n\u0131 ka\u00e7\u0131raca\u011f\u0131z. \u00d6zellikle pandemi ile t\u00fcm d\u00fcnyada organizasyon y\u00f6netimlerinde ciddi de\u011fi\u015fiklikler olurken, \u015fu anda tekrar ba\u015flang\u0131\u00e7 \u00e7izgisine gelindi\u011fini s\u00f6yleyebiliriz. Yeni d\u00fczende y\u00f6netim modelleri i\u00e7in ge\u00e7 kalmad\u0131k. Hen\u00fcz yolun ba\u015f\u0131nday\u0131z.T\u00fcm d\u00fcnyada s\u0131f\u0131rlanan bir anlay\u0131\u015f s\u00f6z konusu. \u00d6zellikle kamu sekt\u00f6r\u00fcnde bu d\u00fczeni yakalayabilirsek, devletimizin kurumsalla\u015fmas\u0131 bak\u0131m\u0131ndan t\u00fcm d\u00fcnyaya \u00f6rnek oluruz. Cumhurba\u015fkanl\u0131\u011f\u0131 h\u00fck\u00fcmet sistemini bu d\u00fczenin olu\u015fmas\u0131 i\u00e7in f\u0131rsat olarak g\u00f6r\u00fcyorum. \u00d6zel sekt\u00f6r a\u00e7\u0131s\u0131ndan da yeni y\u00f6netim d\u00fczenine uyum sa\u011flayan \u015firketler oldu\u011fu s\u00fcrece global markalar\u0131n \u00fclkemizden \u00e7\u0131kmamas\u0131 i\u00e7in hi\u00e7bir neden yok. Yeter ki bu alana \u00f6nem verelim. Kurumlar\u0131m\u0131za (ister \u00f6zel sekt\u00f6r olsun isterse kamu) y\u00f6netimsel yat\u0131r\u0131mlar\u0131 yani be\u015feri yat\u0131r\u0131mlar\u0131 yapal\u0131m ve \u00f6nemseyelim.\u0130\u015fte bu kitapta, kayna\u011f\u0131 \u00f6nemli olmamakla birlikte (ister \u00f6zel sekt\u00f6r ister kamu sekt\u00f6r\u00fc) organizasyonlarda nas\u0131l etkin bir y\u00f6netim modeli olu\u015fturabilece\u011finizi anlataca\u011f\u0131m. Bu y\u00f6ntem, 20 y\u0131ll\u0131k y\u00f6netim dan\u0131\u015fmanl\u0131\u011f\u0131nda binlerce \u015firket ve kurumda elde etti\u011fim deneyim ile teorik bilgilerin harmanlanmas\u0131 sonucu ortaya \u00e7\u0131kan ve bir\u00e7ok kez ba\u015far\u0131ya ula\u015fm\u0131\u015f; tamamen T\u00fcrk firmalar\u0131na ve kurumlar\u0131na \u00f6zg\u00fc bir model olan \u2018\u2019Kurumsal Geli\u015fim Denge Modeli\u2019\u2019 nden yola \u00e7\u0131karak olu\u015fturulmu\u015ftur. <\/p>\n","protected":false},"excerpt":{"rendered":"<p>Tarih boyunca sava\u015ft\u0131\u011f\u0131m\u0131z veya hayvanc\u0131l\u0131k ve de tar\u0131m i\u015fiyle ilgilendi\u011fimiz i\u00e7in, genlerimizde de organizasyon y\u00f6netimi ne yaz\u0131k ki yok. D\u00fcnyaya g\u00f6re \u00e7ok sonradan deneyimlemeye ba\u015flad\u0131\u011f\u0131m\u0131z bir<span class=\"excerpt-hellip\"> [\u2026]<\/span><\/p>\n","protected":false},"featured_media":0,"template":"","meta":{"_monsterinsights_skip_tracking":false,"_monsterinsights_sitenote_active":false,"_monsterinsights_sitenote_note":"","_monsterinsights_sitenote_category":0},"product_brand":[],"product_cat":[13043,19008],"product_tag":[],"class_list":{"0":"post-734076","1":"product","2":"type-product","3":"status-publish","5":"product_cat-ekonomi","6":"product_cat-yonetim","7":"pa_cilt-ciltsiz","8":"pa_tur-kitap","9":"pa_yayinevi-soncag-akademik-kitaplar","10":"pa_yazar-emrihan-aydin","12":"first","13":"instock","14":"sale","15":"shipping-taxable","16":"purchasable","17":"product-type-simple"},"_links":{"self":[{"href":"https:\/\/roveyayinevi.com.tr\/index.php\/wp-json\/wp\/v2\/product\/734076","targetHints":{"allow":["GET"]}}],"collection":[{"href":"https:\/\/roveyayinevi.com.tr\/index.php\/wp-json\/wp\/v2\/product"}],"about":[{"href":"https:\/\/roveyayinevi.com.tr\/index.php\/wp-json\/wp\/v2\/types\/product"}],"wp:attachment":[{"href":"https:\/\/roveyayinevi.com.tr\/index.php\/wp-json\/wp\/v2\/media?parent=734076"}],"wp:term":[{"taxonomy":"product_brand","embeddable":true,"href":"https:\/\/roveyayinevi.com.tr\/index.php\/wp-json\/wp\/v2\/product_brand?post=734076"},{"taxonomy":"product_cat","embeddable":true,"href":"https:\/\/roveyayinevi.com.tr\/index.php\/wp-json\/wp\/v2\/product_cat?post=734076"},{"taxonomy":"product_tag","embeddable":true,"href":"https:\/\/roveyayinevi.com.tr\/index.php\/wp-json\/wp\/v2\/product_tag?post=734076"}],"curies":[{"name":"wp","href":"https:\/\/api.w.org\/{rel}","templated":true}]}}