{"id":734049,"date":"2025-08-27T22:21:18","date_gmt":"2025-08-27T19:21:18","guid":{"rendered":"https:\/\/roveyayinevi.com.tr\/index.php\/urun\/haclilar-ve-istanbul\/"},"modified":"2026-04-16T02:41:57","modified_gmt":"2026-04-15T23:41:57","slug":"haclilar-ve-istanbul","status":"publish","type":"product","link":"https:\/\/roveyayinevi.com.tr\/index.php\/urun\/haclilar-ve-istanbul\/","title":{"rendered":"Ha\u00e7l\u0131lar ve \u0130stanbul"},"content":{"rendered":"<p>11. y\u00fczy\u0131l\u0131n sonlar\u0131nda Papal\u0131\u011f\u0131n \u00f6nc\u00fcl\u00fc\u011f\u00fcnde ba\u015flayan Ha\u00e7l\u0131 Seferleri, T\u00fcrk-\u0130slam d\u00fcnyas\u0131n\u0131 hedef almakla birlikte Bizans \u0130mparatorlu\u011fu\u2019nu da etkiledi. Bat\u0131\u2019n\u0131n y\u00fczy\u0131llard\u0131r imparatorlu\u011fa duydu\u011fu k\u0131skan\u00e7l\u0131k Ha\u00e7l\u0131 Seferleri ile daha belirgin hale gelerek \u0130stanbul ve imparatorlu\u011fa sahip olma d\u00fc\u015f\u00fcncesine d\u00f6n\u00fc\u015ft\u00fc.Birinci, \u0130kinci, \u00dc\u00e7\u00fcnc\u00fc ve 1101 Y\u0131l\u0131 Ha\u00e7l\u0131 Seferleri\u2019nde bu gayelerine ula\u015fmak isteyen Ha\u00e7l\u0131lar, 1204 y\u0131l\u0131nda ger\u00e7ekle\u015fen D\u00f6rd\u00fcnc\u00fc Ha\u00e7l\u0131 Seferi ile isteklerine kavu\u015ftu. \u0130nsanl\u0131k tarihinin en ac\u0131mas\u0131z k\u0131y\u0131mlar\u0131ndan birini yaparak \u015fehre ve imparatorlu\u011fa sahip olan Ha\u00e7l\u0131lar, 57 y\u0131l s\u00fcrecek h\u00e2kimiyetlerini ba\u015flatt\u0131lar. \u201c\u015eehirler Krali\u00e7esi\u201d olarak adland\u0131r\u0131lan \u0130stanbul, de\u011fi\u015fik milletler taraf\u0131ndan defalarca ku\u015fat\u0131lm\u0131\u015f ancak hi\u00e7 bu kadar \u015fiddetli, ac\u0131mas\u0131z ve insafs\u0131z bir muamele ile kar\u015f\u0131la\u015fmam\u0131\u015ft\u0131.<\/p>\n","protected":false},"excerpt":{"rendered":"<p>11. y\u00fczy\u0131l\u0131n sonlar\u0131nda Papal\u0131\u011f\u0131n \u00f6nc\u00fcl\u00fc\u011f\u00fcnde ba\u015flayan Ha\u00e7l\u0131 Seferleri, T\u00fcrk-\u0130slam d\u00fcnyas\u0131n\u0131 hedef almakla birlikte Bizans \u0130mparatorlu\u011fu\u2019nu da etkiledi. Bat\u0131\u2019n\u0131n y\u00fczy\u0131llard\u0131r imparatorlu\u011fa duydu\u011fu k\u0131skan\u00e7l\u0131k Ha\u00e7l\u0131 Seferleri ile daha<span class=\"excerpt-hellip\"> [\u2026]<\/span><\/p>\n","protected":false},"featured_media":0,"template":"","meta":{"_monsterinsights_skip_tracking":false,"_monsterinsights_sitenote_active":false,"_monsterinsights_sitenote_note":"","_monsterinsights_sitenote_category":0},"product_brand":[],"product_cat":[13517,12304],"product_tag":[],"class_list":{"0":"post-734049","1":"product","2":"type-product","3":"status-publish","5":"product_cat-osmanli-tarihi","6":"product_cat-tarih","7":"pa_cilt-ciltsiz","8":"pa_tur-kitap","9":"pa_yayinevi-pozitif-yayinlari","10":"pa_yazar-birsel-kucuksipahioglu","12":"first","13":"instock","14":"sale","15":"shipping-taxable","16":"purchasable","17":"product-type-simple"},"_links":{"self":[{"href":"https:\/\/roveyayinevi.com.tr\/index.php\/wp-json\/wp\/v2\/product\/734049","targetHints":{"allow":["GET"]}}],"collection":[{"href":"https:\/\/roveyayinevi.com.tr\/index.php\/wp-json\/wp\/v2\/product"}],"about":[{"href":"https:\/\/roveyayinevi.com.tr\/index.php\/wp-json\/wp\/v2\/types\/product"}],"wp:attachment":[{"href":"https:\/\/roveyayinevi.com.tr\/index.php\/wp-json\/wp\/v2\/media?parent=734049"}],"wp:term":[{"taxonomy":"product_brand","embeddable":true,"href":"https:\/\/roveyayinevi.com.tr\/index.php\/wp-json\/wp\/v2\/product_brand?post=734049"},{"taxonomy":"product_cat","embeddable":true,"href":"https:\/\/roveyayinevi.com.tr\/index.php\/wp-json\/wp\/v2\/product_cat?post=734049"},{"taxonomy":"product_tag","embeddable":true,"href":"https:\/\/roveyayinevi.com.tr\/index.php\/wp-json\/wp\/v2\/product_tag?post=734049"}],"curies":[{"name":"wp","href":"https:\/\/api.w.org\/{rel}","templated":true}]}}