{"id":734046,"date":"2025-08-27T22:21:14","date_gmt":"2025-08-27T19:21:14","guid":{"rendered":"https:\/\/roveyayinevi.com.tr\/index.php\/urun\/turk-dilinin-yurtlari\/"},"modified":"2026-04-16T02:41:57","modified_gmt":"2026-04-15T23:41:57","slug":"turk-dilinin-yurtlari","status":"publish","type":"product","link":"https:\/\/roveyayinevi.com.tr\/index.php\/urun\/turk-dilinin-yurtlari\/","title":{"rendered":"T\u00fcrk Dilinin Yurtlar\u0131"},"content":{"rendered":"<p>Renkli Ku\u015fe Bask\u0131l\u0131 T\u00fcrk Leh\u00e7eleri Haritas\u0131 EkiyleT\u00fcrk Dilinin Yurtlar\u0131 adl\u0131 eserde, bu co\u011frafi geni\u015flik i\u00e7inde, T\u00fcrk\u00e7enin bug\u00fcn d\u00fcnyan\u0131n hangi \u00fclkelerinde resm\u00ee dil, hangilerinde az\u0131nl\u0131k dili veya g\u00f6\u00e7men dili olarak kullan\u0131ld\u0131\u011f\u0131, bu \u00fclke ve b\u00f6lgelerdeki yaz\u0131 ve konu\u015fma dili olarak canl\u0131l\u0131\u011f\u0131 ara\u015ft\u0131r\u0131ld\u0131. Buna ba\u011fl\u0131 olarak T\u00fcrk dilinin yay\u0131ld\u0131\u011f\u0131 \u00fclke ve b\u00f6lgelerde T\u00fcrk\u00e7e kullanan topluluklar\u0131n say\u0131s\u0131, T\u00fcrk\u00e7enin yaz\u0131l\u0131 bas\u0131n veya sesli g\u00f6r\u00fcnt\u00fcl\u00fc yay\u0131n dili h\u00e2line gelip gelmedi\u011fi incelendi. Prof. Dr. Nevzat \u00d6ZKAN taraf\u0131ndan titiz ve uzun s\u00fcren bir ara\u015ft\u0131rma sonucunda haz\u0131rlanan T\u00fcrk Dilinin Yurtlar\u0131 adl\u0131 bu kitap, dilimizin geni\u015f yay\u0131lma alan\u0131 i\u00e7indeki tarih\u00ee geli\u015fimine ve bug\u00fcnk\u00fc stat\u00fcs\u00fcne de yer verilerek s\u00f6z konusu \u00fclke ve b\u00f6lgelerdeki bug\u00fcnk\u00fc T\u00fcrk dil varl\u0131\u011f\u0131n\u0131n tarih\u00ee dayanaklar\u0131 ve T\u00fcrk\u00e7e kullan\u0131m\u0131n\u0131n yasal ve anayasal gerek\u00e7eleri ortaya konulmaya \u00e7al\u0131\u015f\u0131lm\u0131\u015ft\u0131r. <\/p>\n","protected":false},"excerpt":{"rendered":"<p>Renkli Ku\u015fe Bask\u0131l\u0131 T\u00fcrk Leh\u00e7eleri Haritas\u0131 EkiyleT\u00fcrk Dilinin Yurtlar\u0131 adl\u0131 eserde, bu co\u011frafi geni\u015flik i\u00e7inde, T\u00fcrk\u00e7enin bug\u00fcn d\u00fcnyan\u0131n hangi \u00fclkelerinde resm\u00ee dil, hangilerinde az\u0131nl\u0131k dili veya<span class=\"excerpt-hellip\"> [\u2026]<\/span><\/p>\n","protected":false},"featured_media":0,"template":"","meta":{"_monsterinsights_skip_tracking":false,"_monsterinsights_sitenote_active":false,"_monsterinsights_sitenote_note":"","_monsterinsights_sitenote_category":0},"product_brand":[],"product_cat":[20225,12291],"product_tag":[],"class_list":{"0":"post-734046","1":"product","2":"type-product","3":"status-publish","5":"product_cat-dil-bilim","6":"product_cat-edebiyat","7":"pa_cilt-ciltsiz","8":"pa_tur-kitap","9":"pa_yayinevi-bilge-kultur-sanat","10":"pa_yazar-nevzat-ozkan","12":"first","13":"instock","14":"sale","15":"shipping-taxable","16":"purchasable","17":"product-type-simple"},"_links":{"self":[{"href":"https:\/\/roveyayinevi.com.tr\/index.php\/wp-json\/wp\/v2\/product\/734046","targetHints":{"allow":["GET"]}}],"collection":[{"href":"https:\/\/roveyayinevi.com.tr\/index.php\/wp-json\/wp\/v2\/product"}],"about":[{"href":"https:\/\/roveyayinevi.com.tr\/index.php\/wp-json\/wp\/v2\/types\/product"}],"wp:attachment":[{"href":"https:\/\/roveyayinevi.com.tr\/index.php\/wp-json\/wp\/v2\/media?parent=734046"}],"wp:term":[{"taxonomy":"product_brand","embeddable":true,"href":"https:\/\/roveyayinevi.com.tr\/index.php\/wp-json\/wp\/v2\/product_brand?post=734046"},{"taxonomy":"product_cat","embeddable":true,"href":"https:\/\/roveyayinevi.com.tr\/index.php\/wp-json\/wp\/v2\/product_cat?post=734046"},{"taxonomy":"product_tag","embeddable":true,"href":"https:\/\/roveyayinevi.com.tr\/index.php\/wp-json\/wp\/v2\/product_tag?post=734046"}],"curies":[{"name":"wp","href":"https:\/\/api.w.org\/{rel}","templated":true}]}}