{"id":733876,"date":"2025-08-27T22:18:15","date_gmt":"2025-08-27T19:18:15","guid":{"rendered":"https:\/\/roveyayinevi.com.tr\/index.php\/urun\/turkiyede-ve-dunyada-kadin-arastirmalari\/"},"modified":"2026-04-16T02:41:38","modified_gmt":"2026-04-15T23:41:38","slug":"turkiyede-ve-dunyada-kadin-arastirmalari","status":"publish","type":"product","link":"https:\/\/roveyayinevi.com.tr\/index.php\/urun\/turkiyede-ve-dunyada-kadin-arastirmalari\/","title":{"rendered":"T\u00fcrkiye&#8217;de Ve D\u00fcnyada Kad\u0131n Ara\u015ft\u0131rmalar\u0131"},"content":{"rendered":"<p>Kad\u0131n \u00e7al\u0131\u015fmalar\u0131 alan\u0131nda y\u00fcr\u00fcnen yol, olduk\u00e7a uzun ve zorludur. Kad\u0131nlar\u0131n k\u00fc\u00e7\u00fck ad\u0131mlarla y\u00fcr\u00fcd\u00fc\u011f\u00fc ama \u00e7o\u011fu zaman toplumda yer edinen \u015fiddetli sars\u0131nt\u0131lara yol a\u00e7an hak ve e\u015fitlik talepleri ile bunlar\u0131n eksikli\u011finden kaynaklanan sorunlar\u0131 g\u00f6r\u00fcn\u00fcr hale getirmeleri, bir\u00e7ok zorlu\u011fun a\u015f\u0131lmas\u0131n\u0131 sa\u011flam\u0131\u015ft\u0131r. Toplumsal d\u00fczeyde cinsiyetler aras\u0131 farkl\u0131l\u0131klar\u0131n; \u00f6zellikle de kad\u0131nlar aleyhine bir dengesizlik yaratacak bi\u00e7imde kad\u0131nlar\u0131n g\u00fc\u00e7s\u00fcz ve zay\u0131f taraf olarak alg\u0131lanmas\u0131n\u0131n, bireyler aras\u0131 ili\u015fkilerden \u00e7ok, toplumsal otorite olarak kabul edilen ve toplumsal d\u00fczeni sa\u011flayan kurumsal yap\u0131lar\u0131n yetersizli\u011finden kaynakland\u0131\u011f\u0131n\u0131 s\u00f6ylemek yanl\u0131\u015f olmayacakt\u0131r. \u00c7\u00fcnk\u00fc toplum ve cinsiyet konusu, toplumdaki di\u011fer bir\u00e7ok sorunun temel kayna\u011f\u0131 olmakla birlikte s\u0131kl\u0131kla g\u00f6rmezden gelinen bir konu olmu\u015ftur. Kad\u0131nlar\u0131n bir\u00e7ok \u00fclkede ya\u015fad\u0131\u011f\u0131 ortak sorunlar\u0131n, kad\u0131n-erkek e\u015fitsizli\u011fi sorunu oldu\u011fu bilinmektedir. Gerek toplumsal gerekse \u00f6znel d\u00fczeyde ya\u015fanan bu e\u015fitsizlik, hemen hemen t\u00fcm kad\u0131n sorunlar\u0131n\u0131n temelini olu\u015fturmaktad\u0131r. Bu y\u00fczden \u201ckad\u0131n \u00e7al\u0131\u015fmalar\u0131\u201dn\u0131n do\u011fas\u0131 ele\u015ftirel bir do\u011faya sahiptir. Toplumsal cinsiyet rolleri ve kad\u0131n-erkek e\u015fitli\u011fi alan\u0131nda ilerlemelerin olmas\u0131 toplumsal geli\u015fmeyle birlikte refah\u0131n da \u00f6nemli bir anahtar\u0131d\u0131r. Bug\u00fcn d\u00fcnyada kad\u0131n haklar\u0131 ba\u011flam\u0131nda, \u00f6zellikle kanuni d\u00fczenlemeler kapsam\u0131nda \u00f6nemli yollar kat edilmi\u015ftir. Bunun toplum sosyolojisine yans\u0131mas\u0131 bir\u00e7ok \u00fclkede sorunlu olsa da bu d\u00fczenlemeler kapsam\u0131nda cinsiyetler aras\u0131 e\u015fitsizlikler s\u0131kl\u0131kla g\u00fcndemde tutularak kazan\u0131mlar elde edilmeye \u00e7al\u0131\u015f\u0131lmaktad\u0131r. Ancak bu alandaki ilerlemelere ra\u011fmen sosyoekonomik ya\u015famda kad\u0131nlar aleyhine olu\u015fan dengesizlik halinin giderilmesi i\u00e7in kat edilmesi gereken mesafenin hala \u00e7ok uzun oldu\u011fu unutulmamal\u0131d\u0131r. Bu kapsamda kad\u0131nlar\u0131n k\u0131sa vadeli ihtiya\u00e7lar\u0131 ile ya\u015fad\u0131klar\u0131 toplumda kad\u0131nlar\u0131n e\u015fitsiz konumunu d\u00f6n\u00fc\u015ft\u00fcrecek uzun vadeli ihtiya\u00e7lar\u0131 bir arada kar\u015f\u0131layacak kapsaml\u0131 yasal d\u00fczenlemelere; sosyal, ekonomik ve mali politikalara ihtiyac\u0131n devam etti\u011fi s\u00f6ylenebilir. Ya\u015fam\u0131n pek \u00e7ok alan\u0131nda kad\u0131nlar\u0131n kar\u015f\u0131 kar\u015f\u0131ya kald\u0131klar\u0131 s\u00f6z\u00fc edilen sorunlar\u0131n disiplinleraras\u0131 bir perspektifle kavranmas\u0131n\u0131 ve \u00e7\u00f6z\u00fcm \u00f6nerileri sa\u011flamay\u0131 ama\u00e7layan bu kitab\u0131n, konunun ilgilileri a\u00e7\u0131s\u0131ndan bir referans kaynak olmas\u0131n\u0131 umuyoruz. <\/p>\n","protected":false},"excerpt":{"rendered":"<p>Kad\u0131n \u00e7al\u0131\u015fmalar\u0131 alan\u0131nda y\u00fcr\u00fcnen yol, olduk\u00e7a uzun ve zorludur. Kad\u0131nlar\u0131n k\u00fc\u00e7\u00fck ad\u0131mlarla y\u00fcr\u00fcd\u00fc\u011f\u00fc ama \u00e7o\u011fu zaman toplumda yer edinen \u015fiddetli sars\u0131nt\u0131lara yol a\u00e7an hak ve e\u015fitlik<span class=\"excerpt-hellip\"> [\u2026]<\/span><\/p>\n","protected":false},"featured_media":0,"template":"","meta":{"_monsterinsights_skip_tracking":false,"_monsterinsights_sitenote_active":false,"_monsterinsights_sitenote_note":"","_monsterinsights_sitenote_category":0},"product_brand":[],"product_cat":[13252,12324],"product_tag":[],"class_list":{"0":"post-733876","1":"product","2":"type-product","3":"status-publish","5":"product_cat-kadin-calismalari","6":"product_cat-sosyoloji","7":"pa_cilt-ciltsiz","8":"pa_tur-kitap","9":"pa_yayinevi-efil-yayinevi","10":"pa_yazar-asuman-altay-esin-aslanpay-ozdemir","12":"first","13":"instock","14":"sale","15":"shipping-taxable","16":"purchasable","17":"product-type-simple"},"_links":{"self":[{"href":"https:\/\/roveyayinevi.com.tr\/index.php\/wp-json\/wp\/v2\/product\/733876","targetHints":{"allow":["GET"]}}],"collection":[{"href":"https:\/\/roveyayinevi.com.tr\/index.php\/wp-json\/wp\/v2\/product"}],"about":[{"href":"https:\/\/roveyayinevi.com.tr\/index.php\/wp-json\/wp\/v2\/types\/product"}],"wp:attachment":[{"href":"https:\/\/roveyayinevi.com.tr\/index.php\/wp-json\/wp\/v2\/media?parent=733876"}],"wp:term":[{"taxonomy":"product_brand","embeddable":true,"href":"https:\/\/roveyayinevi.com.tr\/index.php\/wp-json\/wp\/v2\/product_brand?post=733876"},{"taxonomy":"product_cat","embeddable":true,"href":"https:\/\/roveyayinevi.com.tr\/index.php\/wp-json\/wp\/v2\/product_cat?post=733876"},{"taxonomy":"product_tag","embeddable":true,"href":"https:\/\/roveyayinevi.com.tr\/index.php\/wp-json\/wp\/v2\/product_tag?post=733876"}],"curies":[{"name":"wp","href":"https:\/\/api.w.org\/{rel}","templated":true}]}}