{"id":733692,"date":"2025-08-27T22:15:00","date_gmt":"2025-08-27T19:15:00","guid":{"rendered":"https:\/\/roveyayinevi.com.tr\/index.php\/urun\/yaniyoruz\/"},"modified":"2026-04-16T02:41:34","modified_gmt":"2026-04-15T23:41:34","slug":"yaniyoruz","status":"publish","type":"product","link":"https:\/\/roveyayinevi.com.tr\/index.php\/urun\/yaniyoruz\/","title":{"rendered":"Yan\u0131yoruz"},"content":{"rendered":"<p>Her \u015feyi kurtarmak i\u00e7in art\u0131k \u00e7ok ge\u00e7 olsa da halen birbirimizi ve bizim d\u0131\u015f\u0131m\u0131zda kalan pek \u00e7ok canl\u0131 t\u00fcr\u00fcn\u00fc kurtarabiliriz. El ele verip yang\u0131n\u0131 s\u00f6nd\u00fcrelim ve yerine bamba\u015fka bir d\u00fczen in\u015fa edelim.    D\u00fcnyaca \u00fcnl\u00fc gazeteci ve yazar Naomi Klein, iklim de\u011fi\u015fikli\u011fi konusunda son y\u0131llarda yay\u0131mlanm\u0131\u015f yaz\u0131lar\u0131n\u0131 ve yapt\u0131\u011f\u0131 konu\u015fmalar\u0131 bu kitapta bir araya getirdi. Meselenin \u00f6nemini bir kez daha y\u00fcksek sesle dillendirirken, tabloda pay\u0131 olan geli\u015fmi\u015f \u00fclkelere, Ye\u015fil Yeni D\u00fczen ve benzeri anlaml\u0131 politikalar\u0131 bir an \u00f6nce hayata ge\u00e7irmeleri i\u00e7in hayk\u0131r\u0131yor: Yan\u0131yoruz! <\/p>\n","protected":false},"excerpt":{"rendered":"<p>Her \u015feyi kurtarmak i\u00e7in art\u0131k \u00e7ok ge\u00e7 olsa da halen birbirimizi ve bizim d\u0131\u015f\u0131m\u0131zda kalan pek \u00e7ok canl\u0131 t\u00fcr\u00fcn\u00fc kurtarabiliriz. El ele verip yang\u0131n\u0131 s\u00f6nd\u00fcrelim ve<span class=\"excerpt-hellip\"> [\u2026]<\/span><\/p>\n","protected":false},"featured_media":0,"template":"","meta":{"_monsterinsights_skip_tracking":false,"_monsterinsights_sitenote_active":false,"_monsterinsights_sitenote_note":"","_monsterinsights_sitenote_category":0},"product_brand":[],"product_cat":[23323,12364],"product_tag":[],"class_list":{"0":"post-733692","1":"product","2":"type-product","3":"status-publish","5":"product_cat-ekoloji","6":"product_cat-genel-konular","7":"pa_cilt-ciltsiz","8":"pa_tur-kitap","9":"pa_yayinevi-dogan-kitap","10":"pa_yazar-naomi-klein","12":"first","13":"instock","14":"sale","15":"shipping-taxable","16":"purchasable","17":"product-type-simple"},"_links":{"self":[{"href":"https:\/\/roveyayinevi.com.tr\/index.php\/wp-json\/wp\/v2\/product\/733692","targetHints":{"allow":["GET"]}}],"collection":[{"href":"https:\/\/roveyayinevi.com.tr\/index.php\/wp-json\/wp\/v2\/product"}],"about":[{"href":"https:\/\/roveyayinevi.com.tr\/index.php\/wp-json\/wp\/v2\/types\/product"}],"wp:attachment":[{"href":"https:\/\/roveyayinevi.com.tr\/index.php\/wp-json\/wp\/v2\/media?parent=733692"}],"wp:term":[{"taxonomy":"product_brand","embeddable":true,"href":"https:\/\/roveyayinevi.com.tr\/index.php\/wp-json\/wp\/v2\/product_brand?post=733692"},{"taxonomy":"product_cat","embeddable":true,"href":"https:\/\/roveyayinevi.com.tr\/index.php\/wp-json\/wp\/v2\/product_cat?post=733692"},{"taxonomy":"product_tag","embeddable":true,"href":"https:\/\/roveyayinevi.com.tr\/index.php\/wp-json\/wp\/v2\/product_tag?post=733692"}],"curies":[{"name":"wp","href":"https:\/\/api.w.org\/{rel}","templated":true}]}}