{"id":733587,"date":"2025-08-27T22:12:47","date_gmt":"2025-08-27T19:12:47","guid":{"rendered":"https:\/\/roveyayinevi.com.tr\/index.php\/urun\/tuyu-kunlar-bir-turk-kabilesinin-goc-oykusu\/"},"modified":"2026-04-16T02:41:32","modified_gmt":"2026-04-15T23:41:32","slug":"tuyu-kunlar-bir-turk-kabilesinin-goc-oykusu","status":"publish","type":"product","link":"https:\/\/roveyayinevi.com.tr\/index.php\/urun\/tuyu-kunlar-bir-turk-kabilesinin-goc-oykusu\/","title":{"rendered":"Tuyu-Kunlar &#8211; Bir T\u00fcrk Kabilesinin G\u00f6\u00e7 \u00d6yk\u00fcs\u00fc"},"content":{"rendered":"<p>T\u00fcrkolog ve tarih\u00e7i Dr. Adalet Ergenekon\u2019un ilk bas\u0131m\u0131 1978\u2019de, \u00fc\u00e7\u00fcnc\u00fc bas\u0131m\u0131 Nisan 2021\u2019de ger\u00e7ekle\u015fen roman\u0131 Tuyu-Kunlar bu kez Selda\u011f \u00d6zalp\u2019le birlikte yaz\u0131lm\u0131\u015f tiyatro oyunu olarak okurlarla bulu\u015fuyor.\u0130ki perdelik tarihsel drama Tuyu-Kunlar \/ Bir T\u00fcrk Kabilesinin G\u00f6\u00e7 \u00d6yk\u00fcs\u00fc, atalar\u0131m\u0131z\u0131n devletle\u015fme s\u00fcrecindeki bir yol ayr\u0131m\u0131na tarihsel ve sanatsal a\u00e7\u0131dan odaklanan, \u201cdevlet ana\u201dn\u0131n do\u011fum sanc\u0131lar\u0131na yo\u011funla\u015fan, T\u00fcrklerin \u0130slamiyet \u00f6ncesi ya\u015fam\u0131na ve do\u011fayla ili\u015fkilerine bakan heyecan verici bir tiyatro eseri.Ergenekon ve \u00d6zalp, T\u00fcrk tarihinin \u201cge\u00e7itlerinden\u201d birini, yal\u0131n ve ak\u0131c\u0131 anlat\u0131mla, okurun kendisini bir \u201c\u00f6n-seyirci\u201d olarak hissedece\u011fi bir yap\u0131 kurarak sahneye ta\u015f\u0131yorlar.Tuyu-Kunlar \/ Bir T\u00fcrk Kabilesinin G\u00f6\u00e7 \u00d6yk\u00fcs\u00fc, yaln\u0131zca tiyatro profesyonellerinin de\u011fil herkesin b\u00fcy\u00fck heyecan duyarak okuyaca\u011f\u0131, olaylar\u0131 ve karakterleri zihninde kolayca canland\u0131r\u0131p izleyece\u011fi iki bin y\u0131ll\u0131k bir d\u00fcnyaya giri\u015f davetiyesi niteli\u011finde.T\u00fcrkolog ve tarih\u00e7i Dr. Adalet Ergenekon\u2019un ilk bas\u0131m\u0131 1978\u2019de, \u00fc\u00e7\u00fcnc\u00fc bas\u0131m\u0131Nisan 2021\u2019de ger\u00e7ekle\u015fen roman\u0131 Tuyu-Kunlar bu kez Selda\u011f \u00d6zalp\u2019le birlikte yaz\u0131lm\u0131\u015f tiyatro oyunu olarak okurlarla bulu\u015fuyor. \u0130ki perdelik tarihsel drama Tuyu-Kunlar \/ Bir T\u00fcrk Kabilesinin G\u00f6\u00e7 \u00d6yk\u00fcs\u00fc, atalar\u0131m\u0131z\u0131n devletle\u015fme s\u00fcrecindeki bir yol ayr\u0131m\u0131na tarihsel ve sanatsal a\u00e7\u0131dan odaklanan, \u201cdevlet ana\u201dn\u0131n do\u011fum sanc\u0131lar\u0131na yo\u011funla\u015fan, T\u00fcrklerin \u0130slamiyet \u00f6ncesi ya\u015fam\u0131na ve do\u011fayla ili\u015fkilerine bakan heyecan verici bir tiyatro eseri. Ergenekon ve \u00d6zalp, T\u00fcrk tarihinin \u201cge\u00e7itlerinden\u201d birini, yal\u0131n ve ak\u0131c\u0131 anlat\u0131mla, okurun kendisini bir \u201c\u00f6n-seyirci\u201d olarak hissedece\u011fi bir yap\u0131 kurarak sahneye ta\u015f\u0131yorlar. Tuyu-Kunlar \/ Bir T\u00fcrk Kabilesinin G\u00f6\u00e7 \u00d6yk\u00fcs\u00fc, yaln\u0131zca tiyatro profesyonellerinin de\u011fil herkesin b\u00fcy\u00fck heyecan duyarak okuyaca\u011f\u0131, olaylar\u0131 ve karakterleri zihninde kolayca canland\u0131r\u0131p izleyece\u011fi iki bin y\u0131ll\u0131k bir d\u00fcnyaya giri\u015f davetiyesi niteli\u011finde.<\/p>\n","protected":false},"excerpt":{"rendered":"<p>T\u00fcrkolog ve tarih\u00e7i Dr. Adalet Ergenekon\u2019un ilk bas\u0131m\u0131 1978\u2019de, \u00fc\u00e7\u00fcnc\u00fc bas\u0131m\u0131 Nisan 2021\u2019de ger\u00e7ekle\u015fen roman\u0131 Tuyu-Kunlar bu kez Selda\u011f \u00d6zalp\u2019le birlikte yaz\u0131lm\u0131\u015f tiyatro oyunu olarak okurlarla<span class=\"excerpt-hellip\"> [\u2026]<\/span><\/p>\n","protected":false},"featured_media":0,"template":"","meta":{"_monsterinsights_skip_tracking":false,"_monsterinsights_sitenote_active":false,"_monsterinsights_sitenote_note":"","_monsterinsights_sitenote_category":0},"product_brand":[],"product_cat":[12409,12408],"product_tag":[],"class_list":{"0":"post-733587","1":"product","2":"type-product","3":"status-publish","5":"product_cat-fotograf-sinema-tiyatro","6":"product_cat-sanat","7":"pa_cilt-ciltsiz","8":"pa_tur-kitap","9":"pa_yayinevi-uyum-yayinlari","10":"pa_yazar-adalet-ergenekon-seldag-ozalp","12":"first","13":"instock","14":"sale","15":"shipping-taxable","16":"purchasable","17":"product-type-simple"},"_links":{"self":[{"href":"https:\/\/roveyayinevi.com.tr\/index.php\/wp-json\/wp\/v2\/product\/733587","targetHints":{"allow":["GET"]}}],"collection":[{"href":"https:\/\/roveyayinevi.com.tr\/index.php\/wp-json\/wp\/v2\/product"}],"about":[{"href":"https:\/\/roveyayinevi.com.tr\/index.php\/wp-json\/wp\/v2\/types\/product"}],"wp:attachment":[{"href":"https:\/\/roveyayinevi.com.tr\/index.php\/wp-json\/wp\/v2\/media?parent=733587"}],"wp:term":[{"taxonomy":"product_brand","embeddable":true,"href":"https:\/\/roveyayinevi.com.tr\/index.php\/wp-json\/wp\/v2\/product_brand?post=733587"},{"taxonomy":"product_cat","embeddable":true,"href":"https:\/\/roveyayinevi.com.tr\/index.php\/wp-json\/wp\/v2\/product_cat?post=733587"},{"taxonomy":"product_tag","embeddable":true,"href":"https:\/\/roveyayinevi.com.tr\/index.php\/wp-json\/wp\/v2\/product_tag?post=733587"}],"curies":[{"name":"wp","href":"https:\/\/api.w.org\/{rel}","templated":true}]}}