{"id":733584,"date":"2025-08-27T22:12:43","date_gmt":"2025-08-27T19:12:43","guid":{"rendered":"https:\/\/roveyayinevi.com.tr\/index.php\/urun\/blacksad-2-cilt-arktik-irk\/"},"modified":"2026-04-16T02:41:32","modified_gmt":"2026-04-15T23:41:32","slug":"blacksad-2-cilt-arktik-irk","status":"publish","type":"product","link":"https:\/\/roveyayinevi.com.tr\/index.php\/urun\/blacksad-2-cilt-arktik-irk\/","title":{"rendered":"Blacksad 2.Cilt &#8211; Arktik Irk"},"content":{"rendered":"<p>Blacksad d\u00fcnyada ilk kez yay\u0131mland\u0131\u011f\u0131 2000 y\u0131l\u0131ndan beri pek \u00e7ok dilde yay\u0131mland\u0131 ve \u00fclkemizde de ilgi g\u00f6rd\u00fc. YKY taraf\u0131ndan ciltli bask\u0131lar\u0131 ilk kez 2011 y\u0131l\u0131nda yay\u0131mlanan bu k\u00fclt polisiye dizi karton kapakl\u0131 yeni bask\u0131lar\u0131yla yeniden raflarda yerini al\u0131yor. \u015eehrin ileri gelenlerinden Oldsmill bir beyaz kapland\u0131r, polis \u015fefi Karup ise bir kutup ay\u0131s\u0131d\u0131r. Kendileri gibi beyaz k\u00fcrkl\u00fc di\u011fer hayvanlarla birlikte Beyaz Anglo-Sakson Protestan toplulu\u011funun bir par\u00e7as\u0131d\u0131rlar ve kara saksa\u011fandan, k\u0131z\u0131l tilkiye, tekir kediden kahverengi marala, k\u00fcrk\u00fc lekesiz olmayan b\u00fct\u00fcn di\u011fer hayvanlar\u0131 hor g\u00f6r\u00fcrler. \u00d6zel dedektif Blacksad ise bu naho\u015f ve gergin ortamda ortadan kaybolan bir \u00e7ocu\u011fun izini s\u00fcrmektedir. John bu k\u00f6rd\u00fc\u011f\u00fcm\u00fc \u00e7\u00f6zmek i\u00e7in gerekti\u011finde pen\u00e7elerini kullanmaktan \u00e7ekinmeyecektir. Juan D\u00edaz Canales ve Juanjo Guarnido\u2019nun yaratt\u0131\u011f\u0131 bu m\u00fcthi\u015f \u00e7izgi roman serisi 2013\u2019te iki dalda Eisner \u00d6d\u00fcl\u00fc kazand\u0131 ve Angoul\u00eame En \u0130yi \u0130ll\u00fcstrasyon \u00d6d\u00fcl\u00fc de dahil olmak \u00fczere pek \u00e7ok \u00f6d\u00fcl ald\u0131. <\/p>\n","protected":false},"excerpt":{"rendered":"<p>Blacksad d\u00fcnyada ilk kez yay\u0131mland\u0131\u011f\u0131 2000 y\u0131l\u0131ndan beri pek \u00e7ok dilde yay\u0131mland\u0131 ve \u00fclkemizde de ilgi g\u00f6rd\u00fc. YKY taraf\u0131ndan ciltli bask\u0131lar\u0131 ilk kez 2011 y\u0131l\u0131nda yay\u0131mlanan<span class=\"excerpt-hellip\"> [\u2026]<\/span><\/p>\n","protected":false},"featured_media":0,"template":"","meta":{"_monsterinsights_skip_tracking":false,"_monsterinsights_sitenote_active":false,"_monsterinsights_sitenote_note":"","_monsterinsights_sitenote_category":0},"product_brand":[],"product_cat":[12689,12274],"product_tag":[],"class_list":{"0":"post-733584","1":"product","2":"type-product","3":"status-publish","5":"product_cat-cizgi-roman-cocuk-ve-genclik-kitaplari","6":"product_cat-cocuk-ve-genclik-kitaplari","7":"pa_cilt-ciltsiz","8":"pa_tur-kitap","9":"pa_yayinevi-yapi-kredi-yayinlari","10":"pa_yazar-juan-diaz-canales","12":"first","13":"instock","14":"sale","15":"shipping-taxable","16":"purchasable","17":"product-type-simple"},"_links":{"self":[{"href":"https:\/\/roveyayinevi.com.tr\/index.php\/wp-json\/wp\/v2\/product\/733584","targetHints":{"allow":["GET"]}}],"collection":[{"href":"https:\/\/roveyayinevi.com.tr\/index.php\/wp-json\/wp\/v2\/product"}],"about":[{"href":"https:\/\/roveyayinevi.com.tr\/index.php\/wp-json\/wp\/v2\/types\/product"}],"wp:attachment":[{"href":"https:\/\/roveyayinevi.com.tr\/index.php\/wp-json\/wp\/v2\/media?parent=733584"}],"wp:term":[{"taxonomy":"product_brand","embeddable":true,"href":"https:\/\/roveyayinevi.com.tr\/index.php\/wp-json\/wp\/v2\/product_brand?post=733584"},{"taxonomy":"product_cat","embeddable":true,"href":"https:\/\/roveyayinevi.com.tr\/index.php\/wp-json\/wp\/v2\/product_cat?post=733584"},{"taxonomy":"product_tag","embeddable":true,"href":"https:\/\/roveyayinevi.com.tr\/index.php\/wp-json\/wp\/v2\/product_tag?post=733584"}],"curies":[{"name":"wp","href":"https:\/\/api.w.org\/{rel}","templated":true}]}}