{"id":733583,"date":"2025-08-27T22:12:42","date_gmt":"2025-08-27T19:12:42","guid":{"rendered":"https:\/\/roveyayinevi.com.tr\/index.php\/urun\/sanat-dunyamiz-184-eylul-ekim-2021\/"},"modified":"2026-04-16T02:41:32","modified_gmt":"2026-04-15T23:41:32","slug":"sanat-dunyamiz-184-eylul-ekim-2021","status":"publish","type":"product","link":"https:\/\/roveyayinevi.com.tr\/index.php\/urun\/sanat-dunyamiz-184-eylul-ekim-2021\/","title":{"rendered":"Sanat D\u00fcnyam\u0131z 184 \/ Eyl\u00fcl &#8211; Ekim 2021"},"content":{"rendered":"<p>\u201cSanat D\u00fcnyam\u0131z\u201d  dergisinin 184. say\u0131s\u0131 \u00e7\u0131kt\u0131! Sanat D\u00fcnyam\u0131z dergisinin 184. say\u0131s\u0131 yay\u0131mland\u0131. Dergi, bu say\u0131s\u0131nda sezonun \u00f6ne \u00e7\u0131kan sergilerinden sanat tarihinin gizli kalm\u0131\u015f k\u0131s\u0131mlar\u0131na, pop\u00fcler k\u00fclt\u00fcr tarihinden ele\u015ftiri yaz\u0131lar\u0131na, sanat\u0131n farkl\u0131 y\u00f6nlerini g\u00fc\u00e7l\u00fc yaz\u0131larla ele al\u0131yor. Derginin Ajanda b\u00f6l\u00fcm\u00fc ise iki yeni \u00e7izimiyle birlikte Taner Ceylan\u2019\u0131n \u00f6nerilerine emanet. Derginin kapa\u011f\u0131nda Arter\u2019de 16 Eyl\u00fcl\u2019den itibaren sergilenecek ve Cande\u011fer Furtun\u2019un 60 y\u0131ll\u0131k sanat ya\u015fam\u0131n\u0131 g\u00f6zler \u00f6n\u00fcne serecek retrospektif sergisi yer al\u0131yor. Gencay Altay retrospektif sergi \u00fczerine yaz\u0131s\u0131nda sanat\u00e7\u0131n\u0131n ya\u015fam\u0131n\u0131 ve eserlerini inceliyor. Sak\u0131p Sabanc\u0131 M\u00fczesi\u2019ndeki \u201cTanzimat\u2019tan Cumhuriyet\u2019e: Ressam Hocalar\u0131n Ressam \u00d6\u011frencileri\u201d sergisi \u00fczerine Sezen \u00dcnl\u00fc\u00f6nen\u2019in kaleme ald\u0131\u011f\u0131 bir ele\u015ftiri yaz\u0131s\u0131, Volkan Aslan\u2019\u0131n \u201cSa\u011fl\u0131cakla Kal\u201d sergisi \u00fczerine Elif Kam\u0131\u015fl\u0131\u2019n\u0131n denemesi, 3. Autostrada Bienali \u00fczerine \u00c7elenk Bafra\u2019n\u0131n bir yaz\u0131s\u0131 okurlar\u0131 bekliyor. Eyl\u00fcl ay\u0131nda ki\u015fisel sergileriyle izleyiciyle bulu\u015fmaya haz\u0131rlanan Ahmet \u00d6\u011f\u00fct, Dorian Sar\u0131, Sel\u00e7uk Demirel\u2019in ve Pera M\u00fczesi\u2019nde \u201cY\u00fczle\u015fme\u201d sergisinin k\u00fcrat\u00f6rl\u00fc\u011f\u00fcn\u00fc \u00fcstlenen Marcus Graf\u2019\u0131n s\u00f6yle\u015fileri de dergide yer buluyor. Beyrut\u2019ta 2016\u2019dan bu yana faaliyet g\u00f6steren sanat merkezi Dar El-Nimer\u2019in e\u015f direkt\u00f6rleri Lama Koubrously ve Maha Kobeissy ise Ebru Esra Sat\u0131c\u0131\u2019ya verdikleri s\u00f6yle\u015fide \u2018sanat\u0131n hayatta kalma yollar\u0131\u2019n\u0131 anlat\u0131yor.  \u0130lker Hepkaner yak\u0131n tarihten \u2018gazinolar\u2019\u0131 ve e\u011flence k\u00fclt\u00fcr\u00fcn\u00fcn de\u011fi\u015fimini de\u011ferlendirdi\u011fi yaz\u0131s\u0131yla dergide. Derya Say\u0131n ise Yap\u0131 Kredi M\u00fczesi Sikke Koleksiyonu\u2019ndan se\u00e7ti\u011fi par\u00e7alar \u00fczerinden kad\u0131nlar\u0131n mitolojide ve Antik d\u00f6nemdeki temsillerini sorguluyor. Sanat\u00e7\u0131 Huo Rf her say\u0131 iki sanat\u00e7\u0131n\u0131n bir kavram \u00fczerine s\u00f6yle\u015fisine yer verdi\u011fi Hisler \/ Kar\u015f\u0131la\u015fmalar \/ Kesi\u015fmeler s\u00f6yle\u015fi serisinin d\u00f6rd\u00fcnc\u00fcs\u00fcnde Neslihan Ba\u015fer ve Handan B\u00f6rt\u00fc\u00e7ene\u2019yi sessizlik kavram\u0131yla bulu\u015fturuyor. \u015eehri bir performans alan\u0131na \u00e7eviren Remote Istanbul \u00fczerine \u015e\u00fckran \u00c7akmak\u2019\u0131n izlenim yaz\u0131s\u0131 ise derginin +\u0130z b\u00f6l\u00fcm\u00fcnde. <\/p>\n","protected":false},"excerpt":{"rendered":"<p>\u201cSanat D\u00fcnyam\u0131z\u201d dergisinin 184. say\u0131s\u0131 \u00e7\u0131kt\u0131! Sanat D\u00fcnyam\u0131z dergisinin 184. say\u0131s\u0131 yay\u0131mland\u0131. Dergi, bu say\u0131s\u0131nda sezonun \u00f6ne \u00e7\u0131kan sergilerinden sanat tarihinin gizli kalm\u0131\u015f k\u0131s\u0131mlar\u0131na, pop\u00fcler k\u00fclt\u00fcr<span class=\"excerpt-hellip\"> [\u2026]<\/span><\/p>\n","protected":false},"featured_media":0,"template":"","meta":{"_monsterinsights_skip_tracking":false,"_monsterinsights_sitenote_active":false,"_monsterinsights_sitenote_note":"","_monsterinsights_sitenote_category":0},"product_brand":[],"product_cat":[13527],"product_tag":[],"class_list":{"0":"post-733583","1":"product","2":"type-product","3":"status-publish","5":"product_cat-sureli-yayinlar","6":"pa_cilt-ciltsiz","7":"pa_tur-dergi","8":"pa_yayinevi-yapi-kredi-yayinlari-dergi","9":"pa_yazar-yapi-kredi-yayinlari-dergi-kolektif","11":"first","12":"instock","13":"sale","14":"shipping-taxable","15":"purchasable","16":"product-type-simple"},"_links":{"self":[{"href":"https:\/\/roveyayinevi.com.tr\/index.php\/wp-json\/wp\/v2\/product\/733583","targetHints":{"allow":["GET"]}}],"collection":[{"href":"https:\/\/roveyayinevi.com.tr\/index.php\/wp-json\/wp\/v2\/product"}],"about":[{"href":"https:\/\/roveyayinevi.com.tr\/index.php\/wp-json\/wp\/v2\/types\/product"}],"wp:attachment":[{"href":"https:\/\/roveyayinevi.com.tr\/index.php\/wp-json\/wp\/v2\/media?parent=733583"}],"wp:term":[{"taxonomy":"product_brand","embeddable":true,"href":"https:\/\/roveyayinevi.com.tr\/index.php\/wp-json\/wp\/v2\/product_brand?post=733583"},{"taxonomy":"product_cat","embeddable":true,"href":"https:\/\/roveyayinevi.com.tr\/index.php\/wp-json\/wp\/v2\/product_cat?post=733583"},{"taxonomy":"product_tag","embeddable":true,"href":"https:\/\/roveyayinevi.com.tr\/index.php\/wp-json\/wp\/v2\/product_tag?post=733583"}],"curies":[{"name":"wp","href":"https:\/\/api.w.org\/{rel}","templated":true}]}}