{"id":733428,"date":"2025-08-27T22:09:29","date_gmt":"2025-08-27T19:09:29","guid":{"rendered":"https:\/\/roveyayinevi.com.tr\/index.php\/urun\/sayi-duyusu\/"},"modified":"2026-04-16T02:41:28","modified_gmt":"2026-04-15T23:41:28","slug":"sayi-duyusu","status":"publish","type":"product","link":"https:\/\/roveyayinevi.com.tr\/index.php\/urun\/sayi-duyusu\/","title":{"rendered":"Say\u0131 Duyusu"},"content":{"rendered":"<p>Say\u0131lar ve Beyin Hakk\u0131nda Bilmek \u0130steyece\u011finiz Her \u015eey, Stanislas Dehaene\u2019\u0131n K\u0131vrak ve Merak Uyand\u0131r\u0131c\u0131 Beyninden S\u00fcz\u00fclm\u00fc\u015f Halde\u2026\u0130nsan beyninin matematik i\u015flemleri nas\u0131l ger\u00e7ekle\u015ftirdi\u011fine ili\u015fkin anlay\u0131\u015f\u0131m\u0131z hen\u00fcz eksiksiz olmaktan \u00e7ok uzak olsa da son y\u0131llarda d\u00fcnyan\u0131n her k\u00f6\u015fesinden bilim insanlar\u0131 taraf\u0131ndan heyecan verici bir\u00e7ok \u00f6nemli bulu\u015fa imza at\u0131ld\u0131. \u015eimdi, Say\u0131 Duyusu kitab\u0131nda Stanislas Dehaene bu yeni ara\u015ft\u0131rmalara matematiksel zihnin ayd\u0131nlat\u0131c\u0131 ke\u015fiflerinin i\u00e7inden bir bak\u0131\u015f sunuyor. Dehaene; s\u0131\u00e7an, g\u00fcvercin, \u015fempanze gibi hayvanlar\u0131n basit matematik i\u015flemleri yapabildi\u011fi ve insan bebeklerinin de n\u00fcve halinde bir say\u0131 duyusuna sahip oldu\u011fu gibi ufuk a\u00e7\u0131c\u0131 bir ke\u015fifle ba\u015fl\u0131yor. Dehaene bu say\u0131 duyusunun, beynimizin d\u00fcnyay\u0131 kavramas\u0131 i\u00e7in renk ya da uzay alg\u0131s\u0131 kadar temel oldu\u011funu ve ayn\u0131 onlar gibi beyinde yap\u0131land\u0131\u011f\u0131n\u0131 \u00f6ne s\u00fcr\u00fcyor. Kitap ayn\u0131 zamanda aptal dehalar\u0131n ve hesap d\u00e2hilerinin benzersiz yeteneklerini \u00f6n\u00fcm\u00fcze seriyor, bizi ufak bir beyin hasar\u0131 sonucu matematiksel yeteneklerini kullan\u0131lamaz hale gelen insanlarla tan\u0131\u015ft\u0131r\u0131yor. Tek tek n\u00f6ronlar\u0131n say\u0131y\u0131 nas\u0131l kodlad\u0131\u011f\u0131 ve hesap yaparken hangi beyin b\u00f6lgelerinin aktive oldu\u011fu gibi en yeni bilgileri de kapsayan Say\u0131 Duyusu; \u00f6\u011frenmeyle, matematikle ya da zihinle ilgilenen herkesi i\u00e7ine \u00e7ekecek, k\u0131\u015fk\u0131rt\u0131c\u0131 sonu\u00e7lara var\u0131yor.\u201cBir haz\u201d &#8211; Ian Stewart, New Scientist- Say\u0131lar\u0131n \u00e7ivi yaz\u0131s\u0131yla g\u00f6steriminden, Jean Piaget\u2019nin \u00e7ocuk e\u011fitiminde a\u015famalar kuram\u0131n\u0131n neden yanl\u0131\u015f oldu\u011funa de\u011fin bir\u00e7ok farkl\u0131 konuya ili\u015fkin zengin bir kavray\u0131\u015fla tan\u0131\u015fmak ve say\u0131 duyusunda rol alan beyin b\u00f6lgelerini ke\u015ffetmek i\u00e7in Say\u0131 Duyusu\u2019nu okuyun. -The New York Times Book Review-Dehaene, son teknik ara\u015ft\u0131rmalar\u0131 son derece berrak ve s\u00fcr\u00fckleyici bir incelemeyle dokuyor. &#8211; Booklist-Stanislas Dehaene, College de France\u2019ta ders vermektedir ve INSERM\u2019de Bili\u015fsel N\u00f6rog\u00f6r\u00fcnt\u00fcleme Ara\u015ft\u0131rma Birimi\u2019nin direkt\u00f6r\u00fcd\u00fcr.<\/p>\n","protected":false},"excerpt":{"rendered":"<p>Say\u0131lar ve Beyin Hakk\u0131nda Bilmek \u0130steyece\u011finiz Her \u015eey, Stanislas Dehaene\u2019\u0131n K\u0131vrak ve Merak Uyand\u0131r\u0131c\u0131 Beyninden S\u00fcz\u00fclm\u00fc\u015f Halde\u2026\u0130nsan beyninin matematik i\u015flemleri nas\u0131l ger\u00e7ekle\u015ftirdi\u011fine ili\u015fkin anlay\u0131\u015f\u0131m\u0131z hen\u00fcz eksiksiz<span class=\"excerpt-hellip\"> [\u2026]<\/span><\/p>\n","protected":false},"featured_media":0,"template":"","meta":{"_monsterinsights_skip_tracking":false,"_monsterinsights_sitenote_active":false,"_monsterinsights_sitenote_note":"","_monsterinsights_sitenote_category":0},"product_brand":[],"product_cat":[13005,13006],"product_tag":[],"class_list":{"0":"post-733428","1":"product","2":"type-product","3":"status-publish","5":"product_cat-bilim-muhendislik","6":"product_cat-populer-bilim","7":"pa_cilt-ciltsiz","8":"pa_tur-kitap","9":"pa_yayinevi-odtu-gelistirme-vakfi-yayincilik","10":"pa_yazar-stanislas-dehaene","12":"first","13":"instock","14":"sale","15":"shipping-taxable","16":"purchasable","17":"product-type-simple"},"_links":{"self":[{"href":"https:\/\/roveyayinevi.com.tr\/index.php\/wp-json\/wp\/v2\/product\/733428","targetHints":{"allow":["GET"]}}],"collection":[{"href":"https:\/\/roveyayinevi.com.tr\/index.php\/wp-json\/wp\/v2\/product"}],"about":[{"href":"https:\/\/roveyayinevi.com.tr\/index.php\/wp-json\/wp\/v2\/types\/product"}],"wp:attachment":[{"href":"https:\/\/roveyayinevi.com.tr\/index.php\/wp-json\/wp\/v2\/media?parent=733428"}],"wp:term":[{"taxonomy":"product_brand","embeddable":true,"href":"https:\/\/roveyayinevi.com.tr\/index.php\/wp-json\/wp\/v2\/product_brand?post=733428"},{"taxonomy":"product_cat","embeddable":true,"href":"https:\/\/roveyayinevi.com.tr\/index.php\/wp-json\/wp\/v2\/product_cat?post=733428"},{"taxonomy":"product_tag","embeddable":true,"href":"https:\/\/roveyayinevi.com.tr\/index.php\/wp-json\/wp\/v2\/product_tag?post=733428"}],"curies":[{"name":"wp","href":"https:\/\/api.w.org\/{rel}","templated":true}]}}