{"id":733382,"date":"2025-08-27T22:08:39","date_gmt":"2025-08-27T19:08:39","guid":{"rendered":"https:\/\/roveyayinevi.com.tr\/index.php\/urun\/evden-ciktigimda-ciltli\/"},"modified":"2026-04-16T02:40:57","modified_gmt":"2026-04-15T23:40:57","slug":"evden-ciktigimda-ciltli","status":"publish","type":"product","link":"https:\/\/roveyayinevi.com.tr\/index.php\/urun\/evden-ciktigimda-ciltli\/","title":{"rendered":"Evden \u00c7\u0131kt\u0131\u011f\u0131mda (Ciltli)"},"content":{"rendered":"<p>Evlere s\u0131\u011fmayan sessiz bir &#8221;\u00e7\u0131\u011fl\u0131k&#8221; \u00c7ok y\u00f6nl\u00fc ve sanat\u00e7\u0131 ki\u015fili\u011fiyle tan\u0131nan Burcu Y\u0131lmaz&#8217;dan, d\u0131\u015f d\u00fcnyan\u0131n belirsizlikleri ve bilinmezliklerine kar\u015f\u0131 g\u00f6rsel bir manifesto: Evden \u00c7\u0131kt\u0131\u011f\u0131mda.2019 Tudem Edebiyat \u00d6d\u00fclleri&#8217;nde ikincilik \u00f6d\u00fcl\u00fcne de\u011fer g\u00f6r\u00fclen bu &#8221;sessiz&#8221; kitap, her ya\u015ftan okurunu, kendi g\u00fcvenli alan\u0131n\u0131n d\u0131\u015f\u0131na \u00e7\u0131k\u0131p g\u00fcnl\u00fck ya\u015fam\u0131n tekinsizli\u011fiyle y\u00fczle\u015fmek zorunda kalan bir \u00e7ocu\u011fun g\u00fcnd\u00fcz d\u00fc\u015flerine ortak ediyor.Belirli \u015feylere kar\u015f\u0131 istemsizce geli\u015ftirilen endi\u015fe ve korkular\u0131n ki\u015fiye \u00f6zel olmad\u0131\u011f\u0131na ve pek \u00e7ok insan\u0131n bu hislerle ku\u015fat\u0131labilece\u011fine vurgu yapan eser, duygu d\u00fcnyam\u0131z\u0131 olumsuz etkileyen durumlardan ar\u0131nman\u0131n yolunun empati kurabilmekten ge\u00e7ti\u011fini hat\u0131rlat\u0131yor.Evimiz en g\u00fcvenli kalemiz, s\u0131\u011f\u0131na\u011f\u0131m\u0131z&#8230;Peki ya d\u0131\u015far\u0131daki ya\u015fam? G\u00f6ky\u00fcz\u00fcn\u00fc saran bulutlar, a\u011fa\u00e7lar\u0131n dallar\u0131na konan ku\u015flar, parklar\u0131 dolduran \u00e7ocuklar.D\u0131\u015far\u0131daki hayat evdekinden farkl\u0131 ak\u0131yor; hayaller, umutlar, hevesler farkl\u0131 anlamlar kazan\u0131yor.Burcu Y\u0131lmaz&#8217;\u0131n, tek bir s\u00f6zc\u00fck dahi kullanmadan resimlerle ilmek ilmek dokudu\u011fu Evden \u00c7\u0131kt\u0131\u011f\u0131mda, Grimm Karde\u015fler&#8217;in Hansel ve Gretel&#8217;ine sayg\u0131 duru\u015funda bulunan, tekrar okumalarda bamba\u015fka ke\u015fifler ya\u015fatan, \u00e7ok katmanl\u0131 bir g\u00f6rsel anlat\u0131 sunuyor. \u0130\u00e7ine kapan\u0131k, d\u0131\u015f d\u00fcnyaya kar\u0131\u015fmaktan \u00fcrken bir \u00e7ocu\u011fun duygular\u0131n\u0131 \u00e7izgiler e\u015fli\u011finde \u00f6yk\u00fcle\u015ftiren kitap, korkularla y\u00fczle\u015fme ve cesaretini toplama hususlar\u0131nda okurlara \u00f6nemli payla\u015f\u0131mlarda bulunuyor. Sanat\u00e7\u0131n\u0131n resimlerinde hayat bulan &#8221;sessiz&#8221; s\u00f6zc\u00fckler, duygular\u0131n\u0131n ipini \u00e7eken endi\u015feli ama bir o kadar da \u00f6zg\u00fcr ruhlu bireylerin, kendilerini ger\u00e7ekle\u015ftirme ser\u00fcvenlerine k\u0131lavuzluk ediyor.Evden \u00c7\u0131kt\u0131\u011f\u0131mda, at\u0131lmas\u0131 gereken cesur ad\u0131mlar\u0131 ve deneyimlenmesi gereken ger\u00e7eklikleri dev bir d\u00fc\u015f\u00fcnce bulutu alt\u0131nda topluyor, g\u00f6\u011fe sal\u0131yor; ruhumuzu kemiren ve ad\u0131mlar\u0131m\u0131z\u0131 geri geri \u00e7eken t\u00fcm karamsarl\u0131klar\u0131 bertaraf ediyor. Hayat\u0131n getirdikleri ve g\u00f6t\u00fcrd\u00fcklerine dair fark\u0131ndal\u0131\u011f\u0131m\u0131z\u0131 art\u0131r\u0131yor.  \u00d6yleyse&#8230; bir an \u00f6nce evden \u00e7\u0131kmak i\u00e7in daha ne bekliyorsunuz?<\/p>\n","protected":false},"excerpt":{"rendered":"<p>Evlere s\u0131\u011fmayan sessiz bir &#8221;\u00e7\u0131\u011fl\u0131k&#8221; \u00c7ok y\u00f6nl\u00fc ve sanat\u00e7\u0131 ki\u015fili\u011fiyle tan\u0131nan Burcu Y\u0131lmaz&#8217;dan, d\u0131\u015f d\u00fcnyan\u0131n belirsizlikleri ve bilinmezliklerine kar\u015f\u0131 g\u00f6rsel bir manifesto: Evden \u00c7\u0131kt\u0131\u011f\u0131mda.2019 Tudem Edebiyat<span class=\"excerpt-hellip\"> [\u2026]<\/span><\/p>\n","protected":false},"featured_media":0,"template":"","meta":{"_monsterinsights_skip_tracking":false,"_monsterinsights_sitenote_active":false,"_monsterinsights_sitenote_note":"","_monsterinsights_sitenote_category":0},"product_brand":[],"product_cat":[12275,12274],"product_tag":[],"class_list":{"0":"post-733382","1":"product","2":"type-product","3":"status-publish","5":"product_cat-6-12-yas-kitaplari","6":"product_cat-cocuk-ve-genclik-kitaplari","7":"pa_cilt-ciltli","8":"pa_tur-kitap","9":"pa_yayinevi-ucanbalik-yayincilik","10":"pa_yazar-burcu-yilmaz","12":"first","13":"instock","14":"sale","15":"shipping-taxable","16":"purchasable","17":"product-type-simple"},"_links":{"self":[{"href":"https:\/\/roveyayinevi.com.tr\/index.php\/wp-json\/wp\/v2\/product\/733382","targetHints":{"allow":["GET"]}}],"collection":[{"href":"https:\/\/roveyayinevi.com.tr\/index.php\/wp-json\/wp\/v2\/product"}],"about":[{"href":"https:\/\/roveyayinevi.com.tr\/index.php\/wp-json\/wp\/v2\/types\/product"}],"wp:attachment":[{"href":"https:\/\/roveyayinevi.com.tr\/index.php\/wp-json\/wp\/v2\/media?parent=733382"}],"wp:term":[{"taxonomy":"product_brand","embeddable":true,"href":"https:\/\/roveyayinevi.com.tr\/index.php\/wp-json\/wp\/v2\/product_brand?post=733382"},{"taxonomy":"product_cat","embeddable":true,"href":"https:\/\/roveyayinevi.com.tr\/index.php\/wp-json\/wp\/v2\/product_cat?post=733382"},{"taxonomy":"product_tag","embeddable":true,"href":"https:\/\/roveyayinevi.com.tr\/index.php\/wp-json\/wp\/v2\/product_tag?post=733382"}],"curies":[{"name":"wp","href":"https:\/\/api.w.org\/{rel}","templated":true}]}}