{"id":733309,"date":"2025-08-27T22:07:28","date_gmt":"2025-08-27T19:07:28","guid":{"rendered":"https:\/\/roveyayinevi.com.tr\/index.php\/urun\/toprak-ve-ozgurluk\/"},"modified":"2026-04-16T02:40:55","modified_gmt":"2026-04-15T23:40:55","slug":"toprak-ve-ozgurluk","status":"publish","type":"product","link":"https:\/\/roveyayinevi.com.tr\/index.php\/urun\/toprak-ve-ozgurluk\/","title":{"rendered":"Toprak ve \u00d6zg\u00fcrl\u00fck"},"content":{"rendered":"<p>Vergara-Camus bu kitab\u0131nda, 21. y\u00fczy\u0131l\u0131n toplumsal m\u00fccadelelerinde farkl\u0131 m\u00fccadele bi\u00e7imleriyle g\u00fcndeme gelen Zapatista ve MST hareketlerini kar\u015f\u0131la\u015ft\u0131rarak, ge\u00e7mi\u015fin k\u00f6yl\u00fc hareketlerinin hem farkl\u0131 hem de beslendi\u011fi y\u00f6nlerini ele al\u0131yor. Bu iki hareketin beslendi\u011fi toplumsal kimliklerin devrimci, d\u00f6n\u00fc\u015ft\u00fcr\u00fcc\u00fc g\u00fcc\u00fcyle neoliberalizme kar\u015f\u0131 geli\u015ftirdi\u011fi m\u00fccadelelerini irdeliyor.Chiapas Zapatistalar\u0131 ve Brezilya&#8217;n\u0131n Topraks\u0131z \u0130\u015f\u00e7i Hareketi (MST), neoliberalizme kar\u015f\u0131 k\u00fcresel m\u00fccadelede \u00f6nemli ba\u015far\u0131lar kazand\u0131. Bu iki hareketin yirmi y\u0131l\u0131 a\u015fk\u0131n bir s\u00fcrede ger\u00e7ekle\u015ftirdikleri nedir ve bu ba\u015far\u0131lardan nas\u0131l bir alternatif toplumsal model ortaya \u00e7\u0131kabilir? Chiapas Zapatistalar\u0131 sadece neoliberalizmin topraks\u0131zla\u015ft\u0131rmas\u0131na kar\u015f\u0131 de\u011fil, ayn\u0131 zamanda Meksika\u2019n\u0131n yerlisi olan ve topraklar\u0131ndan zorla s\u00fcr\u00fclen halk\u0131n dil, k\u00fclt\u00fcr ve ya\u015famlar\u0131n\u0131 g\u00fcvence alt\u0131na almak i\u00e7in de m\u00fccadele ediyor. \u00d6zerk b\u00f6lgeler bi\u00e7imindeki \u00f6rg\u00fctlenme, kendini y\u00f6netme deneyimiyle de \u00f6ne \u00e7\u0131k\u0131yor.Brezilya&#8217;n\u0131n Topraks\u0131z \u0130\u015f\u00e7i Hareketi (MST), daha de\u011fi\u015fken bir toplumsal kesim \u00fczerinde y\u00fckseliyor. Hem topraks\u0131zla\u015ft\u0131r\u0131lan k\u00f6yl\u00fclere hem i\u015fsizle\u015ftirilen i\u015f\u00e7ilere hem de topraklar\u0131 ellerinden al\u0131nmaya \u00e7al\u0131\u015f\u0131lan k\u00f6yl\u00fclere dayan\u0131yor. M\u00fccadelelerinin en belirgin y\u00f6n\u00fc topraklar\u0131 \u201ci\u015fgal\u201d etme ve yerle\u015fme.Her iki \u00fclkedeki neoliberal model tar\u0131ma dayal\u0131 \u00fcretimi yok eden ve piyasaya dayal\u0131 ekonomik modellerin dayatarak topra\u011fa dayal\u0131 toplumsal kesimleri tasfiye edip b\u00fcy\u00fck bir y\u0131k\u0131ma yol a\u00e7\u0131yor. Topra\u011f\u0131n insana ya\u015fam\u0131 f\u0131s\u0131lday\u0131\u015f\u0131n\u0131n uyar\u0131c\u0131l\u0131\u011f\u0131 ve kendisine \u00e7eki\u015fini dile getiriyor Toprak ve \u00d6zg\u00fcrl\u00fck. Neoliberalizmin topra\u011f\u0131 ve insani ili\u015fkilerin yok edici politikalar\u0131na kar\u015f\u0131, toplumcu \u00fcretim, ekonomi ve ili\u015fki bi\u00e7iminin nas\u0131l \u00f6rg\u00fctlendi\u011fini ortaya koyuyor.Toprak ve \u00d6zg\u00fcrl\u00fck kitab\u0131 ilk kez Zapatista ve MST hareketlerini kar\u015f\u0131la\u015ft\u0131r\u0131yor. K\u00fcreselle\u015fen piyasa g\u00fc\u00e7lerine kar\u015f\u0131 direni\u015flerine \u0131\u015f\u0131k tutuyor.<\/p>\n","protected":false},"excerpt":{"rendered":"<p>Vergara-Camus bu kitab\u0131nda, 21. y\u00fczy\u0131l\u0131n toplumsal m\u00fccadelelerinde farkl\u0131 m\u00fccadele bi\u00e7imleriyle g\u00fcndeme gelen Zapatista ve MST hareketlerini kar\u015f\u0131la\u015ft\u0131rarak, ge\u00e7mi\u015fin k\u00f6yl\u00fc hareketlerinin hem farkl\u0131 hem de beslendi\u011fi y\u00f6nlerini<span class=\"excerpt-hellip\"> [\u2026]<\/span><\/p>\n","protected":false},"featured_media":0,"template":"","meta":{"_monsterinsights_skip_tracking":false,"_monsterinsights_sitenote_active":false,"_monsterinsights_sitenote_note":"","_monsterinsights_sitenote_category":0},"product_brand":[],"product_cat":[12305,12304],"product_tag":[],"class_list":{"0":"post-733309","1":"product","2":"type-product","3":"status-publish","5":"product_cat-dunya-tarihi","6":"product_cat-tarih","7":"pa_cilt-ciltsiz","8":"pa_tur-kitap","9":"pa_yayinevi-sumer-yayin","10":"pa_yazar-leandro-vergara-camus","12":"first","13":"instock","14":"sale","15":"shipping-taxable","16":"purchasable","17":"product-type-simple"},"_links":{"self":[{"href":"https:\/\/roveyayinevi.com.tr\/index.php\/wp-json\/wp\/v2\/product\/733309","targetHints":{"allow":["GET"]}}],"collection":[{"href":"https:\/\/roveyayinevi.com.tr\/index.php\/wp-json\/wp\/v2\/product"}],"about":[{"href":"https:\/\/roveyayinevi.com.tr\/index.php\/wp-json\/wp\/v2\/types\/product"}],"wp:attachment":[{"href":"https:\/\/roveyayinevi.com.tr\/index.php\/wp-json\/wp\/v2\/media?parent=733309"}],"wp:term":[{"taxonomy":"product_brand","embeddable":true,"href":"https:\/\/roveyayinevi.com.tr\/index.php\/wp-json\/wp\/v2\/product_brand?post=733309"},{"taxonomy":"product_cat","embeddable":true,"href":"https:\/\/roveyayinevi.com.tr\/index.php\/wp-json\/wp\/v2\/product_cat?post=733309"},{"taxonomy":"product_tag","embeddable":true,"href":"https:\/\/roveyayinevi.com.tr\/index.php\/wp-json\/wp\/v2\/product_tag?post=733309"}],"curies":[{"name":"wp","href":"https:\/\/api.w.org\/{rel}","templated":true}]}}