{"id":733297,"date":"2025-08-27T22:07:19","date_gmt":"2025-08-27T19:07:19","guid":{"rendered":"https:\/\/roveyayinevi.com.tr\/index.php\/urun\/anarsizm-ve-arzulari\/"},"modified":"2026-04-16T02:40:55","modified_gmt":"2026-04-15T23:40:55","slug":"anarsizm-ve-arzulari","status":"publish","type":"product","link":"https:\/\/roveyayinevi.com.tr\/index.php\/urun\/anarsizm-ve-arzulari\/","title":{"rendered":"Anar\u015fizm ve Arzular\u0131"},"content":{"rendered":"<p>Cindy Milstein\u2019\u0131n \u00e7al\u0131\u015fmas\u0131, insanl\u0131\u011f\u0131n her t\u00fcr tahakk\u00fcm ve hiyerar\u015fiden azade bir d\u00fcnyaya duydu\u011fu diren\u00e7li \u00fcmidin ifadesi olarak, herhangi bir \u00f6rg\u00fctlenmenin \u00f6tesinde var olabilen t\u00fcrde bir anar\u015fizmin a\u00e7\u0131k ve tutkulu bir ifadesi. Kitap ayn\u0131 zamanda Provo\u2019dan radikal ekolojiye ve Zapatismo\u2019ya anar\u015fizmin kat etti\u011fi pek \u00e7ok toplumsal ve k\u00fclt\u00fcrel hareket i\u00e7in de bir yol haritas\u0131 ve anar\u015fizmin radikal imgelemi cezbetme konusundaki s\u00fcregelen becerisine bir tan\u0131kl\u0131k da sunuyor. En \u00f6nemlisi de, bu kitab\u0131n, devrimi \u015fimdi ya\u015famaya, anar\u015fizmin hedefledi\u011fi gibi g\u00fcndelik hayatlar\u0131m\u0131z\u0131 e\u015fitlik\u00e7i ve m\u00fc\u015fterek eti\u011fin bir modeli haline getirmek i\u00e7in bir \u00e7a\u011fr\u0131 yap\u0131yor olu\u015fu.Silvia Federici, Caliban ve Cad\u0131\u2019n\u0131n yazar\u0131Pek \u00e7ok zorluk, karma\u015fa, \u00e7eli\u015fki ve ironi ile dolu \u00e7\u0131lg\u0131n d\u00fcnyam\u0131zda t\u00f6kezlememek hi\u00e7 de kolay de\u011fildir. E\u011fer yapaca\u011f\u0131n\u0131z tahlilleri sa\u011flam bir yere ba\u011flama aray\u0131\u015f\u0131ndaysan\u0131z, bu kitap harikulade bir ba\u015flang\u0131\u00e7 noktas\u0131. Cindy Milstein\u2019\u0131n kitab\u0131, \u00fczerinde incelikle d\u00fc\u015f\u00fcn\u00fclm\u00fc\u015f, enerjik ve \u00f6ng\u00f6r\u00fcl\u00fc ve size \u00fczerinde kafa yoraca\u011f\u0131n\u0131z tonlarca \u015fey s\u00f6yl\u00fcyor. Anar\u015fist siyasetin temel ilkeleri i\u00e7in muhte\u015fem bir ba\u015flang\u0131\u00e7 kitab\u0131.Matt Hern, Common Ground in a Liquid City kitab\u0131n\u0131n yazar\u0131<\/p>\n","protected":false},"excerpt":{"rendered":"<p>Cindy Milstein\u2019\u0131n \u00e7al\u0131\u015fmas\u0131, insanl\u0131\u011f\u0131n her t\u00fcr tahakk\u00fcm ve hiyerar\u015fiden azade bir d\u00fcnyaya duydu\u011fu diren\u00e7li \u00fcmidin ifadesi olarak, herhangi bir \u00f6rg\u00fctlenmenin \u00f6tesinde var olabilen t\u00fcrde bir anar\u015fizmin<span class=\"excerpt-hellip\"> [\u2026]<\/span><\/p>\n","protected":false},"featured_media":0,"template":"","meta":{"_monsterinsights_skip_tracking":false,"_monsterinsights_sitenote_active":false,"_monsterinsights_sitenote_note":"","_monsterinsights_sitenote_category":0},"product_brand":[],"product_cat":[12370,12304],"product_tag":[],"class_list":{"0":"post-733297","1":"product","2":"type-product","3":"status-publish","5":"product_cat-arastirma-inceleme","6":"product_cat-tarih","7":"pa_cilt-ciltsiz","8":"pa_tur-kitap","9":"pa_yayinevi-sumer-yayin","10":"pa_yazar-cindy-milstein","12":"first","13":"instock","14":"sale","15":"shipping-taxable","16":"purchasable","17":"product-type-simple"},"_links":{"self":[{"href":"https:\/\/roveyayinevi.com.tr\/index.php\/wp-json\/wp\/v2\/product\/733297","targetHints":{"allow":["GET"]}}],"collection":[{"href":"https:\/\/roveyayinevi.com.tr\/index.php\/wp-json\/wp\/v2\/product"}],"about":[{"href":"https:\/\/roveyayinevi.com.tr\/index.php\/wp-json\/wp\/v2\/types\/product"}],"wp:attachment":[{"href":"https:\/\/roveyayinevi.com.tr\/index.php\/wp-json\/wp\/v2\/media?parent=733297"}],"wp:term":[{"taxonomy":"product_brand","embeddable":true,"href":"https:\/\/roveyayinevi.com.tr\/index.php\/wp-json\/wp\/v2\/product_brand?post=733297"},{"taxonomy":"product_cat","embeddable":true,"href":"https:\/\/roveyayinevi.com.tr\/index.php\/wp-json\/wp\/v2\/product_cat?post=733297"},{"taxonomy":"product_tag","embeddable":true,"href":"https:\/\/roveyayinevi.com.tr\/index.php\/wp-json\/wp\/v2\/product_tag?post=733297"}],"curies":[{"name":"wp","href":"https:\/\/api.w.org\/{rel}","templated":true}]}}