{"id":733282,"date":"2025-08-27T22:07:05","date_gmt":"2025-08-27T19:07:05","guid":{"rendered":"https:\/\/roveyayinevi.com.tr\/index.php\/urun\/balkan-savaslarindan-sonra-bati-trakya-turklerinin-sosyo-kulturel-hayati-ve-egitim-tarihi\/"},"modified":"2026-04-16T02:40:54","modified_gmt":"2026-04-15T23:40:54","slug":"balkan-savaslarindan-sonra-bati-trakya-turklerinin-sosyo-kulturel-hayati-ve-egitim-tarihi","status":"publish","type":"product","link":"https:\/\/roveyayinevi.com.tr\/index.php\/urun\/balkan-savaslarindan-sonra-bati-trakya-turklerinin-sosyo-kulturel-hayati-ve-egitim-tarihi\/","title":{"rendered":"Balkan Sava\u015flar\u0131ndan Sonra Bat\u0131 Trakya T\u00fcrklerinin Sosyo-K\u00fclt\u00fcrel Hayat\u0131 Ve E\u011fitim Tarihi"},"content":{"rendered":"<p>Bat\u0131 Trakya T\u00fcrklerinin az\u0131nl\u0131k tarihi s\u00fcrecinde maruz kald\u0131klar\u0131 ayr\u0131mc\u0131l\u0131\u011f\u0131n bir kesitini; tarih, sosyoloji ve e\u011fitim disiplini \u00e7er\u00e7evesinde ele alan bu \u00e7al\u0131\u015fma disiplinler aras\u0131 ba\u015fka \u00e7al\u0131\u015fmalara fikir verecektir. Bundan sonra yap\u0131lacak \u00e7al\u0131\u015fmalar, bu \u00e7al\u0131\u015fmada eksik kalan ya da derinlemesine incelenmeyen hususlar\u0131n g\u00fcn y\u00fcz\u00fcne \u00e7\u0131kmas\u0131na ve okuyucuyla bulu\u015fmas\u0131na vesile olacakt\u0131r. <\/p>\n","protected":false},"excerpt":{"rendered":"<p>Bat\u0131 Trakya T\u00fcrklerinin az\u0131nl\u0131k tarihi s\u00fcrecinde maruz kald\u0131klar\u0131 ayr\u0131mc\u0131l\u0131\u011f\u0131n bir kesitini; tarih, sosyoloji ve e\u011fitim disiplini \u00e7er\u00e7evesinde ele alan bu \u00e7al\u0131\u015fma disiplinler aras\u0131 ba\u015fka \u00e7al\u0131\u015fmalara fikir<span class=\"excerpt-hellip\"> [\u2026]<\/span><\/p>\n","protected":false},"featured_media":0,"template":"","meta":{"_monsterinsights_skip_tracking":false,"_monsterinsights_sitenote_active":false,"_monsterinsights_sitenote_note":"","_monsterinsights_sitenote_category":0},"product_brand":[],"product_cat":[12370,12304],"product_tag":[],"class_list":{"0":"post-733282","1":"product","2":"type-product","3":"status-publish","5":"product_cat-arastirma-inceleme","6":"product_cat-tarih","7":"pa_cilt-ciltsiz","8":"pa_tur-kitap","9":"pa_yayinevi-biyografi-net-yayincilik","10":"pa_yazar-pervin-hayrullah","12":"first","13":"instock","14":"sale","15":"shipping-taxable","16":"purchasable","17":"product-type-simple"},"_links":{"self":[{"href":"https:\/\/roveyayinevi.com.tr\/index.php\/wp-json\/wp\/v2\/product\/733282","targetHints":{"allow":["GET"]}}],"collection":[{"href":"https:\/\/roveyayinevi.com.tr\/index.php\/wp-json\/wp\/v2\/product"}],"about":[{"href":"https:\/\/roveyayinevi.com.tr\/index.php\/wp-json\/wp\/v2\/types\/product"}],"wp:attachment":[{"href":"https:\/\/roveyayinevi.com.tr\/index.php\/wp-json\/wp\/v2\/media?parent=733282"}],"wp:term":[{"taxonomy":"product_brand","embeddable":true,"href":"https:\/\/roveyayinevi.com.tr\/index.php\/wp-json\/wp\/v2\/product_brand?post=733282"},{"taxonomy":"product_cat","embeddable":true,"href":"https:\/\/roveyayinevi.com.tr\/index.php\/wp-json\/wp\/v2\/product_cat?post=733282"},{"taxonomy":"product_tag","embeddable":true,"href":"https:\/\/roveyayinevi.com.tr\/index.php\/wp-json\/wp\/v2\/product_tag?post=733282"}],"curies":[{"name":"wp","href":"https:\/\/api.w.org\/{rel}","templated":true}]}}