{"id":733281,"date":"2025-08-27T22:07:04","date_gmt":"2025-08-27T19:07:04","guid":{"rendered":"https:\/\/roveyayinevi.com.tr\/index.php\/urun\/bir-daha-yasanmamasi-gereken-gunler\/"},"modified":"2026-04-16T02:40:54","modified_gmt":"2026-04-15T23:40:54","slug":"bir-daha-yasanmamasi-gereken-gunler","status":"publish","type":"product","link":"https:\/\/roveyayinevi.com.tr\/index.php\/urun\/bir-daha-yasanmamasi-gereken-gunler\/","title":{"rendered":"Bir Daha Ya\u015fanmamas\u0131 Gereken G\u00fcnler"},"content":{"rendered":"<p>Necip T\u00fcrk Milleti\u2019ne kar\u015f\u0131 d\u00fczenlenen emperyalist sald\u0131r\u0131lar\u0131ndan biri olan 15 Temmuz Darbe Giri\u015fimi, Allah\u2019\u0131n yard\u0131m\u0131 ve asil milletimizin \u015fanl\u0131 direni\u015fi ile defedilmi\u015f ve T\u00fcrk\u2019\u00fcn \u015eanl\u0131 tarihine alt\u0131n harflerle yaz\u0131lm\u0131\u015ft\u0131r. 15 Temmuz 2016 tarihinde T\u00fcrkiye\u2019de Fetullah\u00e7\u0131 Ter\u00f6r \u00d6rg\u00fct\u00fc (FET\u00d6) kurucusu ter\u00f6rist ba\u015f\u0131n\u0131n emir ve talimatlar\u0131yla T\u00fcrk Silahl\u0131 Kuvvetleri i\u00e7erisinde yuvalanm\u0131\u015f ter\u00f6r \u00f6rg\u00fct\u00fc mensuplar\u0131 ve onlara kat\u0131lan hain emperyalist unsurlarca silahl\u0131 bir darbeye te\u015febb\u00fcs edilmi\u015f, halk\u0131m\u0131z\u0131 bombalam\u0131\u015f, tanklarla insanlar\u0131m\u0131z\u0131 ezerek katletmi\u015fler ve halka ate\u015f a\u00e7m\u0131\u015flard\u0131r. O gece adeta \u00f6l\u00fcm\u00fc yok sayarak, korkusuzca sokaklar\u0131, meydanlar\u0131 dolduran milyonlarca T\u00fcrk insan\u0131n\u0131n i\u00e7inden, \u015fehitlik ve gazilik \u015ferefine nail olanlar, isimlerini tarihe alt\u0131n harflerle yazd\u0131rd\u0131lar. K\u0131ymetli insan, b\u00fcy\u00fck dava adam\u0131 muhterem Erol Dok\u2019un 15 Temmuz gecesi ya\u015fananlar\u0131 dile getirdi\u011fi, bizimde i\u00e7inde bulundu\u011fumuz m\u00fccadele ortam\u0131n\u0131 anlatt\u0131\u011f\u0131 bu metin tarihe \u0131\u015f\u0131k tutan en \u00f6nemli belgelerden biridir.Allah inananlar\u0131n yard\u0131mc\u0131s\u0131d\u0131r. Zafer Allah\u2019a inananlar\u0131nd\u0131r. Dr. Hamdi Vefa ALO\u011eLU G\u00f6n\u00fcllerde Birlik Vakf\u0131 Eski Genel Ba\u015fkan\u0131  <\/p>\n","protected":false},"excerpt":{"rendered":"<p>Necip T\u00fcrk Milleti\u2019ne kar\u015f\u0131 d\u00fczenlenen emperyalist sald\u0131r\u0131lar\u0131ndan biri olan 15 Temmuz Darbe Giri\u015fimi, Allah\u2019\u0131n yard\u0131m\u0131 ve asil milletimizin \u015fanl\u0131 direni\u015fi ile defedilmi\u015f ve T\u00fcrk\u2019\u00fcn \u015eanl\u0131 tarihine<span class=\"excerpt-hellip\"> [\u2026]<\/span><\/p>\n","protected":false},"featured_media":0,"template":"","meta":{"_monsterinsights_skip_tracking":false,"_monsterinsights_sitenote_active":false,"_monsterinsights_sitenote_note":"","_monsterinsights_sitenote_category":0},"product_brand":[],"product_cat":[12312,12304],"product_tag":[],"class_list":{"0":"post-733281","1":"product","2":"type-product","3":"status-publish","5":"product_cat-diger","6":"product_cat-tarih","7":"pa_cilt-ciltsiz","8":"pa_tur-kitap","9":"pa_yayinevi-biyografi-net-yayincilik","10":"pa_yazar-erol-dok","12":"first","13":"instock","14":"sale","15":"shipping-taxable","16":"purchasable","17":"product-type-simple"},"_links":{"self":[{"href":"https:\/\/roveyayinevi.com.tr\/index.php\/wp-json\/wp\/v2\/product\/733281","targetHints":{"allow":["GET"]}}],"collection":[{"href":"https:\/\/roveyayinevi.com.tr\/index.php\/wp-json\/wp\/v2\/product"}],"about":[{"href":"https:\/\/roveyayinevi.com.tr\/index.php\/wp-json\/wp\/v2\/types\/product"}],"wp:attachment":[{"href":"https:\/\/roveyayinevi.com.tr\/index.php\/wp-json\/wp\/v2\/media?parent=733281"}],"wp:term":[{"taxonomy":"product_brand","embeddable":true,"href":"https:\/\/roveyayinevi.com.tr\/index.php\/wp-json\/wp\/v2\/product_brand?post=733281"},{"taxonomy":"product_cat","embeddable":true,"href":"https:\/\/roveyayinevi.com.tr\/index.php\/wp-json\/wp\/v2\/product_cat?post=733281"},{"taxonomy":"product_tag","embeddable":true,"href":"https:\/\/roveyayinevi.com.tr\/index.php\/wp-json\/wp\/v2\/product_tag?post=733281"}],"curies":[{"name":"wp","href":"https:\/\/api.w.org\/{rel}","templated":true}]}}