{"id":733223,"date":"2025-08-27T22:05:32","date_gmt":"2025-08-27T19:05:32","guid":{"rendered":"https:\/\/roveyayinevi.com.tr\/index.php\/urun\/tanrisiz-genclik\/"},"modified":"2026-04-16T02:40:53","modified_gmt":"2026-04-15T23:40:53","slug":"tanrisiz-genclik","status":"publish","type":"product","link":"https:\/\/roveyayinevi.com.tr\/index.php\/urun\/tanrisiz-genclik\/","title":{"rendered":"Tanr\u0131s\u0131z Gen\u00e7lik"},"content":{"rendered":"<p>\u00d6d\u00f6n von Horv\u00e1th, 1937\u2019de yay\u0131mlanan Tanr\u0131s\u0131z Gen\u00e7lik\u2019te, fa\u015fizmin yol a\u00e7t\u0131\u011f\u0131 ahlaki \u00e7\u00f6k\u00fcnt\u00fcy\u00fc ergenlik \u00e7a\u011f\u0131ndaki bir grup gen\u00e7 \u00fczerinden anlat\u0131r. Roman\u0131n ba\u015fl\u0131\u011f\u0131, Nazi Almanya\u2019s\u0131n\u0131n itaat etmek \u00fczere yeti\u015ftirilmi\u015f; \u0131rk\u00e7\u0131l\u0131\u011f\u0131, nefreti ve militarizmi i\u00e7selle\u015ftirmi\u015f gen\u00e7lerine at\u0131fta bulunur. Ba\u011f\u0131ms\u0131z d\u00fc\u015f\u00fcnceden, empatiden ve medeni cesaretten nasibini almam\u0131\u015f bu ruhsuz varl\u0131klar, sava\u015fta \u015fanl\u0131 zafer ve hamaset d\u00fc\u015fleri kurmaktad\u0131r. Tanr\u0131 ve hakikat ile zaman\u0131n ruhu ve bar\u0131nd\u0131rd\u0131\u011f\u0131 yalanlar aras\u0131ndaki tezat, roman\u0131n ana izle\u011fini olu\u015fturur. Karakterler iki gruba ayr\u0131lm\u0131\u015ft\u0131r: H\u0131ristiyanl\u0131\u011f\u0131n ve h\u00fcmanizmin de\u011ferlerinin ge\u00e7erlili\u011fini korudu\u011fu eski d\u00fczenden yana olanlar ile Nasyonal Sosyalist yeni d\u00fczenin taraftarlar\u0131. \u0130lk grupta yer alan ve roman\u0131n anlat\u0131c\u0131s\u0131 olan \u00f6\u011fretmen, ba\u015flang\u0131\u00e7ta ekme\u011finden olma korkusuyla ahlaki de\u011ferlerini savunmaya \u00e7ekinen bir oport\u00fcnisttir. Birinci D\u00fcnya Sava\u015f\u0131 s\u0131ras\u0131nda Tanr\u0131\u2019ya inanc\u0131n\u0131 yitirmi\u015ftir. Ancak zaman i\u00e7inde vicdan\u0131n\u0131n sesine kulak vererek hakikatin \u00fcst\u00fcn gelmesi i\u00e7in \u00e7al\u0131\u015f\u0131rken Tanr\u0131\u2019y\u0131 yeniden bulur. <\/p>\n","protected":false},"excerpt":{"rendered":"<p>\u00d6d\u00f6n von Horv\u00e1th, 1937\u2019de yay\u0131mlanan Tanr\u0131s\u0131z Gen\u00e7lik\u2019te, fa\u015fizmin yol a\u00e7t\u0131\u011f\u0131 ahlaki \u00e7\u00f6k\u00fcnt\u00fcy\u00fc ergenlik \u00e7a\u011f\u0131ndaki bir grup gen\u00e7 \u00fczerinden anlat\u0131r. Roman\u0131n ba\u015fl\u0131\u011f\u0131, Nazi Almanya\u2019s\u0131n\u0131n itaat etmek \u00fczere<span class=\"excerpt-hellip\"> [\u2026]<\/span><\/p>\n","protected":false},"featured_media":0,"template":"","meta":{"_monsterinsights_skip_tracking":false,"_monsterinsights_sitenote_active":false,"_monsterinsights_sitenote_note":"","_monsterinsights_sitenote_category":0},"product_brand":[],"product_cat":[12291,26797],"product_tag":[],"class_list":{"0":"post-733223","1":"product","2":"type-product","3":"status-publish","5":"product_cat-edebiyat","6":"product_cat-modern-klasikler","7":"pa_cilt-ciltsiz","8":"pa_tur-kitap","9":"pa_yayinevi-is-bankasi-kultur-yayinlari","10":"pa_yazar-odon-von-horvath","12":"first","13":"instock","14":"sale","15":"shipping-taxable","16":"purchasable","17":"product-type-simple"},"_links":{"self":[{"href":"https:\/\/roveyayinevi.com.tr\/index.php\/wp-json\/wp\/v2\/product\/733223","targetHints":{"allow":["GET"]}}],"collection":[{"href":"https:\/\/roveyayinevi.com.tr\/index.php\/wp-json\/wp\/v2\/product"}],"about":[{"href":"https:\/\/roveyayinevi.com.tr\/index.php\/wp-json\/wp\/v2\/types\/product"}],"wp:attachment":[{"href":"https:\/\/roveyayinevi.com.tr\/index.php\/wp-json\/wp\/v2\/media?parent=733223"}],"wp:term":[{"taxonomy":"product_brand","embeddable":true,"href":"https:\/\/roveyayinevi.com.tr\/index.php\/wp-json\/wp\/v2\/product_brand?post=733223"},{"taxonomy":"product_cat","embeddable":true,"href":"https:\/\/roveyayinevi.com.tr\/index.php\/wp-json\/wp\/v2\/product_cat?post=733223"},{"taxonomy":"product_tag","embeddable":true,"href":"https:\/\/roveyayinevi.com.tr\/index.php\/wp-json\/wp\/v2\/product_tag?post=733223"}],"curies":[{"name":"wp","href":"https:\/\/api.w.org\/{rel}","templated":true}]}}