{"id":733220,"date":"2025-08-27T22:05:29","date_gmt":"2025-08-27T19:05:29","guid":{"rendered":"https:\/\/roveyayinevi.com.tr\/index.php\/urun\/heinz-guderian\/"},"modified":"2026-04-16T02:40:53","modified_gmt":"2026-04-15T23:40:53","slug":"heinz-guderian","status":"publish","type":"product","link":"https:\/\/roveyayinevi.com.tr\/index.php\/urun\/heinz-guderian\/","title":{"rendered":"Heinz Guderian"},"content":{"rendered":"<p>HEINZ GUDERIAN OSPREY B\u00fcy\u00fck Komutanlar Serisi 7Tarihin en b\u00fcy\u00fck komutanlar\u0131n\u0131n ya\u015fam \u00f6yk\u00fcleri, muharebe tecr\u00fcbeleri, uygulad\u0131klar\u0131 taktikler ve stratejiler\u2026 D\u00fcnya tarihinin en b\u00fcy\u00fck komutanlar\u0131n\u0131 t\u00fcm y\u00f6nleriyle inceleyen OSPREY B\u00fcy\u00fck Komutanlar Serisi, Heinz Guderian ile devam ediyor\u2026 Gen\u00e7 Heinz, 13 ya\u015f\u0131nda subay olmaya karar verdi\u011finde \u0130kinci D\u00fcnya Sava\u015f\u0131\u2019n\u0131n en \u015f\u00f6hretli tank komutanlar\u0131ndan biri olaca\u011f\u0131n\u0131 tahmin edemezdi elbette. Asker bir baban\u0131n o\u011flu olarak d\u00fcnyaya gelen Heinz Guderian\u2019\u0131n orduya kat\u0131lmas\u0131 s\u00fcrpriz olmad\u0131. Birinci D\u00fcnya Sava\u015f\u0131 s\u00fcrecinde muhabere ve telsiz ileti\u015fimi konusunda kendini yeti\u015ftiren ve d\u00f6rt ba\u015f\u0131 mamur bir kararg\u00e2h subay\u0131 olma azmiyle didinen Guderian, iki sava\u015f aras\u0131 d\u00f6nemde z\u0131rhl\u0131 birlik sava\u015f\u0131n\u0131n geli\u015fimi \u00fczerine derinlemesine \u00e7al\u0131\u015ft\u0131. \u0130kinci D\u00fcnya Sava\u015f\u0131\u2019n\u0131n ba\u015f\u0131nda ise \u00f6nce Polonya\u2019da, ard\u0131ndan da Fransa\u2019da k\u0131talar\u0131 ba\u015far\u0131yla sevk ve idare etti. Guderian sava\u015f\u0131n bu d\u00f6neminde sergiledi\u011fi performansla yaln\u0131zca becerikli bir kurmay subay de\u011fil ayn\u0131 zamanda y\u0131rt\u0131c\u0131 bir arazi komutan\u0131 oldu\u011funu da kan\u0131tlad\u0131. Bunun \u00fczerine emrindeki birlikler gelmi\u015f ge\u00e7mi\u015f en b\u00fcy\u00fck i\u015fgal giri\u015fimi olan Barbarossa Harek\u00e2t\u0131\u2019ndan \u00f6nce Panzergruppe seviyesine y\u00fckseltildi. Harek\u00e2t\u0131n ba\u015flamas\u0131yla birlikte Guderian\u2019\u0131n zincirlerini sal\u0131verdi\u011fi Alman tanklar\u0131 \u00e2deta a\u00e7 kurtlar gibi Rusya\u2019n\u0131n engin topraklar\u0131na at\u0131ld\u0131 ancak 1941\u2019in sonlar\u0131na do\u011fru sava\u015f\u0131n ba\u015f\u0131ndan beri s\u00fcrd\u00fcr\u00fclen taarruz ivmesi yava\u015flama emareleri g\u00f6steriyordu. Guderian\u2019\u0131n askerlerini yitirmek istemedi\u011fi i\u00e7in Hitler\u2019in emirlerini dinlemeyip geri \u00e7ekilmesi ve bu y\u00fczden Hitler taraf\u0131ndan g\u00f6revden al\u0131nmas\u0131 da bu d\u00f6neme denk gelir. Ancak Guderian i\u00e7in belki de hen\u00fcz her \u015fey yeni ba\u015fl\u0131yordu. \u0130\u015flerin zora girdi\u011fi Mart 1943\u2019te Z\u0131rhl\u0131 Birlikler Genel M\u00fcfetti\u015fi olarak g\u00f6revlendirilen kurt generalden \u00e7ok hayati bir talepte bulunuldu: \u00c7orak Rus topraklar\u0131nda h\u0131rpalan\u0131p bitap d\u00fc\u015fen Alman panzerlerini eski g\u00f6rkemine kavu\u015fturmak. Bu hedef u\u011furuna \u00e7ok b\u00fcy\u00fck yetkilerle donat\u0131lan Guderian derhal kollar\u0131 s\u0131vay\u0131p i\u015fe koyuldu fakat ge\u00e7en d\u00f6rt y\u0131lda pek az \u015fey eskisi gibi kalm\u0131\u015ft\u0131. Temmuz 1944\u2019te Kara Kuvvetleri Kurmay Ba\u015fkanl\u0131\u011f\u0131\u2019na da atanan Guderian o d\u00f6nemde Almanya\u2019n\u0131n en g\u00fc\u00e7l\u00fc ki\u015filerinden biri haline geldi ancak g\u00f6rkemli \u201cPanzer Generali\u201dnin bile Almanya\u2019y\u0131 bekleyen karanl\u0131k ak\u0131beti engellemek i\u00e7in yapabilece\u011fi \u00e7ok az \u015fey vard\u0131. Bu \u00e7al\u0131\u015fma Guderian\u2019\u0131n asker\u00ee ya\u015fam\u0131na derinlemesine n\u00fcfuz etmekle birlikte onun gen\u00e7li\u011fine, ba\u015far\u0131lar\u0131n\u0131n ard\u0131nda yatan ki\u015fisel \u00f6zelliklere, Erwin Rommel gibi \u201cy\u0131ld\u0131z\u201d komutanlardan ayr\u0131\u015ft\u0131\u011f\u0131 noktalara, Hitler ve Nasyonal Sosyalizm ile ili\u015fkisine ve \u201cPanzer birliklerinin babas\u0131\u201d oldu\u011fu y\u00f6n\u00fcndeki efsanenin perde arkas\u0131na odaklan\u0131yor. Guderian ger\u00e7ekten de Alman z\u0131rhl\u0131 birliklerini in\u015fa eden yeg\u00e2ne isim miydi? Bir Naziperver mi yoksa d\u00f6nemin \u015fartlar\u0131n\u0131 kendi \u00e7\u0131kar\u0131na g\u00f6re kullanan bir f\u0131rsat\u00e7\u0131 m\u0131yd\u0131? Sava\u015f\u0131n ard\u0131ndan yay\u0131mlan\u0131p y\u00fcksek sat\u0131\u015f rakamlar\u0131na ula\u015fan hat\u0131ralar\u0131nda neleri itiraf edip neleri anlatmay\u0131 \u201cgerekli g\u00f6rmedi?\u201d Resimler, g\u00f6rseller ve detayl\u0131 haritalarla desteklenen bu \u00e7al\u0131\u015fma okura belgesel havas\u0131nda bir yolculuk sunuyor.     <\/p>\n","protected":false},"excerpt":{"rendered":"<p>HEINZ GUDERIAN OSPREY B\u00fcy\u00fck Komutanlar Serisi 7Tarihin en b\u00fcy\u00fck komutanlar\u0131n\u0131n ya\u015fam \u00f6yk\u00fcleri, muharebe tecr\u00fcbeleri, uygulad\u0131klar\u0131 taktikler ve stratejiler\u2026 D\u00fcnya tarihinin en b\u00fcy\u00fck komutanlar\u0131n\u0131 t\u00fcm y\u00f6nleriyle inceleyen<span class=\"excerpt-hellip\"> [\u2026]<\/span><\/p>\n","protected":false},"featured_media":0,"template":"","meta":{"_monsterinsights_skip_tracking":false,"_monsterinsights_sitenote_active":false,"_monsterinsights_sitenote_note":"","_monsterinsights_sitenote_category":0},"product_brand":[],"product_cat":[13946,12304],"product_tag":[],"class_list":{"0":"post-733220","1":"product","2":"type-product","3":"status-publish","5":"product_cat-biyografi-otobiyografi","6":"product_cat-tarih","7":"pa_cilt-ciltsiz","8":"pa_tur-kitap","9":"pa_yayinevi-kronik-kitap","10":"pa_yazar-pier-p-battistelli","12":"first","13":"instock","14":"sale","15":"shipping-taxable","16":"purchasable","17":"product-type-simple"},"_links":{"self":[{"href":"https:\/\/roveyayinevi.com.tr\/index.php\/wp-json\/wp\/v2\/product\/733220","targetHints":{"allow":["GET"]}}],"collection":[{"href":"https:\/\/roveyayinevi.com.tr\/index.php\/wp-json\/wp\/v2\/product"}],"about":[{"href":"https:\/\/roveyayinevi.com.tr\/index.php\/wp-json\/wp\/v2\/types\/product"}],"wp:attachment":[{"href":"https:\/\/roveyayinevi.com.tr\/index.php\/wp-json\/wp\/v2\/media?parent=733220"}],"wp:term":[{"taxonomy":"product_brand","embeddable":true,"href":"https:\/\/roveyayinevi.com.tr\/index.php\/wp-json\/wp\/v2\/product_brand?post=733220"},{"taxonomy":"product_cat","embeddable":true,"href":"https:\/\/roveyayinevi.com.tr\/index.php\/wp-json\/wp\/v2\/product_cat?post=733220"},{"taxonomy":"product_tag","embeddable":true,"href":"https:\/\/roveyayinevi.com.tr\/index.php\/wp-json\/wp\/v2\/product_tag?post=733220"}],"curies":[{"name":"wp","href":"https:\/\/api.w.org\/{rel}","templated":true}]}}