{"id":733199,"date":"2025-08-27T22:05:09","date_gmt":"2025-08-27T19:05:09","guid":{"rendered":"https:\/\/roveyayinevi.com.tr\/index.php\/urun\/bizans-tarihi-2\/"},"modified":"2026-04-16T02:40:52","modified_gmt":"2026-04-15T23:40:52","slug":"bizans-tarihi-2","status":"publish","type":"product","link":"https:\/\/roveyayinevi.com.tr\/index.php\/urun\/bizans-tarihi-2\/","title":{"rendered":"Bizans Tarihi"},"content":{"rendered":"<p>Bug\u00fcne kadar, T\u00fcrkler i\u00e7in bir Bizans Tarihi yaz\u0131lamam\u0131\u015ft\u0131r. Burada, bunun sebeplerini tart\u0131\u015fmak istemiyoruz. Mevcut toplu Bizans \u0130mparatorlu\u011fu Tarihleri, T\u00fcrklerin Bizans ile olan \u00e7ok s\u0131k\u0131 ve s\u00fcrekli ili\u015fkilerini ortaya \u00e7\u0131karmaktan uzakt\u0131r. \u00d6nce, gayeleri Bizans-T\u00fcrk m\u00fcnasebetlerini ayd\u0131nlatmak de\u011fildir. Zira b\u00fct\u00fcn milletler her \u015feyden \u00f6nce kendi tarihlerini ara\u015ft\u0131r\u0131rlar. Mesela, Bizans \u0130mparatorlu\u011fu tarihleri aras\u0131nda en iyilerinden biri bulunan Vasiliev &#8216;in eseri, Rus-T\u00fcrk (Pe\u00e7enek-Kuman) devri hadiselerini \u00e7ok etrafl\u0131 olarak ortaya koydu\u011fu halde, Osmanl\u0131-Bizans m\u00fcnasebetleri hakk\u0131nda \u00e7ok yetersizdir. Ostrogorsky i\u00e7in de durum ayn\u0131d\u0131r. Sonra, bu bir ihtisas meselesidir. Bilindi\u011fi \u00fczere, her ara\u015ft\u0131r\u0131c\u0131dan b\u00fct\u00fcn problemleri ayd\u0131nlatmas\u0131 beklenemez. Zira formasyonu buna m\u00fcsait de\u011fildir. Bin y\u0131ldan fazla s\u00fcren Bizans \u0130mparatorlu\u011fu tarihinin her devresi \u00fczerinde ayn\u0131 derecede ihtisasla\u015fmak da m\u00fcmk\u00fcn de\u011fildir. Di\u011fer taraftan, bir Bizans tarihi yazman\u0131n da \u00e7ok kolay yollan vard\u0131r. Bizde, \u00e7o\u011fu zaman yap\u0131ld\u0131\u011f\u0131 gibi, mevcut ara\u015ft\u0131rmalardan gerekli al\u0131nt\u0131larla yeni bir eser de meydana getirilebilir. Lakin hem T\u00fcrk-Bizans m\u00fcnasebetlerini \u00e7ok iyi ayd\u0131nlatmak hem de modem olmak, yani en yeni ara\u015ft\u0131rmalardan faydalanmak istendi\u011fi zaman, burada her \u015feyden \u00f6nce ihtisasa ve ayn\u0131 zamanda geni\u015f bir tarih k\u00fclt\u00fcr\u00fcne ihtiya\u00e7 vard\u0131r. Biz, bu sonuncu ve hi\u00e7 de kolay olmayan yolu se\u00e7ti\u011fimizden i\u015fi ciddiye ald\u0131k ve Voltaire&#8217;in dedi\u011fi gibi, Tarih yapm\u0131\u015f, fakat tarihini yazmay\u0131 ihmal etmi\u015f olan aziz milletimizin bo\u015f b\u0131rakt\u0131\u011f\u0131 bu \u00e7ok m\u00fchim sahada biraz yard\u0131mc\u0131 olmay\u0131 d\u00fc\u015f\u00fcnd\u00fck. Bunu yaparken en iyi rehberimiz, merhum hocam Macar \u00e2limi Gyula Moravcsik&#8217;in Byzantinoturcica ad\u0131ndaki iki ciltlik eseridir. Fakat ara\u015ft\u0131rmalar\u0131m\u0131zda kar\u015f\u0131la\u015ft\u0131\u011f\u0131n\u0131z en b\u00fcy\u00fck g\u00fc\u00e7l\u00fck, bu saha (Bizantinoloji) ara\u015ft\u0131rmalar\u0131 bak\u0131m\u0131ndan \u00fclkemizde (kaynaklar, dergiler, yeni yay\u0131mlar) gerekli malzemenin son derece yetersiz olmas\u0131d\u0131r. Bu y\u00fczden, Budape\u015fte, Viyana, M\u00fcnih, Washington aras\u0131nda dola\u015fmak zorunda kald\u0131k. Kitab\u0131n \u00f6\u011frenciler ve ara\u015ft\u0131rmac\u0131lar i\u00e7in kaynak eser olmas\u0131n\u0131n yan\u0131nda konunun merakl\u0131lar\u0131n\u0131n da ilgisini \u00e7ekece\u011fi kanaatindeyiz. <\/p>\n","protected":false},"excerpt":{"rendered":"<p>Bug\u00fcne kadar, T\u00fcrkler i\u00e7in bir Bizans Tarihi yaz\u0131lamam\u0131\u015ft\u0131r. Burada, bunun sebeplerini tart\u0131\u015fmak istemiyoruz. Mevcut toplu Bizans \u0130mparatorlu\u011fu Tarihleri, T\u00fcrklerin Bizans ile olan \u00e7ok s\u0131k\u0131 ve s\u00fcrekli<span class=\"excerpt-hellip\"> [\u2026]<\/span><\/p>\n","protected":false},"featured_media":0,"template":"","meta":{"_monsterinsights_skip_tracking":false,"_monsterinsights_sitenote_active":false,"_monsterinsights_sitenote_note":"","_monsterinsights_sitenote_category":0},"product_brand":[],"product_cat":[12312,12304],"product_tag":[],"class_list":{"0":"post-733199","1":"product","2":"type-product","3":"status-publish","5":"product_cat-diger","6":"product_cat-tarih","7":"pa_cilt-ciltsiz","8":"pa_tur-kitap","9":"pa_yayinevi-bilge-kultur-sanat","10":"pa_yazar-serif-bastav","12":"first","13":"instock","14":"sale","15":"shipping-taxable","16":"purchasable","17":"product-type-simple"},"_links":{"self":[{"href":"https:\/\/roveyayinevi.com.tr\/index.php\/wp-json\/wp\/v2\/product\/733199","targetHints":{"allow":["GET"]}}],"collection":[{"href":"https:\/\/roveyayinevi.com.tr\/index.php\/wp-json\/wp\/v2\/product"}],"about":[{"href":"https:\/\/roveyayinevi.com.tr\/index.php\/wp-json\/wp\/v2\/types\/product"}],"wp:attachment":[{"href":"https:\/\/roveyayinevi.com.tr\/index.php\/wp-json\/wp\/v2\/media?parent=733199"}],"wp:term":[{"taxonomy":"product_brand","embeddable":true,"href":"https:\/\/roveyayinevi.com.tr\/index.php\/wp-json\/wp\/v2\/product_brand?post=733199"},{"taxonomy":"product_cat","embeddable":true,"href":"https:\/\/roveyayinevi.com.tr\/index.php\/wp-json\/wp\/v2\/product_cat?post=733199"},{"taxonomy":"product_tag","embeddable":true,"href":"https:\/\/roveyayinevi.com.tr\/index.php\/wp-json\/wp\/v2\/product_tag?post=733199"}],"curies":[{"name":"wp","href":"https:\/\/api.w.org\/{rel}","templated":true}]}}