{"id":733126,"date":"2025-08-27T22:03:59","date_gmt":"2025-08-27T19:03:59","guid":{"rendered":"https:\/\/roveyayinevi.com.tr\/index.php\/urun\/fenerli-evler\/"},"modified":"2026-04-16T02:40:51","modified_gmt":"2026-04-15T23:40:51","slug":"fenerli-evler","status":"publish","type":"product","link":"https:\/\/roveyayinevi.com.tr\/index.php\/urun\/fenerli-evler\/","title":{"rendered":"Fenerli Evler"},"content":{"rendered":"<p>T\u00fcrkiye Cumhuriyeti&#8217;nin temelleri, tan\u0131nm\u0131\u015f ya da tan\u0131nmam\u0131\u015f onlarca kahraman sayesinde at\u0131ld\u0131. Ba\u011f\u0131ms\u0131zl\u0131k m\u00fccadelesi i\u00e7in cephede g\u00f6\u011fs\u00fcn\u00fc siper edenlerin yan\u0131 s\u0131ra halk da var\u0131n\u0131 yo\u011funu ortaya koydu. E\u011fitimci Z\u00fchal \u0130zmirli ve Y\u00fccel \u0130zmirli, bu kez halk kahramanlar\u0131n\u0131n fedak\u00e2rl\u0131k \u00f6yk\u00fclerini \u00e7ocuklar i\u00e7in derledi. Tek ge\u00e7im kayna\u011f\u0131 \u00f6k\u00fcz\u00fcn\u00fc askere veren Sat\u0131 Kad\u0131n&#8217;dan Y\u0131ld\u0131r\u0131m Kemal&#8217;in vatan sevgisine, k\u0131rm\u0131z\u0131 elbiselerin hik\u00e2yesinden Fahrettin Altay&#8217;\u0131n biraz tuz, biraz karabiber an\u0131s\u0131na toplam alt\u0131 tarihi hik\u00e2ye, ge\u00e7mi\u015fi unutmamak i\u00e7in bir araya geldi. <\/p>\n","protected":false},"excerpt":{"rendered":"<p>T\u00fcrkiye Cumhuriyeti&#8217;nin temelleri, tan\u0131nm\u0131\u015f ya da tan\u0131nmam\u0131\u015f onlarca kahraman sayesinde at\u0131ld\u0131. Ba\u011f\u0131ms\u0131zl\u0131k m\u00fccadelesi i\u00e7in cephede g\u00f6\u011fs\u00fcn\u00fc siper edenlerin yan\u0131 s\u0131ra halk da var\u0131n\u0131 yo\u011funu ortaya koydu.<span class=\"excerpt-hellip\"> [\u2026]<\/span><\/p>\n","protected":false},"featured_media":0,"template":"","meta":{"_monsterinsights_skip_tracking":false,"_monsterinsights_sitenote_active":false,"_monsterinsights_sitenote_note":"","_monsterinsights_sitenote_category":0},"product_brand":[],"product_cat":[12913,12274],"product_tag":[],"class_list":{"0":"post-733126","1":"product","2":"type-product","3":"status-publish","5":"product_cat-3-6-yas-kitaplari","6":"product_cat-cocuk-ve-genclik-kitaplari","7":"pa_cilt-ciltsiz","8":"pa_tur-kitap","9":"pa_yayinevi-kirmizi-kedi-yayinevi","10":"pa_yazar-zuhal-izmirli-yucel-izmirli","12":"first","13":"instock","14":"sale","15":"shipping-taxable","16":"purchasable","17":"product-type-simple"},"_links":{"self":[{"href":"https:\/\/roveyayinevi.com.tr\/index.php\/wp-json\/wp\/v2\/product\/733126","targetHints":{"allow":["GET"]}}],"collection":[{"href":"https:\/\/roveyayinevi.com.tr\/index.php\/wp-json\/wp\/v2\/product"}],"about":[{"href":"https:\/\/roveyayinevi.com.tr\/index.php\/wp-json\/wp\/v2\/types\/product"}],"wp:attachment":[{"href":"https:\/\/roveyayinevi.com.tr\/index.php\/wp-json\/wp\/v2\/media?parent=733126"}],"wp:term":[{"taxonomy":"product_brand","embeddable":true,"href":"https:\/\/roveyayinevi.com.tr\/index.php\/wp-json\/wp\/v2\/product_brand?post=733126"},{"taxonomy":"product_cat","embeddable":true,"href":"https:\/\/roveyayinevi.com.tr\/index.php\/wp-json\/wp\/v2\/product_cat?post=733126"},{"taxonomy":"product_tag","embeddable":true,"href":"https:\/\/roveyayinevi.com.tr\/index.php\/wp-json\/wp\/v2\/product_tag?post=733126"}],"curies":[{"name":"wp","href":"https:\/\/api.w.org\/{rel}","templated":true}]}}