{"id":733023,"date":"2025-08-27T22:01:34","date_gmt":"2025-08-27T19:01:34","guid":{"rendered":"https:\/\/roveyayinevi.com.tr\/index.php\/urun\/ilkel-sanat\/"},"modified":"2026-04-16T02:40:49","modified_gmt":"2026-04-15T23:40:49","slug":"ilkel-sanat","status":"publish","type":"product","link":"https:\/\/roveyayinevi.com.tr\/index.php\/urun\/ilkel-sanat\/","title":{"rendered":"\u0130lkel Sanat"},"content":{"rendered":"<p>Elinizdeki kitap ilkel sanat\u0131n temel \u00f6zelliklerinin analizini sunmaya y\u00f6nelik bir giri\u015fimdir. \u0130nsanl\u0131k ma\u011fara duvarlar\u0131na ellerinin sil\u00fcetlerini ve av sahnelerini resmetti\u011fi ilk andan itibaren \u00e7evresini ve sahip olduklar\u0131 \u015feyleri g\u00fczelle\u015ftirmek i\u00e7in \u00e7aba harcam\u0131\u015ft\u0131r. Dolay\u0131s\u0131yla elimizdeki bulgulara dayanarak, bizim uygar toplumumuzda oldu\u011fu gibi ilkel insanlar\u0131n da g\u00fczele y\u00f6nelik bir be\u011feni duyduklar\u0131n\u0131 s\u00f6ylememiz m\u00fcmk\u00fcnd\u00fcr. Bir antropolo\u011fun tam olarak ne yapt\u0131\u011f\u0131n\u0131 d\u00fc\u015f\u00fcnecek olursak verece\u011fimiz cevap, bu soruyla kar\u015f\u0131la\u015ft\u0131\u011f\u0131m\u0131z d\u00f6neme g\u00f6re farkl\u0131l\u0131k g\u00f6sterecektir. Hem g\u00f6\u00e7men hem de Yahudi olarak, Amerika\u2019n\u0131n 19. y\u00fczy\u0131l\u0131n sonlar\u0131ndaki beyaz \u0131rk\u0131 daha \u00fcst\u00fcn g\u00f6ren evrimci antropoloji \u00e7evresinde \u00e7al\u0131\u015fmalar\u0131n\u0131 y\u00fcr\u00fcten Franz Boas\u2019a g\u00f6re antropologlar ilkel insanlar\u0131n ya\u015fant\u0131lar\u0131n\u0131n ve isteklerinin ne oldu\u011funa dair genel bir resim ortaya koyarlar. Ancak yeni k\u00fclt\u00fcrlere eri\u015filen bu d\u00f6nemde antropoloji i\u00e7in ilkel topluluklar yaln\u0131zca basit bir \u00e7al\u0131\u015fma konusudur. \u0130lk olarak Franz Boas\u2019\u0131n \u00e7al\u0131\u015fmalar\u0131nda g\u00f6rd\u00fc\u011f\u00fcm\u00fcz emik yakla\u015f\u0131m da b\u00f6yle bir ortam\u0131n sonucu olarak ortaya \u00e7\u0131kar. \u00c7\u00fcnk\u00fc Boas\u2019a g\u00f6re, ilkel insanlarla beraber ya\u015fayan birisi ilkel toplum i\u00e7indeki her bir ki\u015finin, bizim oldu\u011fumuz kadar birey oldu\u011funu g\u00f6recektir. Dolay\u0131s\u0131yla ba\u015fka bir k\u00fclt\u00fcr\u00fc tan\u0131yabilmek i\u00e7in onlara kendi kategorilerimizi dayatmamam\u0131z gerekir. Aksi halde birbirlerine ait olmayan bi\u00e7imler bir araya getirilmi\u015f olunur. \u00c7\u00fcnk\u00fc toplumlar evrimci yakla\u015f\u0131m\u0131n \u00f6ne s\u00fcrd\u00fc\u011f\u00fc gibi benzer s\u00fcre\u00e7lerden ge\u00e7erek ilerlememektedir; Franz Boas\u2019\u0131n ortaya koydu\u011fu yakla\u015f\u0131mlardan birisi de bu \u015fekilde a\u00e7\u0131klayabilece\u011fimiz k\u00fclt\u00fcrel g\u00f6reliliktir. Boas uygar ve ilkel topluluklar aras\u0131ndaki fark\u0131ysa en \u00e7arp\u0131c\u0131 \u015fekilde d\u00fc\u015f\u00fcn\u00fc\u015f bi\u00e7imleri \u00fczerinden anlatmaktad\u0131r. Ona g\u00f6re ilkel insanlar\u0131n zihinleri s\u00f6ylenegeldi\u011fi gibi sihirsel bir \u015fekilde \u00e7al\u0131\u015fmamaktad\u0131r. Ancak bu farkl\u0131l\u0131\u011f\u0131 anlamam\u0131z m\u00fcmk\u00fcn de\u011fildir. \u00c7\u00fcnk\u00fc geleneksel d\u00fc\u015f\u00fcnceler bizim medeniyetimiz \u00fczerinde, ilkel toplumlarda olmad\u0131\u011f\u0131 kadar s\u0131n\u0131rlay\u0131c\u0131 olmu\u015ftur.   <\/p>\n","protected":false},"excerpt":{"rendered":"<p>Elinizdeki kitap ilkel sanat\u0131n temel \u00f6zelliklerinin analizini sunmaya y\u00f6nelik bir giri\u015fimdir. \u0130nsanl\u0131k ma\u011fara duvarlar\u0131na ellerinin sil\u00fcetlerini ve av sahnelerini resmetti\u011fi ilk andan itibaren \u00e7evresini ve sahip<span class=\"excerpt-hellip\"> [\u2026]<\/span><\/p>\n","protected":false},"featured_media":0,"template":"","meta":{"_monsterinsights_skip_tracking":false,"_monsterinsights_sitenote_active":false,"_monsterinsights_sitenote_note":"","_monsterinsights_sitenote_category":0},"product_brand":[],"product_cat":[44608,12408],"product_tag":[],"class_list":{"0":"post-733023","1":"product","2":"type-product","3":"status-publish","5":"product_cat-diger-sanat","6":"product_cat-sanat","7":"pa_cilt-ciltsiz","8":"pa_tur-kitap","9":"pa_yayinevi-ayrinti-yayinlari","10":"pa_yazar-franz-boas","12":"first","13":"instock","14":"sale","15":"shipping-taxable","16":"purchasable","17":"product-type-simple"},"_links":{"self":[{"href":"https:\/\/roveyayinevi.com.tr\/index.php\/wp-json\/wp\/v2\/product\/733023","targetHints":{"allow":["GET"]}}],"collection":[{"href":"https:\/\/roveyayinevi.com.tr\/index.php\/wp-json\/wp\/v2\/product"}],"about":[{"href":"https:\/\/roveyayinevi.com.tr\/index.php\/wp-json\/wp\/v2\/types\/product"}],"wp:attachment":[{"href":"https:\/\/roveyayinevi.com.tr\/index.php\/wp-json\/wp\/v2\/media?parent=733023"}],"wp:term":[{"taxonomy":"product_brand","embeddable":true,"href":"https:\/\/roveyayinevi.com.tr\/index.php\/wp-json\/wp\/v2\/product_brand?post=733023"},{"taxonomy":"product_cat","embeddable":true,"href":"https:\/\/roveyayinevi.com.tr\/index.php\/wp-json\/wp\/v2\/product_cat?post=733023"},{"taxonomy":"product_tag","embeddable":true,"href":"https:\/\/roveyayinevi.com.tr\/index.php\/wp-json\/wp\/v2\/product_tag?post=733023"}],"curies":[{"name":"wp","href":"https:\/\/api.w.org\/{rel}","templated":true}]}}