{"id":732982,"date":"2025-08-27T22:00:53","date_gmt":"2025-08-27T19:00:53","guid":{"rendered":"https:\/\/roveyayinevi.com.tr\/index.php\/urun\/mini-bilim-neredesin\/"},"modified":"2026-04-16T02:40:48","modified_gmt":"2026-04-15T23:40:48","slug":"mini-bilim-neredesin","status":"publish","type":"product","link":"https:\/\/roveyayinevi.com.tr\/index.php\/urun\/mini-bilim-neredesin\/","title":{"rendered":"Mini Bilim &#8211; Neredesin?"},"content":{"rendered":"<p>Bilimle yeni tan\u0131\u015facak ailenin en k\u00fc\u00e7\u00fck \u00fcyeleri i\u00e7in \u00f6zel olarak haz\u0131rlanan &#8220;Mini Bilim&#8221; serisi \u00e7ocuklar\u0131n gezegenimiz ve i\u00e7inde bulundu\u011fumuz evrene dair fark\u0131ndal\u0131klar\u0131n\u0131 art\u0131rmak i\u00e7in tasarland\u0131.&#8221;Mini Bilim&#8221; serisinin ilk kitab\u0131 Mini Bilim: Neredesin? uzay, evren, h\u00fccreler ve atomlarla ilgili merak uyand\u0131ran sorular ve yan\u0131tlar i\u00e7eriyor.Mini Bilim: Neredesin? merakl\u0131 minikleri uzay, gezegenimiz, h\u00fccrelerimiz ve atomlar\u0131n d\u00fcnyas\u0131na do\u011fru m\u00fcthi\u015f bir ke\u015fif yolculu\u011funa davet ediyor.  Laura Ertimo\u2019nun \u00e7ocuklar\u0131 bilimle tan\u0131\u015ft\u0131rmak i\u00e7in karma\u015f\u0131k konular\u0131 samimi bir dille anlatt\u0131\u011f\u0131 bu muhte\u015fem kitaba ilgi \u00e7ekici resimleriyle Sanna Peliccioni e\u015flik ediyor.<\/p>\n","protected":false},"excerpt":{"rendered":"<p>Bilimle yeni tan\u0131\u015facak ailenin en k\u00fc\u00e7\u00fck \u00fcyeleri i\u00e7in \u00f6zel olarak haz\u0131rlanan &#8220;Mini Bilim&#8221; serisi \u00e7ocuklar\u0131n gezegenimiz ve i\u00e7inde bulundu\u011fumuz evrene dair fark\u0131ndal\u0131klar\u0131n\u0131 art\u0131rmak i\u00e7in tasarland\u0131.&#8221;Mini Bilim&#8221;<span class=\"excerpt-hellip\"> [\u2026]<\/span><\/p>\n","protected":false},"featured_media":0,"template":"","meta":{"_monsterinsights_skip_tracking":false,"_monsterinsights_sitenote_active":false,"_monsterinsights_sitenote_note":"","_monsterinsights_sitenote_category":0},"product_brand":[],"product_cat":[13829,12274],"product_tag":[],"class_list":{"0":"post-732982","1":"product","2":"type-product","3":"status-publish","5":"product_cat-bilimsel-kitaplar","6":"product_cat-cocuk-ve-genclik-kitaplari","7":"pa_cilt-ciltsiz","8":"pa_tur-kitap","9":"pa_yayinevi-yapi-kredi-yayinlari","10":"pa_yazar-laura-ertimo-sanna-pelliccioni","12":"first","13":"instock","14":"sale","15":"shipping-taxable","16":"purchasable","17":"product-type-simple"},"_links":{"self":[{"href":"https:\/\/roveyayinevi.com.tr\/index.php\/wp-json\/wp\/v2\/product\/732982","targetHints":{"allow":["GET"]}}],"collection":[{"href":"https:\/\/roveyayinevi.com.tr\/index.php\/wp-json\/wp\/v2\/product"}],"about":[{"href":"https:\/\/roveyayinevi.com.tr\/index.php\/wp-json\/wp\/v2\/types\/product"}],"wp:attachment":[{"href":"https:\/\/roveyayinevi.com.tr\/index.php\/wp-json\/wp\/v2\/media?parent=732982"}],"wp:term":[{"taxonomy":"product_brand","embeddable":true,"href":"https:\/\/roveyayinevi.com.tr\/index.php\/wp-json\/wp\/v2\/product_brand?post=732982"},{"taxonomy":"product_cat","embeddable":true,"href":"https:\/\/roveyayinevi.com.tr\/index.php\/wp-json\/wp\/v2\/product_cat?post=732982"},{"taxonomy":"product_tag","embeddable":true,"href":"https:\/\/roveyayinevi.com.tr\/index.php\/wp-json\/wp\/v2\/product_tag?post=732982"}],"curies":[{"name":"wp","href":"https:\/\/api.w.org\/{rel}","templated":true}]}}