{"id":732731,"date":"2025-08-27T21:56:34","date_gmt":"2025-08-27T18:56:34","guid":{"rendered":"https:\/\/roveyayinevi.com.tr\/index.php\/urun\/insanligin-yildizinin-yukseldigi-anlar-ciltli\/"},"modified":"2026-04-16T02:40:26","modified_gmt":"2026-04-15T23:40:26","slug":"insanligin-yildizinin-yukseldigi-anlar-ciltli","status":"publish","type":"product","link":"https:\/\/roveyayinevi.com.tr\/index.php\/urun\/insanligin-yildizinin-yukseldigi-anlar-ciltli\/","title":{"rendered":"\u0130nsanl\u0131\u011f\u0131n Y\u0131ld\u0131z\u0131n\u0131n Y\u00fckseldi\u011fi Anlar (Ciltli)"},"content":{"rendered":"<p>\u0130nsanl\u0131k tarihi boyunca ger\u00e7ekten \u00f6nemli ve utkulu bir ana ula\u015fmak i\u00e7in milyonlarca saatin ak\u0131p gitmesi gerekir. Zweig\u2019a g\u00f6re, \u201ct\u00fcm zamanlar\u0131n en b\u00fcy\u00fck \u015fairi ve g\u00f6steri sanat\u00e7\u0131s\u0131\u201d olan tarihin ak\u0131\u015f\u0131 g\u00fcndelik ve s\u0131radan olaylarla doludur. Ancak tarihe y\u00f6n veren, birbirini izleyen bu s\u0131radan olaylar\u0131 ara s\u0131ra kesintiye u\u011fratan ola\u011fan\u00fcst\u00fc ve unutulmaz anlard\u0131r. Yazar bu yap\u0131t\u0131nda insanl\u0131\u011f\u0131n yazg\u0131s\u0131n\u0131 de\u011fi\u015ftiren bu anlardan on d\u00f6rd\u00fcn\u00fc resim sanat\u0131ndan \u00f6d\u00fcn\u00e7 ald\u0131\u011f\u0131 bir bi\u00e7imle, birer \u201cminyat\u00fcr\u201d olarak g\u00f6zlerimizin \u00f6n\u00fcne serer. \u0130stanbul\u2019un fethi s\u0131ras\u0131nda yetmi\u015f geminin bir gecede vadilerden, tepelerden, ba\u011flardan ve ormanlardan a\u015f\u0131r\u0131larak Hali\u00e7\u2019e indirilmesi; Waterloo Sava\u015f\u0131\u2019n\u0131n sonucunu de\u011fi\u015ftiren bir anl\u0131k hata; 74 ya\u015f\u0131ndaki Goethe\u2019nin 19 ya\u015f\u0131nda bir gen\u00e7 k\u0131za duydu\u011fu a\u015fkla yaratt\u0131\u011f\u0131 ba\u015fyap\u0131t; Rus devrimini ba\u015flatmak \u00fczere Z\u00fcrich\u2019ten yola \u00e7\u0131k\u0131p Almanya \u00fczerinden m\u00fch\u00fcrl\u00fc bir trenle \u00fclkesine d\u00f6nen Lenin\u2026 bu kitapta anlat\u0131lan, tek tek bireyler taraf\u0131nda ya\u015fanan, ancak tarihin ak\u0131\u015f\u0131n\u0131 de\u011fi\u015ftiren deneyimlerden baz\u0131lar\u0131d\u0131r. Zweig insan\u0131, ke\u015ffetme, yaratma ve bazen de fiziksel ko\u015fullar\u0131n yol a\u00e7t\u0131\u011f\u0131 s\u0131n\u0131rlar\u0131 a\u015fma kapasitesiyle oldu\u011fu kadar zaaflar\u0131 ve yetersizlikleriyle de her zaman gelece\u011fi belirleyen ba\u015fl\u0131ca unsur olarak g\u00f6r\u00fcr. <\/p>\n","protected":false},"excerpt":{"rendered":"<p>\u0130nsanl\u0131k tarihi boyunca ger\u00e7ekten \u00f6nemli ve utkulu bir ana ula\u015fmak i\u00e7in milyonlarca saatin ak\u0131p gitmesi gerekir. Zweig\u2019a g\u00f6re, \u201ct\u00fcm zamanlar\u0131n en b\u00fcy\u00fck \u015fairi ve g\u00f6steri sanat\u00e7\u0131s\u0131\u201d<span class=\"excerpt-hellip\"> [\u2026]<\/span><\/p>\n","protected":false},"featured_media":0,"template":"","meta":{"_monsterinsights_skip_tracking":false,"_monsterinsights_sitenote_active":false,"_monsterinsights_sitenote_note":"","_monsterinsights_sitenote_category":0},"product_brand":[],"product_cat":[12291,26797],"product_tag":[],"class_list":{"0":"post-732731","1":"product","2":"type-product","3":"status-publish","5":"product_cat-edebiyat","6":"product_cat-modern-klasikler","7":"pa_cilt-ciltli","8":"pa_tur-kitap","9":"pa_yayinevi-is-bankasi-kultur-yayinlari","10":"pa_yazar-stefan-zweig","12":"first","13":"instock","14":"sale","15":"shipping-taxable","16":"purchasable","17":"product-type-simple"},"_links":{"self":[{"href":"https:\/\/roveyayinevi.com.tr\/index.php\/wp-json\/wp\/v2\/product\/732731","targetHints":{"allow":["GET"]}}],"collection":[{"href":"https:\/\/roveyayinevi.com.tr\/index.php\/wp-json\/wp\/v2\/product"}],"about":[{"href":"https:\/\/roveyayinevi.com.tr\/index.php\/wp-json\/wp\/v2\/types\/product"}],"wp:attachment":[{"href":"https:\/\/roveyayinevi.com.tr\/index.php\/wp-json\/wp\/v2\/media?parent=732731"}],"wp:term":[{"taxonomy":"product_brand","embeddable":true,"href":"https:\/\/roveyayinevi.com.tr\/index.php\/wp-json\/wp\/v2\/product_brand?post=732731"},{"taxonomy":"product_cat","embeddable":true,"href":"https:\/\/roveyayinevi.com.tr\/index.php\/wp-json\/wp\/v2\/product_cat?post=732731"},{"taxonomy":"product_tag","embeddable":true,"href":"https:\/\/roveyayinevi.com.tr\/index.php\/wp-json\/wp\/v2\/product_tag?post=732731"}],"curies":[{"name":"wp","href":"https:\/\/api.w.org\/{rel}","templated":true}]}}