{"id":732686,"date":"2025-08-27T21:55:51","date_gmt":"2025-08-27T18:55:51","guid":{"rendered":"https:\/\/roveyayinevi.com.tr\/index.php\/urun\/cogito-sayi-102-yurttaslik-ne-alemde\/"},"modified":"2026-04-16T02:40:25","modified_gmt":"2026-04-15T23:40:25","slug":"cogito-sayi-102-yurttaslik-ne-alemde","status":"publish","type":"product","link":"https:\/\/roveyayinevi.com.tr\/index.php\/urun\/cogito-sayi-102-yurttaslik-ne-alemde\/","title":{"rendered":"Cogito Say\u0131 102 &#8211; Yurtta\u015fl\u0131k Ne Alemde?"},"content":{"rendered":"<p>3 ayl\u0131k d\u00fc\u015f\u00fcnce dergisi cogito Yaz 2021 say\u0131s\u0131n\u0131 yurtta\u015fl\u0131k kavram\u0131na ve Evrensel Temel Gelir uygulamas\u0131na ay\u0131rd\u0131. \u201cYurtta\u015fl\u0131k Ne \u00c2lemde?\u201d ba\u015fl\u0131kl\u0131 dosya, toplumun ve toplumsal ili\u015fkilerin kritik bir d\u00f6n\u00fc\u015f\u00fcmden ge\u00e7ti\u011fi, devletlerin k\u00e2r odakl\u0131 i\u015fletmelere, yurtta\u015flar\u0131n toplumsall\u0131ktan ve siyasal angajmandan kopar\u0131lm\u0131\u015f m\u00fc\u015fteri ve t\u00fcketicilere d\u00f6n\u00fc\u015ft\u00fc\u011f\u00fc neoliberal kriz a\u015famas\u0131nda yurtta\u015fl\u0131k kavram\u0131na ve onun nas\u0131l d\u00f6n\u00fc\u015ft\u00fcr\u00fclebilece\u011fine odaklanan yaz\u0131lardan olu\u015fuyor. Felaketlerin birbirini izledi\u011fi g\u00fcn\u00fcm\u00fczde dayan\u0131\u015fma zemininde bir d\u00fcnya yurtta\u015fl\u0131\u011f\u0131n\u0131n nas\u0131l hayata ge\u00e7irilebilece\u011fini, Bat\u0131l\u0131 yurtta\u015fl\u0131k anlay\u0131\u015f\u0131n\u0131n a\u00e7mazlar\u0131n\u0131, cinsiyet\u00e7i ve \u0131rk\u00e7\u0131 toplumsal s\u00f6zle\u015fmenin sol alternatiflerini, gelmekte-olan-yurtta\u015fl\u0131\u011f\u0131n potansiyellerini ve yurtta\u015fl\u0131k haklar\u0131n\u0131 ele alan yaz\u0131larla yurtta\u015fl\u0131\u011f\u0131n ne \u00e2lemde oldu\u011fu sorusuna yan\u0131t arayan bu dosyan\u0131n Odak b\u00f6l\u00fcm\u00fcnde Evrensel Temel Gelir uygulamas\u0131 var. Cogito\u2019dan \u2022 Yurtta\u015fl\u0131k HalleriYeni PespektiflerEmre \u015ean \u2022 Dayan\u0131\u015fma ve Topluluk SorusuAk\u0131n Karaca \u2022 Yeni Bir Tan\u0131nma Bi\u00e7imi U\u011fruna: Uyu\u015fmazl\u0131kDosya: Yurtta\u015fl\u0131k Ne \u00c2lemde?Wendy Brown \u2022 Fedak\u00e2r\/Kurban Yurtta\u015fl\u0131k: Neoliberalizm, \u0130nsan Sermayesi veKemer S\u0131kma Politikas\u0131G\u00fclben Salman \u2022 E\u015fit \u015eahitlik\/\u00d6zg\u00fcr Tan\u0131kl\u0131k: Gelmekte-Olan-Yurtta\u015fl\u0131kHannah Arendt \u2022 \u00d6rg\u00fctl\u00fc Su\u00e7 ve Evrensel SorumlulukZeynep Sava\u015f\u00e7\u0131n \u2022 Kant ve Benhabib\u2019de Kozmopolit Hak: Bir Yurtta\u015fl\u0131k Zemini Olarak\u0130nsan Haklar\u0131Carole Pateman \u2022 Kad\u0131nlar\u0131n Yurtta\u015fl\u0131\u011f\u0131n\u0131 G\u00fcvenceye Almak: Kay\u0131ts\u0131zl\u0131k ve Di\u011fer EngellerEngin F. I\u015f\u0131n \u2022 \u015earkiyat\u00e7\u0131l\u0131k Sonras\u0131 Yurtta\u015fl\u0131kHaldun G\u00fclalp \u2022 E\u015fit ve \u00d6zg\u00fcr Vatanda\u015fl\u0131k Projesi Olarak LaiklikBanu Yoba\u015f \u2022 Dijital Yurtta\u015fl\u0131k, S\u0131n\u0131rlar, AlgoritmalarOdak: Evrensel Temel GelirIan Gough \u2022 Evrensel Temel Hizmetler: Kuramsal ve Ahlaki Bir \u00c7er\u00e7eveFikret Adaman-Ahmet \u0130nselHaluk Levent \u2022 S\u00f6yle\u015fi: \u201cEvrensel Temel Gelir\u201dTu\u011fba Zeynep \u015een \u2022 Temel gelirin kay\u0131p temelleri: COVID-19 zaman\u0131ndatemel gelir konu\u015fmak.<\/p>\n","protected":false},"excerpt":{"rendered":"<p>3 ayl\u0131k d\u00fc\u015f\u00fcnce dergisi cogito Yaz 2021 say\u0131s\u0131n\u0131 yurtta\u015fl\u0131k kavram\u0131na ve Evrensel Temel Gelir uygulamas\u0131na ay\u0131rd\u0131. \u201cYurtta\u015fl\u0131k Ne \u00c2lemde?\u201d ba\u015fl\u0131kl\u0131 dosya, toplumun ve toplumsal ili\u015fkilerin kritik<span class=\"excerpt-hellip\"> [\u2026]<\/span><\/p>\n","protected":false},"featured_media":0,"template":"","meta":{"_monsterinsights_skip_tracking":false,"_monsterinsights_sitenote_active":false,"_monsterinsights_sitenote_note":"","_monsterinsights_sitenote_category":0},"product_brand":[],"product_cat":[13527],"product_tag":[],"class_list":{"0":"post-732686","1":"product","2":"type-product","3":"status-publish","5":"product_cat-sureli-yayinlar","6":"pa_cilt-ciltsiz","7":"pa_tur-dergi","8":"pa_yayinevi-yapi-kredi-yayinlari-dergi","9":"pa_yazar-yapi-kredi-kolektif","11":"first","12":"instock","13":"sale","14":"shipping-taxable","15":"purchasable","16":"product-type-simple"},"_links":{"self":[{"href":"https:\/\/roveyayinevi.com.tr\/index.php\/wp-json\/wp\/v2\/product\/732686","targetHints":{"allow":["GET"]}}],"collection":[{"href":"https:\/\/roveyayinevi.com.tr\/index.php\/wp-json\/wp\/v2\/product"}],"about":[{"href":"https:\/\/roveyayinevi.com.tr\/index.php\/wp-json\/wp\/v2\/types\/product"}],"wp:attachment":[{"href":"https:\/\/roveyayinevi.com.tr\/index.php\/wp-json\/wp\/v2\/media?parent=732686"}],"wp:term":[{"taxonomy":"product_brand","embeddable":true,"href":"https:\/\/roveyayinevi.com.tr\/index.php\/wp-json\/wp\/v2\/product_brand?post=732686"},{"taxonomy":"product_cat","embeddable":true,"href":"https:\/\/roveyayinevi.com.tr\/index.php\/wp-json\/wp\/v2\/product_cat?post=732686"},{"taxonomy":"product_tag","embeddable":true,"href":"https:\/\/roveyayinevi.com.tr\/index.php\/wp-json\/wp\/v2\/product_tag?post=732686"}],"curies":[{"name":"wp","href":"https:\/\/api.w.org\/{rel}","templated":true}]}}