{"id":732669,"date":"2025-08-27T21:55:34","date_gmt":"2025-08-27T18:55:34","guid":{"rendered":"https:\/\/roveyayinevi.com.tr\/index.php\/urun\/asirlik-gece\/"},"modified":"2026-04-16T02:40:25","modified_gmt":"2026-04-15T23:40:25","slug":"asirlik-gece","status":"publish","type":"product","link":"https:\/\/roveyayinevi.com.tr\/index.php\/urun\/asirlik-gece\/","title":{"rendered":"As\u0131rl\u0131k Gece"},"content":{"rendered":"<p>15 Temmuz darbe giri\u015fimine ili\u015fkin haz\u0131rl\u0131klar kimler taraf\u0131ndan, nerde ve nas\u0131l yap\u0131ld\u0131?FET\u00d6\u2019c\u00fcler b\u00f6yle bir darbe giri\u015fimine neden kalk\u0131\u015ft\u0131?Darbe saati niye erkene al\u0131nd\u0131?Darbenin ilk saatlerinde Fetullah G\u00fclen hangi sivil imamla g\u00f6r\u00fc\u015ft\u00fc?Cumhurba\u015fkan\u0131 Erdo\u011fan ile Ba\u015fbakan Y\u0131ld\u0131r\u0131m darbe oldu\u011funu \u00f6\u011frendiklerinde ne konu\u015ftular, ne karar ald\u0131lar?Genelkurmay Kararg\u00e2h\u0131 ve di\u011fer kararg\u00e2hlar nas\u0131l i\u015fgal edildi?\u00dcst d\u00fczey komutanlar\u0131n ba\u015f\u0131na ne geldi?Ak\u0131nc\u0131 \u00dcs Komutan\u0131 Hakan Evrim, Fetullah G\u00fclen\u2019le kimi g\u00f6r\u00fc\u015ft\u00fcrmek istedi?Cumhurba\u015fkan\u0131 Erdo\u011fan\u2019\u0131n Marmaris\u2019ten \u0130stanbul\u2019a intikali nas\u0131l planland\u0131, yol boyunca neler ya\u015fand\u0131?Ankara\u2019y\u0131 bombalayan u\u00e7aklara kim talimat verdi?TRT bask\u0131n\u0131n\u0131n ve TV\u2019deki darbe bildirisinin arka plan\u0131nda neler ya\u015fand\u0131?\u00d6mer Halisdemir, Semih Terzi\u2019yi nas\u0131l etkisiz hale getirdi?Darbe nas\u0131l bast\u0131r\u0131ld\u0131, darbeciler hangi ko\u015fullarda teslim olmak zorunda kald\u0131?Darbe ba\u015far\u0131l\u0131 olsayd\u0131 nas\u0131l bir T\u00fcrkiye\u2019ye uyanacakt\u0131k?As\u0131rl\u0131k Gece, haz\u0131rl\u0131k safhas\u0131ndan bast\u0131r\u0131ld\u0131\u011f\u0131 ana kadar darbe giri\u015fimi kapsam\u0131nda ger\u00e7ekle\u015fen bir\u00e7ok olay\u0131, deliller ve belgeler \u0131\u015f\u0131\u011f\u0131nda b\u00fct\u00fcnc\u00fcl bir yakla\u015f\u0131mla ele almakta ve ayd\u0131nlatmaktad\u0131r.<\/p>\n","protected":false},"excerpt":{"rendered":"<p>15 Temmuz darbe giri\u015fimine ili\u015fkin haz\u0131rl\u0131klar kimler taraf\u0131ndan, nerde ve nas\u0131l yap\u0131ld\u0131?FET\u00d6\u2019c\u00fcler b\u00f6yle bir darbe giri\u015fimine neden kalk\u0131\u015ft\u0131?Darbe saati niye erkene al\u0131nd\u0131?Darbenin ilk saatlerinde Fetullah G\u00fclen<span class=\"excerpt-hellip\"> [\u2026]<\/span><\/p>\n","protected":false},"featured_media":0,"template":"","meta":{"_monsterinsights_skip_tracking":false,"_monsterinsights_sitenote_active":false,"_monsterinsights_sitenote_note":"","_monsterinsights_sitenote_category":0},"product_brand":[],"product_cat":[12346,12337],"product_tag":[],"class_list":{"0":"post-732669","1":"product","2":"type-product","3":"status-publish","5":"product_cat-derin-siyaset-komplo-teorileri","6":"product_cat-politika-siyaset","7":"pa_cilt-ciltsiz","8":"pa_tur-kitap","9":"pa_yayinevi-turkuvaz-kitap","10":"pa_yazar-huseyin-aydin","12":"first","13":"instock","14":"sale","15":"shipping-taxable","16":"purchasable","17":"product-type-simple"},"_links":{"self":[{"href":"https:\/\/roveyayinevi.com.tr\/index.php\/wp-json\/wp\/v2\/product\/732669","targetHints":{"allow":["GET"]}}],"collection":[{"href":"https:\/\/roveyayinevi.com.tr\/index.php\/wp-json\/wp\/v2\/product"}],"about":[{"href":"https:\/\/roveyayinevi.com.tr\/index.php\/wp-json\/wp\/v2\/types\/product"}],"wp:attachment":[{"href":"https:\/\/roveyayinevi.com.tr\/index.php\/wp-json\/wp\/v2\/media?parent=732669"}],"wp:term":[{"taxonomy":"product_brand","embeddable":true,"href":"https:\/\/roveyayinevi.com.tr\/index.php\/wp-json\/wp\/v2\/product_brand?post=732669"},{"taxonomy":"product_cat","embeddable":true,"href":"https:\/\/roveyayinevi.com.tr\/index.php\/wp-json\/wp\/v2\/product_cat?post=732669"},{"taxonomy":"product_tag","embeddable":true,"href":"https:\/\/roveyayinevi.com.tr\/index.php\/wp-json\/wp\/v2\/product_tag?post=732669"}],"curies":[{"name":"wp","href":"https:\/\/api.w.org\/{rel}","templated":true}]}}