{"id":732640,"date":"2025-08-27T21:55:08","date_gmt":"2025-08-27T18:55:08","guid":{"rendered":"https:\/\/roveyayinevi.com.tr\/index.php\/urun\/sultan-ii-murad\/"},"modified":"2026-04-16T02:40:24","modified_gmt":"2026-04-15T23:40:24","slug":"sultan-ii-murad","status":"publish","type":"product","link":"https:\/\/roveyayinevi.com.tr\/index.php\/urun\/sultan-ii-murad\/","title":{"rendered":"Sultan II. Murad"},"content":{"rendered":"<p>\u0130stanbul \u00dcniversitesi Tarih B\u00f6l\u00fcm\u00fc b\u00fcnyesinde a\u00e7\u0131lan Osmanl\u0131 M\u00fcesseseleri ve Medeniyeti Tarihi K\u00fcrs\u00fcs\u00fc\u2019n\u00fcn kurucusu olup bir\u00e7ok \u00f6nemli ara\u015ft\u0131rmaya, esere imza atm\u0131\u015f olan Prof. Tayyib G\u00f6kbilgin, hakk\u0131nda \u00e7ok az \u00e7al\u0131\u015fma bulunan Sultan II. Murad\u2019a d\u00e2ir bu k\u0131ymetli \u00e7al\u0131\u015fmas\u0131nda sultan\u0131n hayat hik\u00e2yesini canl\u0131 bir \u00fcslupla i\u015flerken d\u00f6nemin genel \u00e7er\u00e7evesini de \u00e7iziyor\u2026 \u00c7elebi Sultan Mehmed\u2019in b\u00fcy\u00fck \u015fehzadesi Sultan II. Murad 1404 y\u0131l\u0131nda do\u011fdu. Hen\u00fcz 12 ya\u015f\u0131ndayken Amasya, Tokat, Sivas, \u00c7orum ve Osmanc\u0131k b\u00f6lgelerini i\u00e7ine alan Rum vil\u00e2yeti beyli\u011fiyle vazifelendirildikten bir sene sonra B\u00f6rkl\u00fcce Mustafa \u0130syan\u0131\u2019n\u0131 bast\u0131rmakla g\u00f6revlendirildi. Tahta ge\u00e7ti\u011finde hen\u00fcz 18\u2019li ya\u015flar\u0131ndayd\u0131. \u00c7a\u011fda\u015f kaynaklar\u0131n adalet ve merhametine, \u015fecaat ve kudretine s\u0131kl\u0131kla vurgu yapt\u0131\u011f\u0131 Sultan II. Murad bir taraftan Anadolu\u2019da birli\u011fi sa\u011flamaya gayret g\u00f6sterirken di\u011fer taraftan da Balkanlar\u2019da fetihlere devam ediyordu. Osmanl\u0131 \u00fclkesinde bir\u00e7ok vakf\u0131 ve hayrat\u0131 bulunan sultan, halk\u0131n sorunlar\u0131yla yak\u0131ndan ilgileniyor, dervi\u015f ve s\u00fbf\u00eelerle irtibat h\u00e2linde bulunuyor, \u00e2lim ve m\u00fctefekkirleri him\u00e2ye ediyordu.  II. Murad\u2019\u0131n ilk zamanlar\u0131 ve tahta c\u00fcl\u00fbsu, \u015eehzade Mustafa \u0130syan\u0131, \u0130stanbul Ku\u015fatmas\u0131, Eflak, Arnavutluk ve Mora\u2019ya seferleri, Sel\u00e2nik\u2019i fethi, Karamano\u011fullar\u0131 ve di\u011fer beyliklerle m\u00fcnasebetleri, Varna ve II. Kosova Sava\u015f\u0131, gelece\u011fin Fatih Sultan Mehmed\u2019i olan o\u011flu II. Mehmed\u2019e taht\u0131n\u0131 b\u0131rakmas\u0131 gibi konular\u0131n canl\u0131 bir \u00fcslupla incelendi\u011fi bu kitap Sultan II. Murad devrinin devlet ve id\u00e2re adamlar\u0131, Osmanl\u0131larda edeb\u00ee cereyanlar, 15. y\u00fczy\u0131l \u00e2lim ve \u015fairlerinin yan\u0131 s\u0131ra yine bu y\u00fczy\u0131lda Osmanl\u0131lardaki tasavvuf cereyan\u0131n\u0131 da akademik bir titizlikle i\u015fliyor. Sultan II. Murad, yerli-yabanc\u0131 kaynaklar\u0131n adaletine vurgu yapt\u0131\u011f\u0131, d\u00f6neminde Osmanl\u0131lar\u2019\u0131n Balkanlar\u2019da yay\u0131lmas\u0131 ve yerle\u015fmesinin kesinle\u015fti\u011fi bir sultan\u0131n hayat hik\u00e2yesini tarih\u00ee hakikatlerle ve ger\u00e7ek\u00e7i bir perspektifle ele al\u0131yor\u2026   <\/p>\n","protected":false},"excerpt":{"rendered":"<p>\u0130stanbul \u00dcniversitesi Tarih B\u00f6l\u00fcm\u00fc b\u00fcnyesinde a\u00e7\u0131lan Osmanl\u0131 M\u00fcesseseleri ve Medeniyeti Tarihi K\u00fcrs\u00fcs\u00fc\u2019n\u00fcn kurucusu olup bir\u00e7ok \u00f6nemli ara\u015ft\u0131rmaya, esere imza atm\u0131\u015f olan Prof. Tayyib G\u00f6kbilgin, hakk\u0131nda \u00e7ok<span class=\"excerpt-hellip\"> [\u2026]<\/span><\/p>\n","protected":false},"featured_media":0,"template":"","meta":{"_monsterinsights_skip_tracking":false,"_monsterinsights_sitenote_active":false,"_monsterinsights_sitenote_note":"","_monsterinsights_sitenote_category":0},"product_brand":[],"product_cat":[13517,12304],"product_tag":[],"class_list":{"0":"post-732640","1":"product","2":"type-product","3":"status-publish","5":"product_cat-osmanli-tarihi","6":"product_cat-tarih","7":"pa_cilt-ciltsiz","8":"pa_tur-kitap","9":"pa_yayinevi-kronik-kitap","10":"pa_yazar-m-tayyib-gokbilgin","12":"first","13":"instock","14":"sale","15":"shipping-taxable","16":"purchasable","17":"product-type-simple"},"_links":{"self":[{"href":"https:\/\/roveyayinevi.com.tr\/index.php\/wp-json\/wp\/v2\/product\/732640","targetHints":{"allow":["GET"]}}],"collection":[{"href":"https:\/\/roveyayinevi.com.tr\/index.php\/wp-json\/wp\/v2\/product"}],"about":[{"href":"https:\/\/roveyayinevi.com.tr\/index.php\/wp-json\/wp\/v2\/types\/product"}],"wp:attachment":[{"href":"https:\/\/roveyayinevi.com.tr\/index.php\/wp-json\/wp\/v2\/media?parent=732640"}],"wp:term":[{"taxonomy":"product_brand","embeddable":true,"href":"https:\/\/roveyayinevi.com.tr\/index.php\/wp-json\/wp\/v2\/product_brand?post=732640"},{"taxonomy":"product_cat","embeddable":true,"href":"https:\/\/roveyayinevi.com.tr\/index.php\/wp-json\/wp\/v2\/product_cat?post=732640"},{"taxonomy":"product_tag","embeddable":true,"href":"https:\/\/roveyayinevi.com.tr\/index.php\/wp-json\/wp\/v2\/product_tag?post=732640"}],"curies":[{"name":"wp","href":"https:\/\/api.w.org\/{rel}","templated":true}]}}