{"id":732524,"date":"2025-08-27T21:52:28","date_gmt":"2025-08-27T18:52:28","guid":{"rendered":"https:\/\/roveyayinevi.com.tr\/index.php\/urun\/oznellik\/"},"modified":"2026-04-16T02:40:21","modified_gmt":"2026-04-15T23:40:21","slug":"oznellik","status":"publish","type":"product","link":"https:\/\/roveyayinevi.com.tr\/index.php\/urun\/oznellik\/","title":{"rendered":"\u00d6znellik"},"content":{"rendered":"<p>\u201cBen\u201d dedi\u011fimizde tam olarak neyi kastediyoruz? G\u00fcnl\u00fck ya\u015famda kolayl\u0131kla kulland\u0131\u011f\u0131m\u0131z bu s\u00f6zc\u00fck, teorik ve felsefi tart\u0131\u015fmalarda b\u00fcy\u00fck bir zorlu\u011fa kar\u015f\u0131l\u0131k geliyor. Benlik hissimizin k\u00f6keni nedir? Kendili\u011finden mi ortaya \u00e7\u0131kar, yoksa toplum ya da medya taraf\u0131ndan m\u0131 yarat\u0131l\u0131r? Kendimizi ger\u00e7ekten biliyor muyuz? Daha \u00f6tesi, bilebilir miyiz?Benlikle, \u00f6znelli\u011fimizle ilgili kayg\u0131lar bir s\u00fcredir toplumumuzun ana referans noktalar\u0131ndan birini te\u015fkil ediyor. Kimlik art\u0131k varolu\u015fumuzun belirleyici unsurlar\u0131ndan biri. Peki bu mesele nas\u0131l ve ne zaman bu denli \u00f6nemli hale geldi? \u00d6znelli\u011fe y\u00f6nelik farkl\u0131 yakla\u015f\u0131mlar neler ve birbiriyle hangi noktalarda ayr\u0131\u015f\u0131yorlar?Nick Mansf\u0131eld, \u00f6znellik anlay\u0131\u015f\u0131m\u0131z\u0131n ge\u00e7ti\u011fimiz y\u00fczy\u0131l boyunca nas\u0131l geli\u015fti\u011fini mercek alt\u0131na al\u0131yor. Freud, Foucault, Nietzsche, Lacan, Kristeva, Deleuze ve Guattari gibi modern ve postmodern d\u00fc\u015f\u00fcncenin \u00f6nde gelen kuramc\u0131lar\u0131n\u0131n d\u00fc\u015f\u00fcnceleri aras\u0131nda bir yolculu\u011fa \u00e7\u0131k\u0131yor. Cinsiyet, toplumsal cinsiyet, etnisite, teknoloji, postmodernizm gibi ba\u015fl\u0131klar \u00fczerinden modem kuram tart\u0131\u015fmalar\u0131nda \u00f6znelli\u011fin nas\u0131l merkez? bir konum i\u015fgal etti\u011fini g\u00f6steriyor. \u201cBen kimim?\u201d sorusuna \u00e7a\u011fda\u015f felsefe d\u00fcnyas\u0131nda cevap arayanlar i\u00e7in derleyici, a\u00e7\u0131klay\u0131c\u0131 ve kapsay\u0131c\u0131 bir giri\u015f metni sunuyor.<\/p>\n","protected":false},"excerpt":{"rendered":"<p>\u201cBen\u201d dedi\u011fimizde tam olarak neyi kastediyoruz? G\u00fcnl\u00fck ya\u015famda kolayl\u0131kla kulland\u0131\u011f\u0131m\u0131z bu s\u00f6zc\u00fck, teorik ve felsefi tart\u0131\u015fmalarda b\u00fcy\u00fck bir zorlu\u011fa kar\u015f\u0131l\u0131k geliyor. Benlik hissimizin k\u00f6keni nedir? Kendili\u011finden<span class=\"excerpt-hellip\"> [\u2026]<\/span><\/p>\n","protected":false},"featured_media":0,"template":"","meta":{"_monsterinsights_skip_tracking":false,"_monsterinsights_sitenote_active":false,"_monsterinsights_sitenote_note":"","_monsterinsights_sitenote_category":0},"product_brand":[],"product_cat":[16038,12388],"product_tag":[],"class_list":{"0":"post-732524","1":"product","2":"type-product","3":"status-publish","5":"product_cat-arastirma-inceleme-referans-felsefe","6":"product_cat-felsefe","7":"pa_cilt-ciltsiz","8":"pa_tur-kitap","9":"pa_yayinevi-babil-kitap","10":"pa_yazar-nick-mansfield","12":"first","13":"instock","14":"sale","15":"shipping-taxable","16":"purchasable","17":"product-type-simple"},"_links":{"self":[{"href":"https:\/\/roveyayinevi.com.tr\/index.php\/wp-json\/wp\/v2\/product\/732524","targetHints":{"allow":["GET"]}}],"collection":[{"href":"https:\/\/roveyayinevi.com.tr\/index.php\/wp-json\/wp\/v2\/product"}],"about":[{"href":"https:\/\/roveyayinevi.com.tr\/index.php\/wp-json\/wp\/v2\/types\/product"}],"wp:attachment":[{"href":"https:\/\/roveyayinevi.com.tr\/index.php\/wp-json\/wp\/v2\/media?parent=732524"}],"wp:term":[{"taxonomy":"product_brand","embeddable":true,"href":"https:\/\/roveyayinevi.com.tr\/index.php\/wp-json\/wp\/v2\/product_brand?post=732524"},{"taxonomy":"product_cat","embeddable":true,"href":"https:\/\/roveyayinevi.com.tr\/index.php\/wp-json\/wp\/v2\/product_cat?post=732524"},{"taxonomy":"product_tag","embeddable":true,"href":"https:\/\/roveyayinevi.com.tr\/index.php\/wp-json\/wp\/v2\/product_tag?post=732524"}],"curies":[{"name":"wp","href":"https:\/\/api.w.org\/{rel}","templated":true}]}}