{"id":732508,"date":"2025-08-27T21:52:11","date_gmt":"2025-08-27T18:52:11","guid":{"rendered":"https:\/\/roveyayinevi.com.tr\/index.php\/urun\/buyukelcinin-gozunden-suriye\/"},"modified":"2026-04-16T02:40:21","modified_gmt":"2026-04-15T23:40:21","slug":"buyukelcinin-gozunden-suriye","status":"publish","type":"product","link":"https:\/\/roveyayinevi.com.tr\/index.php\/urun\/buyukelcinin-gozunden-suriye\/","title":{"rendered":"B\u00fcy\u00fckel\u00e7inin G\u00f6z\u00fcnden Suriye"},"content":{"rendered":"<p>Suriye\u2018yle 1998\u2019de sava\u015f\u0131n e\u015fi\u011findeydik. 2010\u2019lu y\u0131llara gelindi\u011finde ise, kar\u015f\u0131l\u0131kl\u0131 vizeleri kald\u0131rm\u0131\u015f, ortak Bakanlar Kurulu toplant\u0131lar\u0131 yap\u0131yorduk. Arap Bahar\u0131 Mart 2011\u2019de Suriye\u2019ye de geldi. Sokak g\u00f6sterileri bir s\u00fcre sonra i\u00e7 sava\u015fa evrildi. 6,5 milyon Suriyeli \u00fclkesinden ka\u00e7t\u0131. T\u00fcrkiye\u2019nin yan\u0131s\u0131ra Rusya, ABD, \u0130ran, Hizbullah, cihat\u00e7\u0131 gruplar sahnenin ba\u015fl\u0131ca akt\u00f6rleri oldular. Suriye krizi, b\u00fcy\u00fck insanl\u0131k dramlar\u0131na yol a\u00e7t\u0131. Krizin etkileri \u00fclke s\u0131n\u0131rlar\u0131n\u0131n \u00f6tesine yay\u0131ld\u0131.Bu duruma nas\u0131l gelindi? M\u00fcsl\u00fcman Karde\u015fler\u2019in rol\u00fc neydi? Yedi saate yak\u0131n s\u00fcren Esad-Davuto\u011flu g\u00f6r\u00fc\u015fmesinde ne konu\u015fuldu? Esad, T\u00fcrkiye\u2019nin yard\u0131m \u00e7abalar\u0131n\u0131 nas\u0131l kar\u015f\u0131lad\u0131? T\u00fcrkiye ne zaman tutum de\u011fi\u015ftirdi? K\u00fcrtler Suriye\u2019deki olaylar\u0131n neresindeydi, bug\u00fcn neresindeler? Olaylar\u0131n bu noktaya gelmesi engellenebilir miydi?27 Mart 2012\u2019de B\u00fcy\u00fckel\u00e7ili\u011fimizin kap\u0131s\u0131n\u0131 kilitleyen T\u00fcrkiye\u2019nin \u015eam\u2019daki son B\u00fcy\u00fckel\u00e7isi \u00d6mer \u00d6nhon\u2019un an\u0131 ve de\u011ferlendirmeleri merak edilen bir\u00e7ok sorunun yan\u0131t\u0131n\u0131 ve arka plan\u0131n\u0131 veriyor.<\/p>\n","protected":false},"excerpt":{"rendered":"<p>Suriye\u2018yle 1998\u2019de sava\u015f\u0131n e\u015fi\u011findeydik. 2010\u2019lu y\u0131llara gelindi\u011finde ise, kar\u015f\u0131l\u0131kl\u0131 vizeleri kald\u0131rm\u0131\u015f, ortak Bakanlar Kurulu toplant\u0131lar\u0131 yap\u0131yorduk. Arap Bahar\u0131 Mart 2011\u2019de Suriye\u2019ye de geldi. Sokak g\u00f6sterileri bir<span class=\"excerpt-hellip\"> [\u2026]<\/span><\/p>\n","protected":false},"featured_media":0,"template":"","meta":{"_monsterinsights_skip_tracking":false,"_monsterinsights_sitenote_active":false,"_monsterinsights_sitenote_note":"","_monsterinsights_sitenote_category":0},"product_brand":[],"product_cat":[13701,12291],"product_tag":[],"class_list":{"0":"post-732508","1":"product","2":"type-product","3":"status-publish","5":"product_cat-ani-mektup-gunluk","6":"product_cat-edebiyat","7":"pa_cilt-ciltsiz","8":"pa_tur-kitap","9":"pa_yayinevi-remzi-kitabevi","10":"pa_yazar-omer-onhon","12":"first","13":"instock","14":"sale","15":"shipping-taxable","16":"purchasable","17":"product-type-simple"},"_links":{"self":[{"href":"https:\/\/roveyayinevi.com.tr\/index.php\/wp-json\/wp\/v2\/product\/732508","targetHints":{"allow":["GET"]}}],"collection":[{"href":"https:\/\/roveyayinevi.com.tr\/index.php\/wp-json\/wp\/v2\/product"}],"about":[{"href":"https:\/\/roveyayinevi.com.tr\/index.php\/wp-json\/wp\/v2\/types\/product"}],"wp:attachment":[{"href":"https:\/\/roveyayinevi.com.tr\/index.php\/wp-json\/wp\/v2\/media?parent=732508"}],"wp:term":[{"taxonomy":"product_brand","embeddable":true,"href":"https:\/\/roveyayinevi.com.tr\/index.php\/wp-json\/wp\/v2\/product_brand?post=732508"},{"taxonomy":"product_cat","embeddable":true,"href":"https:\/\/roveyayinevi.com.tr\/index.php\/wp-json\/wp\/v2\/product_cat?post=732508"},{"taxonomy":"product_tag","embeddable":true,"href":"https:\/\/roveyayinevi.com.tr\/index.php\/wp-json\/wp\/v2\/product_tag?post=732508"}],"curies":[{"name":"wp","href":"https:\/\/api.w.org\/{rel}","templated":true}]}}