{"id":732381,"date":"2025-08-27T21:49:16","date_gmt":"2025-08-27T18:49:16","guid":{"rendered":"https:\/\/roveyayinevi.com.tr\/index.php\/urun\/bauhaus-egitim-modelinin-turkiyede-sanat-ve-tasarim-egitimi-uzerine-etkisi\/"},"modified":"2025-12-30T10:42:35","modified_gmt":"2025-12-30T07:42:35","slug":"bauhaus-egitim-modelinin-turkiyede-sanat-ve-tasarim-egitimi-uzerine-etkisi","status":"publish","type":"product","link":"https:\/\/roveyayinevi.com.tr\/index.php\/urun\/bauhaus-egitim-modelinin-turkiyede-sanat-ve-tasarim-egitimi-uzerine-etkisi\/","title":{"rendered":"Bauhaus E\u011fitim Modelinin T\u00fcrkiye&#8217;de Sanat ve Tasar\u0131m E\u011fitimi \u00dczerine Etkisi"},"content":{"rendered":"<p>Bauhaus\u2019un sanat, tasar\u0131m ve mimarl\u0131k e\u011fitimine etkisinin olduk\u00e7a geni\u015f bir co\u011frafya ve zamana yay\u0131lmas\u0131yla Alman tasar\u0131m k\u00fclt\u00fcr\u00fc modern \u00e7a\u011f\u0131n tasar\u0131m k\u00fclt\u00fcr\u00fcn\u00fc de derinden etkilemi\u015ftir. Bu \u00e7al\u0131\u015fmada amac\u0131 sanayi devrimiyle ortaya \u00e7\u0131kan ve end\u00fcstrinin gereksinimlerini kar\u015f\u0131layarak \u00fcretim alg\u0131s\u0131n\u0131 estetik yarat\u0131c\u0131l\u0131kla b\u00fct\u00fcnle\u015ftirmek \u00fczere kurulan Bauhaus\u2019un, T\u00fcrkiye\u2019de bu ilkelerle kurulan okullar, y\u00fcr\u00fct\u00fclen programlar ve d\u00fc\u015f\u00fcnce sistemiyle olan ili\u015fkisi \u00fczerine odaklan\u0131lm\u0131\u015ft\u0131r. B\u00f6ylece sanat e\u011fitimini k\u00f6kten etkileyen \u00e7a\u011f\u0131n entelekt\u00fcel birikimine dayal\u0131 bir tasar\u0131m okulu olarak Bauhaus\u2019un yenilik\u00e7i ve deneysel \u00f6\u011fretim gelene\u011finin de daha iyi anla\u015f\u0131lmas\u0131 ama\u00e7lanm\u0131\u015ft\u0131r.   Bauhaus, 20. y\u00fczy\u0131lda sanat, zanaat, sanayi ve e\u011fitim alanlar\u0131nda ger\u00e7ekle\u015fen bir dizi radikal d\u00f6n\u00fc\u015f\u00fcm\u00fcn en \u00f6nemli habercisi ve haz\u0131rlay\u0131c\u0131lar\u0131ndan biridir. Kurulu\u015f amac\u0131 k\u0131saca end\u00fcstri \u00fcretimini sanat, end\u00fcstri ve zanaat\u0131n ortak etkile\u015fimi i\u00e7inde e\u011fitim yoluyla iyile\u015ftirmek olarak ifade edilebilir. B\u00f6ylece Bauhaus\u2019un kurucusu Walter Gropius\u2019un da ama\u00e7lad\u0131\u011f\u0131 \u00fczere end\u00fcstrile\u015fmenin ayr\u0131\u015ft\u0131rd\u0131\u011f\u0131 sanat ve zanaatlar\u0131n birlikteli\u011fi yeniden sa\u011flanarak y\u00fczy\u0131l insan\u0131 ve toplumunun bu de\u011ferler sistemiyle yeniden yap\u0131land\u0131r\u0131lmas\u0131na \u00e7al\u0131\u015f\u0131lm\u0131\u015ft\u0131r. E\u011fitimli yeni sanat\u00e7\u0131 profili ve fonksiyonel ve estetik beklentilere getirilen standartlarla ortak bir tasar\u0131m dili ger\u00e7ekle\u015ftirilmi\u015ftir. Bu ba\u011flamda ki\u015fisel deneyimler ve ke\u015fifler i\u00e7in bireyin \u00f6n\u00fcn\u00fc a\u00e7an e\u011fitim yakla\u015f\u0131m\u0131yla sanat, tasar\u0131m ve mimarl\u0131k e\u011fitiminin bulu\u015fma noktas\u0131 olarak \u00fclkemizdeki konumu da olduk\u00e7a \u00f6nemli g\u00f6r\u00fclmektedir.  <\/p>\n","protected":false},"excerpt":{"rendered":"<p>Bauhaus\u2019un sanat, tasar\u0131m ve mimarl\u0131k e\u011fitimine etkisinin olduk\u00e7a geni\u015f bir co\u011frafya ve zamana yay\u0131lmas\u0131yla Alman tasar\u0131m k\u00fclt\u00fcr\u00fc modern \u00e7a\u011f\u0131n tasar\u0131m k\u00fclt\u00fcr\u00fcn\u00fc de derinden etkilemi\u015ftir. Bu \u00e7al\u0131\u015fmada<span class=\"excerpt-hellip\"> [\u2026]<\/span><\/p>\n","protected":false},"featured_media":0,"template":"","meta":{"_monsterinsights_skip_tracking":false,"_monsterinsights_sitenote_active":false,"_monsterinsights_sitenote_note":"","_monsterinsights_sitenote_category":0},"product_brand":[],"product_cat":[12408,14197],"product_tag":[],"class_list":{"0":"post-732381","1":"product","2":"type-product","3":"status-publish","5":"product_cat-sanat","6":"product_cat-sanat-tarihi","7":"pa_cilt-ciltsiz","8":"pa_tur-kitap","9":"pa_yayinevi-us-yayinlari","10":"pa_yazar-bayram-dede","12":"first","13":"instock","14":"sale","15":"shipping-taxable","16":"purchasable","17":"product-type-simple"},"_links":{"self":[{"href":"https:\/\/roveyayinevi.com.tr\/index.php\/wp-json\/wp\/v2\/product\/732381","targetHints":{"allow":["GET"]}}],"collection":[{"href":"https:\/\/roveyayinevi.com.tr\/index.php\/wp-json\/wp\/v2\/product"}],"about":[{"href":"https:\/\/roveyayinevi.com.tr\/index.php\/wp-json\/wp\/v2\/types\/product"}],"wp:attachment":[{"href":"https:\/\/roveyayinevi.com.tr\/index.php\/wp-json\/wp\/v2\/media?parent=732381"}],"wp:term":[{"taxonomy":"product_brand","embeddable":true,"href":"https:\/\/roveyayinevi.com.tr\/index.php\/wp-json\/wp\/v2\/product_brand?post=732381"},{"taxonomy":"product_cat","embeddable":true,"href":"https:\/\/roveyayinevi.com.tr\/index.php\/wp-json\/wp\/v2\/product_cat?post=732381"},{"taxonomy":"product_tag","embeddable":true,"href":"https:\/\/roveyayinevi.com.tr\/index.php\/wp-json\/wp\/v2\/product_tag?post=732381"}],"curies":[{"name":"wp","href":"https:\/\/api.w.org\/{rel}","templated":true}]}}