{"id":732286,"date":"2025-08-27T21:47:45","date_gmt":"2025-08-27T18:47:45","guid":{"rendered":"https:\/\/roveyayinevi.com.tr\/index.php\/urun\/devrim-yarasi\/"},"modified":"2026-04-16T02:40:16","modified_gmt":"2026-04-15T23:40:16","slug":"devrim-yarasi","status":"publish","type":"product","link":"https:\/\/roveyayinevi.com.tr\/index.php\/urun\/devrim-yarasi\/","title":{"rendered":"Devrim Yaras\u0131"},"content":{"rendered":"<p>&#8220;Bir g\u00fcn gelecek, ben hayal zannetti\u011finiz b\u00fct\u00fcn bu devrimleri ba\u015faraca\u011f\u0131m. Ba\u011fl\u0131 oldu\u011fum millet, bana inanacakt\u0131r. D\u00fc\u015f\u00fcnd\u00fcklerim hi\u00e7bir demagoji \u00fcr\u00fcn\u00fc de\u011fildir. Bu millet, ger\u00e7e\u011fi g\u00f6r\u00fcnce, arkas\u0131ndan duraksamaks\u0131z\u0131n y\u00fcr\u00fcr. Dava u\u011frunda \u00f6lmesini bilir. Saltanat y\u0131k\u0131lmal\u0131d\u0131r. Din ve devlet i\u015fleri birbirinden ayr\u0131lmal\u0131, Do\u011fu uygarl\u0131\u011f\u0131ndan benli\u011fimizi s\u0131y\u0131rarak Bat\u0131 uygarl\u0131\u011f\u0131na aktar\u0131lmal\u0131y\u0131z. Kad\u0131n ve erkek aras\u0131ndaki ayr\u0131mlar silinerek yeni bir sosyal d\u00fczen kurmal\u0131y\u0131z. Bat\u0131 uygarl\u0131\u011f\u0131na girebilmemize engel olan yaz\u0131y\u0131 atarak Latin k\u00f6k\u00fcnden bir alfabe se\u00e7meli, k\u0131l\u0131k k\u0131yafetimize kadar, her \u015feyimizde Bat\u0131l\u0131lara uymal\u0131y\u0131z. Emin olunuz ki, bunlar\u0131n hepsi bir g\u00fcn olacakt\u0131r.&#8221;Mustafa Kemal, 1906 Yerle\u015fik sosyofizi\u011fin alt \u00fcst oldu\u011fu bir d\u00f6nemin se\u00e7ilmi\u015f travmas\u0131 olan Harf \u0130nk\u0131l\u00e2b\u0131 ile e\u015f zamanl\u0131 olarak uygulamaya konulan ink\u0131l\u00e2plar\u0131n neden oldu\u011fu devrim yaralar\u0131, bu yaralara sebep olan sembollerin sosyok\u00fclt\u00fcrel ya\u015famdaki ger\u00e7ek hacminden ba\u011f\u0131ms\u0131z bir \u015fekilde travmatize olmu\u015ftur. Harf \u0130nk\u0131l\u00e2b\u0131\u2019n\u0131n \u2018ulusu\u2019 ayd\u0131nl\u0131\u011fa \u00e7\u0131kard\u0131\u011f\u0131 yahut tam tersine \u2018milleti\u2019 bir medeniyetin k\u00fclt\u00fcrel birikiminden mahrum b\u0131rakt\u0131\u011f\u0131na dair de\u011ferlendirmeler, hi\u00e7bir zaman sadece s\u00f6z konusu ink\u0131l\u00e2b\u0131n kendisiyle ilgili olmam\u0131\u015ft\u0131r. Asl\u0131nda yas s\u00fcre\u00e7lerinde ya\u015fanan travmalar\u0131n, taraflar\u0131n \u015fimdiki zaman kazan\u0131mlar\u0131na etkisinden ba\u011f\u0131ms\u0131z olmayan bu de\u011ferlendirmeler, b\u00fcy\u00fck y\u0131k\u0131mlardan yara alan toplumlar\u0131n kolektif bilincinde \u00e7e\u015fitli boyutlarda g\u00f6r\u00fclebilen marazlardan kaynaklanmaktad\u0131r. Harf \u0130nk\u0131l\u00e2b\u0131\u2019na dair retorik, ge\u00e7mi\u015finde b\u00fcy\u00fck y\u0131k\u0131mlar ve yeniden aya\u011fa kalmak i\u00e7in g\u00f6sterilmi\u015f kolektif fedak\u00e2rl\u0131klar olan toplumlar\u0131n, &#8216;devrimci kriz&#8217; d\u00f6nemlerinin ard\u0131ndan farkl\u0131 ge\u00e7mi\u015f zaman sembollerine y\u00fckleyerek ta\u015f\u0131d\u0131\u011f\u0131 devrim yaralar\u0131ndan beslenmektedir. Bu zeminde Devrim Yaras\u0131 adl\u0131 bu kitap, m\u00fcsebbibi bir as\u0131r \u00f6nce ger\u00e7ekle\u015ftirilen bir harf de\u011fi\u015fikli\u011fi olarak g\u00f6sterilen karma\u015f\u0131k bir haf\u0131za kayb\u0131 ve travmatik bir ge\u00e7mi\u015f zaman tutulmas\u0131 ya\u015fayan T\u00fcrkiye Cumhuriyeti\u2019nin kurulu\u015f s\u00fcrecini Travma Sosyolojisi ba\u011flam\u0131nda ele almaktad\u0131r. Erken Cumhuriyet D\u00f6nemi sosyok\u00fclt\u00fcrel ink\u0131l\u00e2plar\u0131n\u0131n, hedef ald\u0131\u011f\u0131 t\u00fcm kurum ve kavramlarla birlikte \u2018toplumsal bellek kayb\u0131\u2019 ba\u011flam\u0131nda yeniden ele al\u0131nmas\u0131yla, \u2018yitirilmi\u015f cennet\u2019 ya da \u2018terkedilmi\u015f cehennem\u2019 gibi birbirinden \u00e7ok farkl\u0131 hat\u0131rlamalar\u0131n milad\u0131 olan bir d\u00f6neme dair, sosyopsikolojik a\u00e7\u0131dan y\u00fczle\u015ftirerek iyile\u015ftiren kolektif bir \u2018katarsis\u2019 zemini sa\u011flanmas\u0131 umulmaktad\u0131r.<\/p>\n","protected":false},"excerpt":{"rendered":"<p>&#8220;Bir g\u00fcn gelecek, ben hayal zannetti\u011finiz b\u00fct\u00fcn bu devrimleri ba\u015faraca\u011f\u0131m. Ba\u011fl\u0131 oldu\u011fum millet, bana inanacakt\u0131r. D\u00fc\u015f\u00fcnd\u00fcklerim hi\u00e7bir demagoji \u00fcr\u00fcn\u00fc de\u011fildir. Bu millet, ger\u00e7e\u011fi g\u00f6r\u00fcnce, arkas\u0131ndan duraksamaks\u0131z\u0131n<span class=\"excerpt-hellip\"> [\u2026]<\/span><\/p>\n","protected":false},"featured_media":0,"template":"","meta":{"_monsterinsights_skip_tracking":false,"_monsterinsights_sitenote_active":false,"_monsterinsights_sitenote_note":"","_monsterinsights_sitenote_category":0},"product_brand":[],"product_cat":[16098,12337],"product_tag":[],"class_list":{"0":"post-732286","1":"product","2":"type-product","3":"status-publish","5":"product_cat-politik-akimlar-hareketler","6":"product_cat-politika-siyaset","7":"pa_cilt-ciltsiz","8":"pa_tur-kitap","9":"pa_yayinevi-liberte-yayinlari","10":"pa_yazar-ekrem-saltik","12":"first","13":"instock","14":"sale","15":"shipping-taxable","16":"purchasable","17":"product-type-simple"},"_links":{"self":[{"href":"https:\/\/roveyayinevi.com.tr\/index.php\/wp-json\/wp\/v2\/product\/732286","targetHints":{"allow":["GET"]}}],"collection":[{"href":"https:\/\/roveyayinevi.com.tr\/index.php\/wp-json\/wp\/v2\/product"}],"about":[{"href":"https:\/\/roveyayinevi.com.tr\/index.php\/wp-json\/wp\/v2\/types\/product"}],"wp:attachment":[{"href":"https:\/\/roveyayinevi.com.tr\/index.php\/wp-json\/wp\/v2\/media?parent=732286"}],"wp:term":[{"taxonomy":"product_brand","embeddable":true,"href":"https:\/\/roveyayinevi.com.tr\/index.php\/wp-json\/wp\/v2\/product_brand?post=732286"},{"taxonomy":"product_cat","embeddable":true,"href":"https:\/\/roveyayinevi.com.tr\/index.php\/wp-json\/wp\/v2\/product_cat?post=732286"},{"taxonomy":"product_tag","embeddable":true,"href":"https:\/\/roveyayinevi.com.tr\/index.php\/wp-json\/wp\/v2\/product_tag?post=732286"}],"curies":[{"name":"wp","href":"https:\/\/api.w.org\/{rel}","templated":true}]}}