{"id":732059,"date":"2025-08-27T21:43:22","date_gmt":"2025-08-27T18:43:22","guid":{"rendered":"https:\/\/roveyayinevi.com.tr\/index.php\/urun\/dunyanin-ucundaki-fener-ciltli\/"},"modified":"2026-04-16T02:39:54","modified_gmt":"2026-04-15T23:39:54","slug":"dunyanin-ucundaki-fener-ciltli","status":"publish","type":"product","link":"https:\/\/roveyayinevi.com.tr\/index.php\/urun\/dunyanin-ucundaki-fener-ciltli\/","title":{"rendered":"D\u00fcnya\u2019nin Ucundaki Fener (Ciltli)"},"content":{"rendered":"<p>D\u00fcnya\u2019n\u0131n Ucundaki Fener Jules Verne\u2019in son yap\u0131tlar\u0131ndan olup \u00f6l\u00fcm\u00fcnden sonra, 1905 y\u0131l\u0131nda o\u011flu Michel Verne taraf\u0131ndan yay\u0131mland\u0131. Bilim-kurgu ve spek\u00fclatif edebiyat\u0131n \u00f6nc\u00fc adlar\u0131ndan olan Jules Verne, bu yap\u0131t\u0131nda ger\u00e7ek bir ortamdan, \u0131ss\u0131z Estados Adas\u0131\u2019ndaki deniz fenerinden esinlenmi\u015fti. Yazar\u0131n yap\u0131ttaki titiz co\u011frafi betimlemeleri, ayr\u0131nt\u0131larla \u00f6rd\u00fc\u011f\u00fc denizcilik bilgileri, insanl\u0131\u011f\u0131n ufkunda ya\u015fanan bir ser\u00fcvenin hem dekorunu hem ara\u00e7lar\u0131n\u0131 olu\u015fturuyordu. 1859 k\u0131\u015f\u0131nda \u00e7al\u0131\u015fmaya ba\u015flayan fenerin ilk bek\u00e7ileri Vasquez, Felipe ve Moriz, G\u00fcney Atlantik\u2019in g\u00fcneydo\u011fu ucunda, iki okyanusu birbirine ba\u011flayan ticaret gemilerine k\u0131lavuzluk ederken, \u00e7ok ge\u00e7meden adada yaln\u0131z olmad\u0131klar\u0131n\u0131 sezeceklerdi. En \u00e7etin do\u011fa ko\u015fullar\u0131na dayan\u0131kl\u0131 in\u015fa edilmi\u015f olan bu fener, uygarl\u0131\u011f\u0131n s\u0131n\u0131r\u0131nda ya\u015famaktan beslenen sinsi d\u00fc\u015fmanlara da ayn\u0131 \u015fekilde dayanabilecek miydi? Jules Verne ak\u0131l ile g\u00fcc\u00fcn, nitelik ile niceli\u011fin, hesap ile h\u0131rs\u0131n k\u0131yas\u0131ya \u00e7eki\u015fti\u011fi \u00f6nc\u00fc bir ser\u00fcven \u00f6yk\u00fcs\u00fc sunuyor okura. <\/p>\n","protected":false},"excerpt":{"rendered":"<p>D\u00fcnya\u2019n\u0131n Ucundaki Fener Jules Verne\u2019in son yap\u0131tlar\u0131ndan olup \u00f6l\u00fcm\u00fcnden sonra, 1905 y\u0131l\u0131nda o\u011flu Michel Verne taraf\u0131ndan yay\u0131mland\u0131. Bilim-kurgu ve spek\u00fclatif edebiyat\u0131n \u00f6nc\u00fc adlar\u0131ndan olan Jules Verne,<span class=\"excerpt-hellip\"> [\u2026]<\/span><\/p>\n","protected":false},"featured_media":0,"template":"","meta":{"_monsterinsights_skip_tracking":false,"_monsterinsights_sitenote_active":false,"_monsterinsights_sitenote_note":"","_monsterinsights_sitenote_category":0},"product_brand":[],"product_cat":[12291,26797],"product_tag":[],"class_list":{"0":"post-732059","1":"product","2":"type-product","3":"status-publish","5":"product_cat-edebiyat","6":"product_cat-modern-klasikler","7":"pa_cilt-ciltli","8":"pa_tur-kitap","9":"pa_yayinevi-is-bankasi-kultur-yayinlari","10":"pa_yazar-jules-verne","12":"first","13":"instock","14":"sale","15":"shipping-taxable","16":"purchasable","17":"product-type-simple"},"_links":{"self":[{"href":"https:\/\/roveyayinevi.com.tr\/index.php\/wp-json\/wp\/v2\/product\/732059","targetHints":{"allow":["GET"]}}],"collection":[{"href":"https:\/\/roveyayinevi.com.tr\/index.php\/wp-json\/wp\/v2\/product"}],"about":[{"href":"https:\/\/roveyayinevi.com.tr\/index.php\/wp-json\/wp\/v2\/types\/product"}],"wp:attachment":[{"href":"https:\/\/roveyayinevi.com.tr\/index.php\/wp-json\/wp\/v2\/media?parent=732059"}],"wp:term":[{"taxonomy":"product_brand","embeddable":true,"href":"https:\/\/roveyayinevi.com.tr\/index.php\/wp-json\/wp\/v2\/product_brand?post=732059"},{"taxonomy":"product_cat","embeddable":true,"href":"https:\/\/roveyayinevi.com.tr\/index.php\/wp-json\/wp\/v2\/product_cat?post=732059"},{"taxonomy":"product_tag","embeddable":true,"href":"https:\/\/roveyayinevi.com.tr\/index.php\/wp-json\/wp\/v2\/product_tag?post=732059"}],"curies":[{"name":"wp","href":"https:\/\/api.w.org\/{rel}","templated":true}]}}