{"id":732004,"date":"2025-08-27T21:42:16","date_gmt":"2025-08-27T18:42:16","guid":{"rendered":"https:\/\/roveyayinevi.com.tr\/index.php\/urun\/aksemseddin-hazretlerinin-izinde\/"},"modified":"2026-04-16T02:39:53","modified_gmt":"2026-04-15T23:39:53","slug":"aksemseddin-hazretlerinin-izinde","status":"publish","type":"product","link":"https:\/\/roveyayinevi.com.tr\/index.php\/urun\/aksemseddin-hazretlerinin-izinde\/","title":{"rendered":"Ak\u015femseddin Hazretlerinin \u0130zinde"},"content":{"rendered":"<p>Osmanl\u0131 devrinde ya\u015fam\u0131\u015f, T\u00fcrk d\u00fcnyas\u0131n\u0131n y\u0131ld\u0131zlar\u0131ndan biri olan Ak\u015femseddin, \u00fclkemiz insanlar\u0131nca gerekti\u011fi \u015fekilde tan\u0131nmayan bir isimdir. Osmanl\u0131 d\u00f6neminde \u00fclkesine \u0131\u015f\u0131k olmu\u015f, ufuklar a\u00e7an Ak\u015femseddin Hac\u0131 Bayram-\u0131 Veli\u2019nin halifesi olunca Ankara, Beypazar\u0131\u2019ndan sonra \u00f6mr\u00fcn\u00fcn bir k\u0131sm\u0131n\u0131 \u0130skilip\u2019te ge\u00e7irmi\u015f, buradan G\u00f6yn\u00fck\u2019e gitmi\u015ftir. Ancak Ak\u015femseddin\u2019in burada ya\u015famas\u0131, N\u00fbrulh\u00fcda isimli o\u011flunun ve ailesinden bir k\u0131sm\u0131n\u0131n mezarlar\u0131n\u0131n \u0130skilip\u2019te bulunmas\u0131 g\u00fcn\u00fcm\u00fczde pek bilinmez. Bunlar\u0131n yan\u0131nda burada Ak\u015femseddin\u2019in yapt\u0131rd\u0131\u011f\u0131 ah\u015fap caminin varl\u0131\u011f\u0131n\u0131 da bilen azd\u0131r. Yak\u0131n zamanlara kadar \u0130skilip Evlik\u2019teki Ak\u015femseddin Camisi hakk\u0131nda bir \u00e7al\u0131\u015fma yap\u0131lmam\u0131\u015ft\u0131. Bu noksanl\u0131ktan hareket ederek bir \u00e7al\u0131\u015fma yapt\u0131k. Daha sonra ar\u015fiv uzman\u0131 rahmetli \u015eakir Duran ile Evlik Ak\u015femseddin vakf\u0131 hakk\u0131nda \u00e7e\u015fitli g\u00f6r\u00fc\u015fmelerimiz olmu\u015f, onun Ak\u015femseddin ve Evlik hakk\u0131nda ar\u015fiv taramalar\u0131nda toplad\u0131\u011f\u0131 belgeleri g\u00f6rm\u00fc\u015ft\u00fck. Bu belgeler Ak\u015femseddin\u2019in \u0130skilip\u2019e geli\u015fi ve ya\u015fad\u0131\u011f\u0131 di\u011fer yerler konusunda daha geni\u015f ve kapsaml\u0131 bir \u00e7al\u0131\u015fma yap\u0131lmas\u0131 gerekti\u011fini ortaya \u00e7\u0131kard\u0131. \u015eakir Duran\u2019\u0131n ar\u015fivde bulduklar\u0131 ve bizim de bulduklar\u0131m\u0131z birlikte belge say\u0131s\u0131 100\u2019\u00fc ge\u00e7ti. Bu belgelerde Ak\u015femseddin vakf\u0131 olarak ismi ge\u00e7en \u0130skilip, Beypazar\u0131, G\u00f6yn\u00fck, Eskipazar, Develi ve Niksar gibi \u015fehirleri \u015eaban G\u00fcnd\u00fcz\u2019le \u015eakir Duran birlikte dola\u015farak, bir Ak\u015femseddin belgeseli yapt\u0131rd\u0131klar\u0131n\u0131 biliyoruz. Bu durum bizi Ak\u015femseddin hakk\u0131nda daha \u00f6nce yap\u0131lm\u0131\u015f olan ilmi \u00e7al\u0131\u015fmalara g\u00f6re daha farkl\u0131 bir bak\u0131\u015f a\u00e7\u0131s\u0131 ile onu anlatmaya sevketti. Ak\u015femseddin\u2019in ya\u015fad\u0131\u011f\u0131 yerlerde g\u00fcn\u00fcm\u00fcze gelen eserlerini ve \u0130skilip\u2019teki tekkesini ar\u015fiv belgeleri ve \u00e7e\u015fitli kaynaklara dayanarak ele almaya \u00e7al\u0131\u015ft\u0131k. Bu \u00e7al\u0131\u015fmada \u00f6nce Ak\u015femseddin\u2019in hayat\u0131, evlatlar\u0131, halifeleri ve ba\u015fta G\u00f6yn\u00fck olmak \u00fczere ya\u015fad\u0131\u011f\u0131 \u00e7e\u015fitli \u015fehirlerde onun ad\u0131n\u0131 ta\u015f\u0131yan yap\u0131lara k\u0131saca de\u011finilmi\u015ftir. Daha sonra \u0130skilip \u0130l\u00e7esinin Evlik K\u00f6y\u00fc\u2019ndeki tekkesinden kalan cami ve t\u00fcrbeler ile Ak\u015femseddin\u2019in s\u00f6zkonusu \u015fehirler d\u0131\u015f\u0131nda ya\u015fam\u0131\u015f torunlar\u0131 ele al\u0131nm\u0131\u015ft\u0131r. Ba\u015fta rahmetli \u015eakir Duran olmak \u00fczere bu \u00e7al\u0131\u015fmada belge, foto\u011fraf gibi \u00e7e\u015fitli konularda ve kitab\u0131n bas\u0131m\u0131nda bana yard\u0131mc\u0131 olan dostlar\u0131ma te\u015fekk\u00fcr ederim.&#8221;<\/p>\n","protected":false},"excerpt":{"rendered":"<p>Osmanl\u0131 devrinde ya\u015fam\u0131\u015f, T\u00fcrk d\u00fcnyas\u0131n\u0131n y\u0131ld\u0131zlar\u0131ndan biri olan Ak\u015femseddin, \u00fclkemiz insanlar\u0131nca gerekti\u011fi \u015fekilde tan\u0131nmayan bir isimdir. Osmanl\u0131 d\u00f6neminde \u00fclkesine \u0131\u015f\u0131k olmu\u015f, ufuklar a\u00e7an Ak\u015femseddin Hac\u0131 Bayram-\u0131<span class=\"excerpt-hellip\"> [\u2026]<\/span><\/p>\n","protected":false},"featured_media":0,"template":"","meta":{"_monsterinsights_skip_tracking":false,"_monsterinsights_sitenote_active":false,"_monsterinsights_sitenote_note":"","_monsterinsights_sitenote_category":0},"product_brand":[],"product_cat":[13946,12304],"product_tag":[],"class_list":{"0":"post-732004","1":"product","2":"type-product","3":"status-publish","5":"product_cat-biyografi-otobiyografi","6":"product_cat-tarih","7":"pa_cilt-ciltsiz","8":"pa_tur-kitap","9":"pa_yayinevi-net-kitaplik-yayincilik","10":"pa_yazar-ali-kilci","12":"first","13":"instock","14":"sale","15":"shipping-taxable","16":"purchasable","17":"product-type-simple"},"_links":{"self":[{"href":"https:\/\/roveyayinevi.com.tr\/index.php\/wp-json\/wp\/v2\/product\/732004","targetHints":{"allow":["GET"]}}],"collection":[{"href":"https:\/\/roveyayinevi.com.tr\/index.php\/wp-json\/wp\/v2\/product"}],"about":[{"href":"https:\/\/roveyayinevi.com.tr\/index.php\/wp-json\/wp\/v2\/types\/product"}],"wp:attachment":[{"href":"https:\/\/roveyayinevi.com.tr\/index.php\/wp-json\/wp\/v2\/media?parent=732004"}],"wp:term":[{"taxonomy":"product_brand","embeddable":true,"href":"https:\/\/roveyayinevi.com.tr\/index.php\/wp-json\/wp\/v2\/product_brand?post=732004"},{"taxonomy":"product_cat","embeddable":true,"href":"https:\/\/roveyayinevi.com.tr\/index.php\/wp-json\/wp\/v2\/product_cat?post=732004"},{"taxonomy":"product_tag","embeddable":true,"href":"https:\/\/roveyayinevi.com.tr\/index.php\/wp-json\/wp\/v2\/product_tag?post=732004"}],"curies":[{"name":"wp","href":"https:\/\/api.w.org\/{rel}","templated":true}]}}