{"id":731979,"date":"2025-08-27T21:41:48","date_gmt":"2025-08-27T18:41:48","guid":{"rendered":"https:\/\/roveyayinevi.com.tr\/index.php\/urun\/ilhan-koman-sozlugu\/"},"modified":"2026-04-16T02:39:52","modified_gmt":"2026-04-15T23:39:52","slug":"ilhan-koman-sozlugu","status":"publish","type":"product","link":"https:\/\/roveyayinevi.com.tr\/index.php\/urun\/ilhan-koman-sozlugu\/","title":{"rendered":"\u0130lhan Koman S\u00f6zl\u00fc\u011f\u00fc"},"content":{"rendered":"<p>\u00c7al\u0131\u015fmalar\u0131 1950\u2019lerden itibaren uluslararas\u0131 yay\u0131nlarda de\u011ferlendirilen, Venedik, S\u00e3o Paulo Bienali\u2019nde g\u00f6sterilen, MoMA\u2019dan Moderna Museet\u2019e kadar bir\u00e7ok \u00f6nemli m\u00fcze koleksiyonunda temsil edilen Koman, \u00f6zellikle \u0130sve\u00e7\u2019te kamusal alanlarda ger\u00e7ekle\u015ftirdi\u011fi heykelleriyle d\u00fcnya sanat tarihine ge\u00e7mi\u015f bir yarat\u0131c\u0131d\u0131r. Ayn\u0131 zamanda Hulda adl\u0131 teknesini T\u00fcrkiye ve Avrupa\u2019n\u0131n yarat\u0131c\u0131 insanlar\u0131yla birlikte bir evden \u00e7ok, kendine ait bir d\u00fcnyaya d\u00f6n\u00fc\u015ft\u00fcren bir dervi\u015ftir. \u0130lhan Koman\u2019\u0131n geli\u015ftirdi\u011fi formlar\u0131n \u00e7ekicili\u011fi, hangi malzemeyi kullan\u0131rsa kullans\u0131n m\u00fckemmel bir el eme\u011fi, bilek g\u00fcc\u00fcn\u00fcn eseri olduklar\u0131 i\u00e7in izleyenlerde dokunma duygusunu tetikleyen bir b\u00fcy\u00fcye sahip olmalar\u0131nda yatar. Onun T\u00fcrk, Frans\u0131z ve \u0130sve\u00e7 k\u00fclt\u00fcrlerini ak\u0131l almaz bi\u00e7imde harmanlayarak olu\u015fturdu\u011fu k\u00fclt\u00fcrleraras\u0131 ya\u015fam, \u00fcretim ve payla\u015f\u0131ma a\u00e7ma s\u00fcre\u00e7leri e\u015fsizdir.  <\/p>\n","protected":false},"excerpt":{"rendered":"<p>\u00c7al\u0131\u015fmalar\u0131 1950\u2019lerden itibaren uluslararas\u0131 yay\u0131nlarda de\u011ferlendirilen, Venedik, S\u00e3o Paulo Bienali\u2019nde g\u00f6sterilen, MoMA\u2019dan Moderna Museet\u2019e kadar bir\u00e7ok \u00f6nemli m\u00fcze koleksiyonunda temsil edilen Koman, \u00f6zellikle \u0130sve\u00e7\u2019te kamusal alanlarda<span class=\"excerpt-hellip\"> [\u2026]<\/span><\/p>\n","protected":false},"featured_media":0,"template":"","meta":{"_monsterinsights_skip_tracking":false,"_monsterinsights_sitenote_active":false,"_monsterinsights_sitenote_note":"","_monsterinsights_sitenote_category":0},"product_brand":[],"product_cat":[44608,12408],"product_tag":[],"class_list":{"0":"post-731979","1":"product","2":"type-product","3":"status-publish","5":"product_cat-diger-sanat","6":"product_cat-sanat","7":"pa_cilt-ciltsiz","8":"pa_tur-kitap","9":"pa_yayinevi-dogan-kitap","10":"pa_yazar-necmi-sonmez","12":"first","13":"instock","14":"sale","15":"shipping-taxable","16":"purchasable","17":"product-type-simple"},"_links":{"self":[{"href":"https:\/\/roveyayinevi.com.tr\/index.php\/wp-json\/wp\/v2\/product\/731979","targetHints":{"allow":["GET"]}}],"collection":[{"href":"https:\/\/roveyayinevi.com.tr\/index.php\/wp-json\/wp\/v2\/product"}],"about":[{"href":"https:\/\/roveyayinevi.com.tr\/index.php\/wp-json\/wp\/v2\/types\/product"}],"wp:attachment":[{"href":"https:\/\/roveyayinevi.com.tr\/index.php\/wp-json\/wp\/v2\/media?parent=731979"}],"wp:term":[{"taxonomy":"product_brand","embeddable":true,"href":"https:\/\/roveyayinevi.com.tr\/index.php\/wp-json\/wp\/v2\/product_brand?post=731979"},{"taxonomy":"product_cat","embeddable":true,"href":"https:\/\/roveyayinevi.com.tr\/index.php\/wp-json\/wp\/v2\/product_cat?post=731979"},{"taxonomy":"product_tag","embeddable":true,"href":"https:\/\/roveyayinevi.com.tr\/index.php\/wp-json\/wp\/v2\/product_tag?post=731979"}],"curies":[{"name":"wp","href":"https:\/\/api.w.org\/{rel}","templated":true}]}}