{"id":731898,"date":"2025-08-27T21:40:24","date_gmt":"2025-08-27T18:40:24","guid":{"rendered":"https:\/\/roveyayinevi.com.tr\/index.php\/urun\/enflasyon-hedeflemesi-kuram-ve-turkiye-uygulamasi\/"},"modified":"2026-04-16T02:39:50","modified_gmt":"2026-04-15T23:39:50","slug":"enflasyon-hedeflemesi-kuram-ve-turkiye-uygulamasi","status":"publish","type":"product","link":"https:\/\/roveyayinevi.com.tr\/index.php\/urun\/enflasyon-hedeflemesi-kuram-ve-turkiye-uygulamasi\/","title":{"rendered":"Enflasyon Hedeflemesi &#8211; Kuram Ve T\u00fcrkiye Uygulamas\u0131"},"content":{"rendered":"<p>1970\u2019lerde ya\u015fanan krizle birlikte, \u00fclkeler parasal s\u0131k\u0131la\u015ft\u0131rmaya dayal\u0131 para politikalar\u0131na (monetarizm) d\u00f6n\u00fc\u015f yapt\u0131. Kurala dayal\u0131 para politikas\u0131 uygulanmaya ba\u015flad\u0131. Bu uygulamay\u0131 para kurulu ve enflasyon hedeflemesi takip etti. Fiyat istikrar\u0131 odakl\u0131 enflasyon hedeflemesi bir\u00e7ok \u00fclkede ba\u015far\u0131l\u0131 oldu. Enflasyon hedeflemesi, Taylor Kural\u0131\u2019na dayal\u0131, h\u00fck\u00fcmete belli k\u0131s\u0131tlar koyan, merkez bankas\u0131na ama\u00e7 ve ara\u00e7 ba\u011f\u0131ms\u0131zl\u0131\u011f\u0131 verilmesini gerektiren bir para politikas\u0131 tercihidir. Bundan dolay\u0131 da kimi zaman para otoritesi merkez bankas\u0131 ile maliye politikas\u0131 otoritesi h\u00fck\u00fcmet aras\u0131nda \u00e7at\u0131\u015fmalara sebep olabilmektedir. Enflasyon Hedeflemesi\u2019nde, Taylor Modeli, T\u00fcrkiye ekonomisi i\u00e7in uygulanm\u0131\u015ft\u0131r. Enflasyon, enflasyon hedeflemesi ve enflasyon beklentileri geni\u015f bir bak\u0131\u015f a\u00e7\u0131s\u0131yla ekonometrik olarak incelenmi\u015ftir. Bununla birlikte, enflasyon \u00f6l\u00e7\u00fcm\u00fcnden enflasyonun kuramsal \u00e7er\u00e7evesine, merkez bankas\u0131 ba\u011f\u0131ms\u0131zl\u0131\u011f\u0131ndan enflasyon hedeflemesine kadar enflasyona dair bilinmesi gereken t\u00fcm olgular bu kitapta yer almaktad\u0131r. \u201cM\u00fckemmel ve ebedi bir para politikas\u0131 paradigmas\u0131 olabilir mi? Parasal ekonominin i\u00e7erdi\u011fi siyasi-ekonomik ili\u015fkilerin ve bunlar\u0131 ta\u015f\u0131yan kurumlar\u0131n s\u00fcrekli de\u011fi\u015fim ve d\u00f6n\u00fc\u015f\u00fcm halinde olmas\u0131 bu soruya olumlu cevap vermeyi engelliyor. Bundan \u00f6ncekiler gibi, enflasyon hedeflemesi de ortaya \u00e7\u0131kt\u0131\u011f\u0131 d\u00f6nemin ve ekonomilerin \u00f6zg\u00fcl ko\u015fullar\u0131 taraf\u0131ndan \u00e7er\u00e7evelenmi\u015ftir ve teori-uygulama d\u00fczeyinde ciddi hata ve eksikler bar\u0131nd\u0131r\u0131r. Velhas\u0131l ne evrensel, ne de m\u00fckemmeldir. Olsa olsa, belirli bir zaman aral\u0131\u011f\u0131nda d\u00fcnyan\u0131n belirli bir co\u011frafyas\u0131nda nominal \u00e7apa i\u015flevini ba\u015far\u0131yla \u00fcstlenmi\u015ftir. Ancak, buradan enflasyon hedeflemesinin i\u015fe yaramayaca\u011f\u0131 sonucuna var\u0131lmamal\u0131d\u0131r. Tersine, bundan sonra geli\u015ftirilecek yeni para politikas\u0131 yakla\u015f\u0131m\u0131 g\u00f6kten zembille inmeyecek, tan\u0131m gere\u011fi enflasyon hedeflemesi \u00fczerine in\u015fa edilecektir.\u201d Asaf Sava\u015f Akat\u2019\u0131n \u00d6ns\u00f6z\u2019\u00fcnden<\/p>\n","protected":false},"excerpt":{"rendered":"<p>1970\u2019lerde ya\u015fanan krizle birlikte, \u00fclkeler parasal s\u0131k\u0131la\u015ft\u0131rmaya dayal\u0131 para politikalar\u0131na (monetarizm) d\u00f6n\u00fc\u015f yapt\u0131. Kurala dayal\u0131 para politikas\u0131 uygulanmaya ba\u015flad\u0131. Bu uygulamay\u0131 para kurulu ve enflasyon hedeflemesi<span class=\"excerpt-hellip\"> [\u2026]<\/span><\/p>\n","protected":false},"featured_media":0,"template":"","meta":{"_monsterinsights_skip_tracking":false,"_monsterinsights_sitenote_active":false,"_monsterinsights_sitenote_note":"","_monsterinsights_sitenote_category":0},"product_brand":[],"product_cat":[14841,13043],"product_tag":[],"class_list":{"0":"post-731898","1":"product","2":"type-product","3":"status-publish","5":"product_cat-arastirma-inceleme-kuram","6":"product_cat-ekonomi","7":"pa_cilt-ciltsiz","8":"pa_tur-kitap","9":"pa_yayinevi-efil-yayinevi","10":"pa_yazar-omer-faruk-colak-atilla-gokce","12":"first","13":"instock","14":"sale","15":"shipping-taxable","16":"purchasable","17":"product-type-simple"},"_links":{"self":[{"href":"https:\/\/roveyayinevi.com.tr\/index.php\/wp-json\/wp\/v2\/product\/731898","targetHints":{"allow":["GET"]}}],"collection":[{"href":"https:\/\/roveyayinevi.com.tr\/index.php\/wp-json\/wp\/v2\/product"}],"about":[{"href":"https:\/\/roveyayinevi.com.tr\/index.php\/wp-json\/wp\/v2\/types\/product"}],"wp:attachment":[{"href":"https:\/\/roveyayinevi.com.tr\/index.php\/wp-json\/wp\/v2\/media?parent=731898"}],"wp:term":[{"taxonomy":"product_brand","embeddable":true,"href":"https:\/\/roveyayinevi.com.tr\/index.php\/wp-json\/wp\/v2\/product_brand?post=731898"},{"taxonomy":"product_cat","embeddable":true,"href":"https:\/\/roveyayinevi.com.tr\/index.php\/wp-json\/wp\/v2\/product_cat?post=731898"},{"taxonomy":"product_tag","embeddable":true,"href":"https:\/\/roveyayinevi.com.tr\/index.php\/wp-json\/wp\/v2\/product_tag?post=731898"}],"curies":[{"name":"wp","href":"https:\/\/api.w.org\/{rel}","templated":true}]}}