{"id":731790,"date":"2025-08-27T21:38:27","date_gmt":"2025-08-27T18:38:27","guid":{"rendered":"https:\/\/roveyayinevi.com.tr\/index.php\/urun\/baskomutan-emsalsiz-lider\/"},"modified":"2026-04-16T02:39:47","modified_gmt":"2026-04-15T23:39:47","slug":"baskomutan-emsalsiz-lider","status":"publish","type":"product","link":"https:\/\/roveyayinevi.com.tr\/index.php\/urun\/baskomutan-emsalsiz-lider\/","title":{"rendered":"Ba\u015fkomutan Emsalsiz Lider"},"content":{"rendered":"<p>Ba\u015fkomutan kitab\u0131, T\u00fcrk milletinin varolu\u015f m\u00fccadelesini Mustafa Kemal\u2019in askeri kariyerini izleyerek anlat\u0131yor. Onun hangi kritik d\u00f6nemde, hangi hayati karar\u0131, nelere dayanarak ald\u0131\u011f\u0131n\u0131 ve bunlar\u0131n sonu\u00e7lar\u0131n\u0131 tart\u0131\u015f\u0131yor. Sadece siyasi durum ve g\u00fc\u00e7 ili\u015fkileri a\u00e7\u0131s\u0131ndan de\u011fil, arazi bilgisi ve insan psikolojisi a\u00e7\u0131s\u0131ndan da Mustafa Kemal\u2019in tercih ve aksiyonlar\u0131n\u0131 analiz ediyor. Ahmet Yavuz bizi hem arazide hem ar\u015fivlerde bir zaman yolculu\u011funa \u00e7\u0131kar\u0131yor ama ayaklar\u0131m\u0131z\u0131 bug\u00fcne bast\u0131rarak\u2026 Mustafa Kemal\u2019in izinde bug\u00fcn\u00fc daha iyi anlamak, onu gelece\u011fe ta\u015f\u0131mak i\u00e7in. <\/p>\n","protected":false},"excerpt":{"rendered":"<p>Ba\u015fkomutan kitab\u0131, T\u00fcrk milletinin varolu\u015f m\u00fccadelesini Mustafa Kemal\u2019in askeri kariyerini izleyerek anlat\u0131yor. Onun hangi kritik d\u00f6nemde, hangi hayati karar\u0131, nelere dayanarak ald\u0131\u011f\u0131n\u0131 ve bunlar\u0131n sonu\u00e7lar\u0131n\u0131 tart\u0131\u015f\u0131yor.<span class=\"excerpt-hellip\"> [\u2026]<\/span><\/p>\n","protected":false},"featured_media":0,"template":"","meta":{"_monsterinsights_skip_tracking":false,"_monsterinsights_sitenote_active":false,"_monsterinsights_sitenote_note":"","_monsterinsights_sitenote_category":0},"product_brand":[],"product_cat":[12530,12304],"product_tag":[],"class_list":{"0":"post-731790","1":"product","2":"type-product","3":"status-publish","5":"product_cat-mustafa-kemal-ataturk","6":"product_cat-tarih","7":"pa_cilt-ciltsiz","8":"pa_tur-kitap","9":"pa_yayinevi-kirmizi-kedi-yayinevi","10":"pa_yazar-ahmet-yavuz","12":"first","13":"instock","14":"sale","15":"shipping-taxable","16":"purchasable","17":"product-type-simple"},"_links":{"self":[{"href":"https:\/\/roveyayinevi.com.tr\/index.php\/wp-json\/wp\/v2\/product\/731790","targetHints":{"allow":["GET"]}}],"collection":[{"href":"https:\/\/roveyayinevi.com.tr\/index.php\/wp-json\/wp\/v2\/product"}],"about":[{"href":"https:\/\/roveyayinevi.com.tr\/index.php\/wp-json\/wp\/v2\/types\/product"}],"wp:attachment":[{"href":"https:\/\/roveyayinevi.com.tr\/index.php\/wp-json\/wp\/v2\/media?parent=731790"}],"wp:term":[{"taxonomy":"product_brand","embeddable":true,"href":"https:\/\/roveyayinevi.com.tr\/index.php\/wp-json\/wp\/v2\/product_brand?post=731790"},{"taxonomy":"product_cat","embeddable":true,"href":"https:\/\/roveyayinevi.com.tr\/index.php\/wp-json\/wp\/v2\/product_cat?post=731790"},{"taxonomy":"product_tag","embeddable":true,"href":"https:\/\/roveyayinevi.com.tr\/index.php\/wp-json\/wp\/v2\/product_tag?post=731790"}],"curies":[{"name":"wp","href":"https:\/\/api.w.org\/{rel}","templated":true}]}}