{"id":731688,"date":"2025-08-27T21:36:52","date_gmt":"2025-08-27T18:36:52","guid":{"rendered":"https:\/\/roveyayinevi.com.tr\/index.php\/urun\/adalete-adanan-yillar-m\/"},"modified":"2026-04-16T02:39:44","modified_gmt":"2026-04-15T23:39:44","slug":"adalete-adanan-yillar-m","status":"publish","type":"product","link":"https:\/\/roveyayinevi.com.tr\/index.php\/urun\/adalete-adanan-yillar-m\/","title":{"rendered":"Adalete Adanan Y\u0131llar-M"},"content":{"rendered":"<p>\u201cAdalet \u0130nsan\u0131\u201d kavram\u0131n\u0131 y\u0131llard\u0131r duyduk mu ? Sahi bu adalet insan\u0131 kimdir, kim olmal\u0131d\u0131r, ne yapmal\u0131d\u0131r, hi\u00e7 d\u00fc\u015f\u00fcnd\u00fck m\u00fc ? Kulaklar\u0131m\u0131z\u0131 y\u0131rtarcas\u0131na, g\u00f6z\u00fcm\u00fcz\u00fcn i\u00e7ine sokarcas\u0131na, ruhumuza i\u015flercesine,  y\u0131llarca hi\u00e7 i\u015fittik mi ? Bu kavram\u0131n i\u00e7ini doldurup, unsurlar\u0131n\u0131 belirleyip, ilkelerini olu\u015fturup, ruhunu tan\u0131mlay\u0131p i\u00e7selle\u015ftirdik mi ?  Adalet insan\u0131 kavram\u0131n\u0131 y\u00fcceltecek bir \u015feyler yapt\u0131k m\u0131? Yoksa d\u00fc\u015fene bir de sen vur bab\u0131ndan davran\u0131\u015flar m\u0131 sergiledik.  Elbette ki; do\u011frular\u0131 bilmek \u00f6nemlidir, gereklidir ve \u015fartt\u0131r ancak yeterli de\u011fildir. \u015eeytan da b\u00fct\u00fcn do\u011frular\u0131 bilir amma melekle ayr\u0131lan fark\u0131 do\u011frular\u0131 uygulama iradesi ve icraat\u0131d\u0131r. Adalet insan\u0131 olmak i\u00e7in gereken ve herkes\u00e7e bilinen do\u011frular\u0131 uygulayacak meslek etiklerine inan\u0131p, hayata ge\u00e7irmek i\u00e7in maliyetlerine ra\u011fmen fedakarca \u00e7al\u0131\u015fan \u00f6rnek adalet insanlar\u0131na ihtiya\u00e7 var.  Elbette do\u011fru. Ancak; sistem ger\u00e7ekten nitelikli adalet insan\u0131 \u00fcretemedi veya \u00fcretmek istemedi. Belki de ona gereken, hukuk ve adaletin gere\u011fini yapan adalet insanlar\u0131 de\u011fil de, gerekti\u011finde \u201ci\u015fine yarayacak\u201d  hukuk fig\u00fcrleri, hatta hukuk fig\u00fcranlar\u0131yd\u0131\u2026. Belki de bunu ba\u015farmay\u0131 da bildi.  Onu, herkese, her bir ki\u015fiye ve her kesime; s\u0131rf ve sadece ve yaln\u0131zca  \u201cadalet da\u011f\u0131tan\u201d bir ortak\u00e7a benimsenen onurlu \u00fclk\u00fcm\u00fcz yapt\u0131k m\u0131?  Oysa; \u201cadalet insan\u0131n\u0131\u201d her yerde, her zamanda, her zeminde, derhal ve behemehal, herkesten ve her kesimden \u00e7ok bizim, bizlerin, hepimizin,  ba\u015fkalar\u0131na b\u0131rakmaks\u0131z\u0131n birlikte olu\u015fturmam\u0131z gerekmez miydi ?  Ke\u015fke; S\u00f6z\u00fcm\u00fcz hi\u00e7 bitmese, zorda, darda, tasada ve sevin\u00e7te ortak olsak, adaleti birlikte omuzlay\u0131p, mutlak ve maddi adaleti ger\u00e7ekle\u015ftirsek..!  Ke\u015fke;-Rende olmasak hep sana hep sana,-Keser olmasak hep bana hep bana, -Testere misali tam ortadan b\u00f6lsek, b\u00f6l\u00fc\u015ft\u00fcrsek.  Tam adalet terazisinin hassas ibresinde \u00f6l\u00e7erek hep mazluma,  masuma, ma\u011fdura, m\u00fc\u015ftekiye, zulme d\u00fc\u00e7ar olmu\u015fa deva, merhem,  ila\u00e7, derman olsak. Olabilsek\u2026!<\/p>\n","protected":false},"excerpt":{"rendered":"<p>\u201cAdalet \u0130nsan\u0131\u201d kavram\u0131n\u0131 y\u0131llard\u0131r duyduk mu ? Sahi bu adalet insan\u0131 kimdir, kim olmal\u0131d\u0131r, ne yapmal\u0131d\u0131r, hi\u00e7 d\u00fc\u015f\u00fcnd\u00fck m\u00fc ? Kulaklar\u0131m\u0131z\u0131 y\u0131rtarcas\u0131na, g\u00f6z\u00fcm\u00fcz\u00fcn i\u00e7ine sokarcas\u0131na, ruhumuza<span class=\"excerpt-hellip\"> [\u2026]<\/span><\/p>\n","protected":false},"featured_media":0,"template":"","meta":{"_monsterinsights_skip_tracking":false,"_monsterinsights_sitenote_active":false,"_monsterinsights_sitenote_note":"","_monsterinsights_sitenote_category":0},"product_brand":[],"product_cat":[13701,12291],"product_tag":[],"class_list":{"0":"post-731688","1":"product","2":"type-product","3":"status-publish","5":"product_cat-ani-mektup-gunluk","6":"product_cat-edebiyat","7":"pa_cilt-ciltsiz","8":"pa_tur-kitap","9":"pa_yayinevi-gulnar-yayinlari","10":"pa_yazar-mustafa-arslanturk","12":"first","13":"instock","14":"sale","15":"shipping-taxable","16":"purchasable","17":"product-type-simple"},"_links":{"self":[{"href":"https:\/\/roveyayinevi.com.tr\/index.php\/wp-json\/wp\/v2\/product\/731688","targetHints":{"allow":["GET"]}}],"collection":[{"href":"https:\/\/roveyayinevi.com.tr\/index.php\/wp-json\/wp\/v2\/product"}],"about":[{"href":"https:\/\/roveyayinevi.com.tr\/index.php\/wp-json\/wp\/v2\/types\/product"}],"wp:attachment":[{"href":"https:\/\/roveyayinevi.com.tr\/index.php\/wp-json\/wp\/v2\/media?parent=731688"}],"wp:term":[{"taxonomy":"product_brand","embeddable":true,"href":"https:\/\/roveyayinevi.com.tr\/index.php\/wp-json\/wp\/v2\/product_brand?post=731688"},{"taxonomy":"product_cat","embeddable":true,"href":"https:\/\/roveyayinevi.com.tr\/index.php\/wp-json\/wp\/v2\/product_cat?post=731688"},{"taxonomy":"product_tag","embeddable":true,"href":"https:\/\/roveyayinevi.com.tr\/index.php\/wp-json\/wp\/v2\/product_tag?post=731688"}],"curies":[{"name":"wp","href":"https:\/\/api.w.org\/{rel}","templated":true}]}}