{"id":731569,"date":"2025-08-27T21:34:16","date_gmt":"2025-08-27T18:34:16","guid":{"rendered":"https:\/\/roveyayinevi.com.tr\/index.php\/urun\/kum-ve-kopuk-ciltli\/"},"modified":"2026-04-16T02:39:42","modified_gmt":"2026-04-15T23:39:42","slug":"kum-ve-kopuk-ciltli","status":"publish","type":"product","link":"https:\/\/roveyayinevi.com.tr\/index.php\/urun\/kum-ve-kopuk-ciltli\/","title":{"rendered":"Kum Ve K\u00f6p\u00fck (Ciltli)"},"content":{"rendered":"<p>Halil Cibran\u2019\u0131n zaman\u0131nda k\u00fc\u00e7\u00fck k\u00e2\u011f\u0131t par\u00e7alar\u0131na ve defterlerine karalad\u0131\u011f\u0131 aforizma ve mesellerden olu\u015fan bu k\u00fc\u00e7\u00fck kitap, sanat\u00e7\u0131n\u0131n par\u00e7al\u0131 bir \u201cotoportresi\u201dni ortaya koyuyor. Ruhunun derinliklerinden gelen \u00e7arp\u0131c\u0131 ve \u00e7a\u011fr\u0131\u015f\u0131ml\u0131 imgelerle a\u015fk, g\u00fczellik, do\u011fa ve insanl\u0131k durumuna ili\u015fkin bir t\u00fcrl\u00fc ifadesini bulamay\u0131p \u201csuskunlu\u011fa g\u00f6m\u00fclm\u00fc\u015f\u201d olan\u0131 if\u015fa ediyor. Cibran\u2019\u0131n yetmi\u015f y\u0131l\u0131 a\u015fk\u0131n bir s\u00fcre \u00f6nce yay\u0131mlanm\u0131\u015f yap\u0131tlar\u0131, bug\u00fcn d\u00fcnyan\u0131n d\u00f6rt bir yan\u0131ndaki okurlara ula\u015fmay\u0131 s\u00fcrd\u00fcr\u00fcyor. S\u00f6zc\u00fcklerinin b\u00fct\u00fcn co\u011frafyalara uzanmas\u0131nda, bu yap\u0131tlar\u0131n bir\u00e7ok dile \u00e7evrilmesinin yan\u0131 s\u0131ra onun \u0131rk, din, dil ayr\u0131m\u0131 g\u00f6zetmeksizin insanl\u0131\u011f\u0131 bir b\u00fct\u00fcn olarak ele alan felsefesinin de rol\u00fc var ku\u015fkusuz. Bir de insana dair verdi\u011fi mesajlar\u0131n her d\u00f6nemde ge\u00e7erli, \u201cezeli-ebedi\u201d olmas\u0131n\u0131n. Ermi\u015f\u2019in ard\u0131ndan, 1926\u2019da yay\u0131mlanan Kum ve K\u00f6p\u00fck 1960\u2019larda d\u00fc\u015f\u00fcnen ve \u00fcreten insanlar\u0131n y\u00fcre\u011fine dokunmu\u015ftu. Beatles \u00fcyesi John Lennon, bir trafik kazas\u0131nda yitirdi\u011fi annesi i\u00e7in yazd\u0131\u011f\u0131 \u201cJulia\u201d adl\u0131 \u015fark\u0131da bu yap\u0131ttan sat\u0131rlara yer vermi\u015fti.<\/p>\n","protected":false},"excerpt":{"rendered":"<p>Halil Cibran\u2019\u0131n zaman\u0131nda k\u00fc\u00e7\u00fck k\u00e2\u011f\u0131t par\u00e7alar\u0131na ve defterlerine karalad\u0131\u011f\u0131 aforizma ve mesellerden olu\u015fan bu k\u00fc\u00e7\u00fck kitap, sanat\u00e7\u0131n\u0131n par\u00e7al\u0131 bir \u201cotoportresi\u201dni ortaya koyuyor. Ruhunun derinliklerinden gelen \u00e7arp\u0131c\u0131<span class=\"excerpt-hellip\"> [\u2026]<\/span><\/p>\n","protected":false},"featured_media":0,"template":"","meta":{"_monsterinsights_skip_tracking":false,"_monsterinsights_sitenote_active":false,"_monsterinsights_sitenote_note":"","_monsterinsights_sitenote_category":0},"product_brand":[],"product_cat":[12291,26797],"product_tag":[],"class_list":{"0":"post-731569","1":"product","2":"type-product","3":"status-publish","5":"product_cat-edebiyat","6":"product_cat-modern-klasikler","7":"pa_cilt-ciltli","8":"pa_tur-kitap","9":"pa_yayinevi-is-bankasi-kultur-yayinlari","10":"pa_yazar-halil-cibran","12":"first","13":"instock","14":"sale","15":"shipping-taxable","16":"purchasable","17":"product-type-simple"},"_links":{"self":[{"href":"https:\/\/roveyayinevi.com.tr\/index.php\/wp-json\/wp\/v2\/product\/731569","targetHints":{"allow":["GET"]}}],"collection":[{"href":"https:\/\/roveyayinevi.com.tr\/index.php\/wp-json\/wp\/v2\/product"}],"about":[{"href":"https:\/\/roveyayinevi.com.tr\/index.php\/wp-json\/wp\/v2\/types\/product"}],"wp:attachment":[{"href":"https:\/\/roveyayinevi.com.tr\/index.php\/wp-json\/wp\/v2\/media?parent=731569"}],"wp:term":[{"taxonomy":"product_brand","embeddable":true,"href":"https:\/\/roveyayinevi.com.tr\/index.php\/wp-json\/wp\/v2\/product_brand?post=731569"},{"taxonomy":"product_cat","embeddable":true,"href":"https:\/\/roveyayinevi.com.tr\/index.php\/wp-json\/wp\/v2\/product_cat?post=731569"},{"taxonomy":"product_tag","embeddable":true,"href":"https:\/\/roveyayinevi.com.tr\/index.php\/wp-json\/wp\/v2\/product_tag?post=731569"}],"curies":[{"name":"wp","href":"https:\/\/api.w.org\/{rel}","templated":true}]}}