{"id":731566,"date":"2025-08-27T21:34:13","date_gmt":"2025-08-27T18:34:13","guid":{"rendered":"https:\/\/roveyayinevi.com.tr\/index.php\/urun\/hangimizin-yarasi-yok-ki\/"},"modified":"2026-04-16T02:39:42","modified_gmt":"2026-04-15T23:39:42","slug":"hangimizin-yarasi-yok-ki","status":"publish","type":"product","link":"https:\/\/roveyayinevi.com.tr\/index.php\/urun\/hangimizin-yarasi-yok-ki\/","title":{"rendered":"Hangimizin Yaras\u0131 Yok Ki"},"content":{"rendered":"<p>Sait Alm\u0131\u015f, \u00f6yk\u00fclerinde bize k\u00fc\u00e7\u00fck bir sahil kasabas\u0131n\u0131n, Fo\u00e7a\u2019n\u0131n i\u00e7inden, derininden, kalbinden sesleniyor. O kadar ki, anlat\u0131c\u0131n\u0131n yazar de\u011fil de Fo\u00e7a\u2019n\u0131n kendisi oldu\u011funu d\u00fc\u015f\u00fcnmeye ba\u015fl\u0131yorsunuz.Ge\u00e7en y\u00fczy\u0131l\u0131n yerinden yurdundan etti\u011fi s\u0131radan insanlar\u0131n \u015fa\u015f\u0131rt\u0131c\u0131 d\u00fcnyalar\u0131yla, s\u0131rlar\u0131yla, bo\u015flukta sallanan hayatlar\u0131yla tan\u0131\u015f\u0131yorsunuz.Haftalarca dinmeyen poyraz, y\u00fczlerce y\u0131ll\u0131k ekmek tela\u015f\u0131, y\u00fczlerce y\u0131ll\u0131k a\u015fklar, ac\u0131lar, endi\u015feler, korkular;d\u00f6n\u00fcp duran mevsimler\u2026Fo\u00e7a\u2019da zaman\u0131n hep yinelenen sesi, sessizli\u011fi\u2026\u201cNe zaman\u0131? Hangi zamandan s\u00f6z ediyorsun?\u201d diyor Sait Alm\u0131\u015f.H\u00fcsn\u00fc Arkan<\/p>\n","protected":false},"excerpt":{"rendered":"<p>Sait Alm\u0131\u015f, \u00f6yk\u00fclerinde bize k\u00fc\u00e7\u00fck bir sahil kasabas\u0131n\u0131n, Fo\u00e7a\u2019n\u0131n i\u00e7inden, derininden, kalbinden sesleniyor. O kadar ki, anlat\u0131c\u0131n\u0131n yazar de\u011fil de Fo\u00e7a\u2019n\u0131n kendisi oldu\u011funu d\u00fc\u015f\u00fcnmeye ba\u015fl\u0131yorsunuz.Ge\u00e7en y\u00fczy\u0131l\u0131n<span class=\"excerpt-hellip\"> [\u2026]<\/span><\/p>\n","protected":false},"featured_media":0,"template":"","meta":{"_monsterinsights_skip_tracking":false,"_monsterinsights_sitenote_active":false,"_monsterinsights_sitenote_note":"","_monsterinsights_sitenote_category":0},"product_brand":[],"product_cat":[12291,12711],"product_tag":[],"class_list":{"0":"post-731566","1":"product","2":"type-product","3":"status-publish","5":"product_cat-edebiyat","6":"product_cat-roman-oyku","7":"pa_cilt-ciltsiz","8":"pa_tur-kitap","9":"pa_yayinevi-inkilap-kitabevi","10":"pa_yazar-sait-almis","12":"first","13":"instock","14":"sale","15":"shipping-taxable","16":"purchasable","17":"product-type-simple"},"_links":{"self":[{"href":"https:\/\/roveyayinevi.com.tr\/index.php\/wp-json\/wp\/v2\/product\/731566","targetHints":{"allow":["GET"]}}],"collection":[{"href":"https:\/\/roveyayinevi.com.tr\/index.php\/wp-json\/wp\/v2\/product"}],"about":[{"href":"https:\/\/roveyayinevi.com.tr\/index.php\/wp-json\/wp\/v2\/types\/product"}],"wp:attachment":[{"href":"https:\/\/roveyayinevi.com.tr\/index.php\/wp-json\/wp\/v2\/media?parent=731566"}],"wp:term":[{"taxonomy":"product_brand","embeddable":true,"href":"https:\/\/roveyayinevi.com.tr\/index.php\/wp-json\/wp\/v2\/product_brand?post=731566"},{"taxonomy":"product_cat","embeddable":true,"href":"https:\/\/roveyayinevi.com.tr\/index.php\/wp-json\/wp\/v2\/product_cat?post=731566"},{"taxonomy":"product_tag","embeddable":true,"href":"https:\/\/roveyayinevi.com.tr\/index.php\/wp-json\/wp\/v2\/product_tag?post=731566"}],"curies":[{"name":"wp","href":"https:\/\/api.w.org\/{rel}","templated":true}]}}