{"id":731534,"date":"2025-08-27T21:33:40","date_gmt":"2025-08-27T18:33:40","guid":{"rendered":"https:\/\/roveyayinevi.com.tr\/index.php\/urun\/iktisatta-erken-yazilar\/"},"modified":"2026-04-16T02:39:12","modified_gmt":"2026-04-15T23:39:12","slug":"iktisatta-erken-yazilar","status":"publish","type":"product","link":"https:\/\/roveyayinevi.com.tr\/index.php\/urun\/iktisatta-erken-yazilar\/","title":{"rendered":"\u0130ktisatta Erken Yaz\u0131lar"},"content":{"rendered":"<p>Uzun vadeli s\u00fcrd\u00fcr\u00fclebilir kalk\u0131nma toplumsal konsens\u00fcs ile olur. Bu da b\u00fcy\u00fcmede e\u015fitlik sunan politikalar gerektirir. Kat\u0131l\u0131m ve demokrasi \u00f6nemlidir.21.yy\u2019a girdi\u011fimiz \u015fu g\u00fcnlerde geli\u015fmeye daha geni\u015f kapsaml\u0131 bir \u00e7er\u00e7eveden bakmak gerekir. Geli\u015fme olas\u0131d\u0131r, ancak hedef fakirin yarar sa\u011flad\u0131\u011f\u0131, demokratik s\u00fcre\u00e7leri g\u00fc\u00e7lendiren, refah d\u00fczeyini y\u00fckselten ve ekonomik, politik \u00f6zg\u00fcrl\u00fckleri geni\u015fleten yollarla geli\u015fmeyi beslemektir. Elinizdeki kitap \u201c T\u00fcrkiye Ekonomisine\u201d ili\u015fkin \u00f6ng\u00f6r\u00fcleri y\u00fcksek, muhtemel problemlere erken i\u015faret eden yaz\u0131lardan olu\u015ftu\u011fu i\u00e7in kitab\u0131n ad\u0131 \u201c\u0130ktisatta Erken Yaz\u0131lar\u201d olarak \u015fekillenmi\u015ftir. <\/p>\n","protected":false},"excerpt":{"rendered":"<p>Uzun vadeli s\u00fcrd\u00fcr\u00fclebilir kalk\u0131nma toplumsal konsens\u00fcs ile olur. Bu da b\u00fcy\u00fcmede e\u015fitlik sunan politikalar gerektirir. Kat\u0131l\u0131m ve demokrasi \u00f6nemlidir.21.yy\u2019a girdi\u011fimiz \u015fu g\u00fcnlerde geli\u015fmeye daha geni\u015f kapsaml\u0131<span class=\"excerpt-hellip\"> [\u2026]<\/span><\/p>\n","protected":false},"featured_media":0,"template":"","meta":{"_monsterinsights_skip_tracking":false,"_monsterinsights_sitenote_active":false,"_monsterinsights_sitenote_note":"","_monsterinsights_sitenote_category":0},"product_brand":[],"product_cat":[20333,13043],"product_tag":[],"class_list":{"0":"post-731534","1":"product","2":"type-product","3":"status-publish","5":"product_cat-diger-ekonomi","6":"product_cat-ekonomi","7":"pa_cilt-ciltsiz","8":"pa_tur-kitap","9":"pa_yayinevi-siyasal-kitabevi","10":"pa_yazar-gulen-elmas-arslan","12":"first","13":"instock","14":"sale","15":"shipping-taxable","16":"purchasable","17":"product-type-simple"},"_links":{"self":[{"href":"https:\/\/roveyayinevi.com.tr\/index.php\/wp-json\/wp\/v2\/product\/731534","targetHints":{"allow":["GET"]}}],"collection":[{"href":"https:\/\/roveyayinevi.com.tr\/index.php\/wp-json\/wp\/v2\/product"}],"about":[{"href":"https:\/\/roveyayinevi.com.tr\/index.php\/wp-json\/wp\/v2\/types\/product"}],"wp:attachment":[{"href":"https:\/\/roveyayinevi.com.tr\/index.php\/wp-json\/wp\/v2\/media?parent=731534"}],"wp:term":[{"taxonomy":"product_brand","embeddable":true,"href":"https:\/\/roveyayinevi.com.tr\/index.php\/wp-json\/wp\/v2\/product_brand?post=731534"},{"taxonomy":"product_cat","embeddable":true,"href":"https:\/\/roveyayinevi.com.tr\/index.php\/wp-json\/wp\/v2\/product_cat?post=731534"},{"taxonomy":"product_tag","embeddable":true,"href":"https:\/\/roveyayinevi.com.tr\/index.php\/wp-json\/wp\/v2\/product_tag?post=731534"}],"curies":[{"name":"wp","href":"https:\/\/api.w.org\/{rel}","templated":true}]}}