{"id":731526,"date":"2025-08-27T21:33:33","date_gmt":"2025-08-27T18:33:33","guid":{"rendered":"https:\/\/roveyayinevi.com.tr\/index.php\/urun\/fatih-devri-uzerinde-tetkikler-ve-vesikalar-i-ciltli\/"},"modified":"2026-04-16T02:39:12","modified_gmt":"2026-04-15T23:39:12","slug":"fatih-devri-uzerinde-tetkikler-ve-vesikalar-i-ciltli","status":"publish","type":"product","link":"https:\/\/roveyayinevi.com.tr\/index.php\/urun\/fatih-devri-uzerinde-tetkikler-ve-vesikalar-i-ciltli\/","title":{"rendered":"Fatih Devri \u00dczerinde Tetkikler Ve Vesikalar I (Ciltli)"},"content":{"rendered":"<p>Fatih Devrine Dair Ba\u015fucu Kayna\u011f\u0131\u2026 \u201c\u0130stanbul\u2019un fethi, yaln\u0131z Sultan Mehmed\u2019in saltanat\u0131 i\u00e7in de\u011fil, Osmanl\u0131 Devleti i\u00e7in bir \u00f6l\u00fcm kal\u0131m d\u00e2vas\u0131 olarak ortada idi. Fatih Mehmed, Osmanl\u0131 Devleti\u2019nin bu hayati d\u00e2vas\u0131n\u0131 kendi \u015fahs\u0131nda ve kendi istikbali i\u00e7in en trajik bir \u015fekilde hissetmi\u015f son Osmanl\u0131 h\u00fck\u00fcmdar\u0131d\u0131r. O, d\u00fc\u011f\u00fcm\u00fc k\u0131l\u0131\u00e7la kesme\u011fi deneyecektir.\u201d- Halil \u0130nalc\u0131kFatih Devri \u00dczerinde Tetkikler ve Vesikalar 1, Osmanl\u0131 \u0130mparatorlu\u011fu\u2019nu d\u00fcnya tarih\u00e7ili\u011finin merkezine koyan Halil \u0130nalc\u0131k\u2019\u0131n, ilk ve en \u00f6nemli \u00e7al\u0131\u015fmalar\u0131ndan biri. \u0130nalc\u0131k, ilk defa 1954 y\u0131l\u0131nda yay\u0131mlanan bu eserde gelece\u011fin fatihi olarak d\u00fcnya tarihinde \u00f6nemli bir mevkii kazanacak II. Mehmed\u2019in ilk sultanl\u0131k tecr\u00fcbesini ve iktidar\u0131n\u0131 g\u00fc\u00e7lendirmek i\u00e7in babas\u0131 ve devlet adamlar\u0131 ile olan rekabetini zengin kaynaklardan dam\u0131tt\u0131\u011f\u0131 bilgilerle analiz ediyor.D\u00f6rt b\u00f6l\u00fcmden meydana gelen eserin ilk \u00fc\u00e7 b\u00f6l\u00fcm\u00fcnde \u0130stanbul\u2019un 1453 tarihindeki fethine giden son on y\u0131ll\u0131k gergin devir (1443-1453) ele al\u0131n\u0131yor. \u0130nalc\u0131k\u2019\u0131n \u201cimparatorluk buhran\u0131\u201d olarak tan\u0131mlad\u0131\u011f\u0131 bu d\u00f6nem, II. Murad\u2019\u0131n o\u011flu \u015eehzade Mehmed lehine tahtan \u00e7ekilmesi, Osmanl\u0131lar\u0131 Balkanlar\u2019dan atma \u00fcmidiyle bir araya gelen Ha\u00e7l\u0131 ordusunun Varna\u2019da yenilgiye u\u011frat\u0131lmas\u0131 (1444), II. Murad\u2019\u0131n iki y\u0131l sonra tekrar tahta d\u00f6n\u00fc\u015f\u00fc, Osmanl\u0131 siyasi eliti aras\u0131ndaki m\u00fccadeleler ve bu \u00e7eki\u015fmenin i\u00e7 ve d\u0131\u015f siyasi geli\u015fmelere yans\u0131malar\u0131 gibi pek \u00e7ok kritik tarihi meseleyi bar\u0131nd\u0131r\u0131yor. \u0130nalc\u0131k d\u00f6rd\u00fcnc\u00fc b\u00f6l\u00fcmde ise Osmanl\u0131lar\u0131n Balkanlar\u2019da kurduklar\u0131 toprak sistemini ve idari rejimini inceliyor, Osmanl\u0131lar\u0131n Balkanlar\u2019a yerle\u015fmesine dair bir\u00e7ok g\u00f6r\u00fc\u015f\u00fc temelden sorgulayan bir perspektif sunuyor.Yar\u0131m asr\u0131 a\u015fk\u0131n bir zamand\u0131r alan\u0131nda kaynak olarak kullan\u0131lan Fatih Devri \u00dczerinde Tetkikler ve Vesikalar 1, yeniden tarih\u00e7ilerin ve merakl\u0131lar\u0131n ba\u015fucundaki yerini al\u0131yor\u2026<\/p>\n","protected":false},"excerpt":{"rendered":"<p>Fatih Devrine Dair Ba\u015fucu Kayna\u011f\u0131\u2026 \u201c\u0130stanbul\u2019un fethi, yaln\u0131z Sultan Mehmed\u2019in saltanat\u0131 i\u00e7in de\u011fil, Osmanl\u0131 Devleti i\u00e7in bir \u00f6l\u00fcm kal\u0131m d\u00e2vas\u0131 olarak ortada idi. Fatih Mehmed, Osmanl\u0131<span class=\"excerpt-hellip\"> [\u2026]<\/span><\/p>\n","protected":false},"featured_media":0,"template":"","meta":{"_monsterinsights_skip_tracking":false,"_monsterinsights_sitenote_active":false,"_monsterinsights_sitenote_note":"","_monsterinsights_sitenote_category":0},"product_brand":[],"product_cat":[13517,12304],"product_tag":[],"class_list":{"0":"post-731526","1":"product","2":"type-product","3":"status-publish","5":"product_cat-osmanli-tarihi","6":"product_cat-tarih","7":"pa_cilt-ciltli","8":"pa_tur-kitap","9":"pa_yayinevi-kronik-kitap","10":"pa_yazar-halil-inalcik","12":"first","13":"instock","14":"sale","15":"shipping-taxable","16":"purchasable","17":"product-type-simple"},"_links":{"self":[{"href":"https:\/\/roveyayinevi.com.tr\/index.php\/wp-json\/wp\/v2\/product\/731526","targetHints":{"allow":["GET"]}}],"collection":[{"href":"https:\/\/roveyayinevi.com.tr\/index.php\/wp-json\/wp\/v2\/product"}],"about":[{"href":"https:\/\/roveyayinevi.com.tr\/index.php\/wp-json\/wp\/v2\/types\/product"}],"wp:attachment":[{"href":"https:\/\/roveyayinevi.com.tr\/index.php\/wp-json\/wp\/v2\/media?parent=731526"}],"wp:term":[{"taxonomy":"product_brand","embeddable":true,"href":"https:\/\/roveyayinevi.com.tr\/index.php\/wp-json\/wp\/v2\/product_brand?post=731526"},{"taxonomy":"product_cat","embeddable":true,"href":"https:\/\/roveyayinevi.com.tr\/index.php\/wp-json\/wp\/v2\/product_cat?post=731526"},{"taxonomy":"product_tag","embeddable":true,"href":"https:\/\/roveyayinevi.com.tr\/index.php\/wp-json\/wp\/v2\/product_tag?post=731526"}],"curies":[{"name":"wp","href":"https:\/\/api.w.org\/{rel}","templated":true}]}}