{"id":731396,"date":"2025-08-27T21:30:57","date_gmt":"2025-08-27T18:30:57","guid":{"rendered":"https:\/\/roveyayinevi.com.tr\/index.php\/urun\/ekopraksisin-ontolojisi-spinoza-ve-marx\/"},"modified":"2026-04-16T02:39:06","modified_gmt":"2026-04-15T23:39:06","slug":"ekopraksisin-ontolojisi-spinoza-ve-marx","status":"publish","type":"product","link":"https:\/\/roveyayinevi.com.tr\/index.php\/urun\/ekopraksisin-ontolojisi-spinoza-ve-marx\/","title":{"rendered":"Ekopraksisin Ontolojisi: Spinoza ve Marx"},"content":{"rendered":"<p>Sevin\u00e7 T\u00fcrkmen elinizdeki \u00e7al\u0131\u015fmas\u0131nda \u201cg\u00fcn\u00fcm\u00fczde b\u00fcy\u00fck \u00f6l\u00e7\u00fcde dil, mant\u0131k ve matematik eksenli ara\u015ft\u0131rmalarla s\u0131n\u0131rland\u0131r\u0131lm\u0131\u015f olan felsefe\u201dnin, \u00e7a\u011fda\u015f sorunlar\u0131m\u0131za bir yan\u0131t bulabilmek ad\u0131na farkl\u0131 ve daha etkili bir mecraya ta\u015f\u0131nmas\u0131n\u0131n m\u00fcmk\u00fcn olup olmad\u0131\u011f\u0131n\u0131 kapsaml\u0131 bir \u015fekilde ara\u015ft\u0131r\u0131yor. Bu ara\u015ft\u0131rma boyunca kar\u015f\u0131m\u0131za \u00e7\u0131kacak \u00fc\u00e7 \u00f6nemli kavram, insan, do\u011fa ve etiktir. Kitab\u0131n okurlar\u0131, gerek g\u00fcnl\u00fck dilde gerekse felsefe dilinde \u00e7ok s\u0131k kulland\u0131\u011f\u0131m\u0131z bu kavramlar\u0131 bir \u00e7at\u0131 alt\u0131nda tart\u0131\u015fman\u0131n zannedilenden daha g\u00fc\u00e7 oldu\u011funu, ancak bu y\u00f6nde bir \u00e7aban\u0131n, hedefledi\u011fi ufuklar d\u00fc\u015f\u00fcn\u00fcl\u00fcrse, g\u00f6ze al\u0131nmaya de\u011fer oldu\u011funu g\u00f6recek.\u201cSpinoza ve Marx&#8230; \u0130lki t\u00f6z, mutlak, sonsuz, i\u00e7kin, \u00f6z, varolu\u015f, zorunluluk, etkime g\u00fcc\u00fc gibi kavramlardan bahsediyor, di\u011feri tarih, s\u0131n\u0131f, \u00e7eli\u015fki, emek, de\u011fer, \u00fcretim ili\u015fkileri, yabanc\u0131la\u015fma gibi kavramlardan. Birinin temel metni, t\u00f6z\u00fcn, s\u0131fatlar\u0131n, tav\u0131rlar\u0131n geometrik yolla serimlendi\u011fi Ethica, di\u011ferininki metan\u0131n, \u00fccretin, de\u011ferin, paran\u0131n, sermayenin, makinenin birbiriyle ba\u011f\u0131nt\u0131s\u0131n\u0131n matematiksel hesaplar ve form\u00fcllerle irdelendi\u011fi Das Kapital. Peki ilk bak\u0131\u015fta iki ayr\u0131 \u015feyle iki farkl\u0131 tarzda ilgi i\u00e7indeymi\u015f\u00e7esine d\u00fc\u015f\u00fcn\u00fclebilecek bu iki filozof hangi ba\u011flamda bir araya getirilebilir? Bu ba\u011flam, ekolojik bir varolu\u015f tarz\u0131n\u0131n yani ekopraksisin nesnel olanaklar\u0131n\u0131n ara\u015ft\u0131r\u0131lmas\u0131 olabilir mi? Ku\u015fkusuz bu sorular\u0131n yan\u0131t\u0131 i\u00e7in iki filozofun do\u011fa felsefelerine bakmak yerinde olacakt\u0131r. Zira ekolojik bir ara\u015ft\u0131rman\u0131n nesnelli\u011fini temin edecek birincil disiplin do\u011fa felsefesi, yani esasen ontoloji olabilir. Bu ontolojik ara\u015ft\u0131rman\u0131n tamamlay\u0131c\u0131 boyutu ise toplumlar\u0131n kurulu\u015funun mant\u0131\u011f\u0131na dair tarihsel bir okumad\u0131r<\/p>\n","protected":false},"excerpt":{"rendered":"<p>Sevin\u00e7 T\u00fcrkmen elinizdeki \u00e7al\u0131\u015fmas\u0131nda \u201cg\u00fcn\u00fcm\u00fczde b\u00fcy\u00fck \u00f6l\u00e7\u00fcde dil, mant\u0131k ve matematik eksenli ara\u015ft\u0131rmalarla s\u0131n\u0131rland\u0131r\u0131lm\u0131\u015f olan felsefe\u201dnin, \u00e7a\u011fda\u015f sorunlar\u0131m\u0131za bir yan\u0131t bulabilmek ad\u0131na farkl\u0131 ve daha etkili<span class=\"excerpt-hellip\"> [\u2026]<\/span><\/p>\n","protected":false},"featured_media":0,"template":"","meta":{"_monsterinsights_skip_tracking":false,"_monsterinsights_sitenote_active":false,"_monsterinsights_sitenote_note":"","_monsterinsights_sitenote_category":0},"product_brand":[],"product_cat":[12389,12388],"product_tag":[],"class_list":{"0":"post-731396","1":"product","2":"type-product","3":"status-publish","5":"product_cat-diger-felsefe","6":"product_cat-felsefe","7":"pa_cilt-ciltsiz","8":"pa_tur-kitap","9":"pa_yayinevi-ithaki-yayinlari","10":"pa_yazar-sevinc-turkmen","12":"first","13":"instock","14":"sale","15":"shipping-taxable","16":"purchasable","17":"product-type-simple"},"_links":{"self":[{"href":"https:\/\/roveyayinevi.com.tr\/index.php\/wp-json\/wp\/v2\/product\/731396","targetHints":{"allow":["GET"]}}],"collection":[{"href":"https:\/\/roveyayinevi.com.tr\/index.php\/wp-json\/wp\/v2\/product"}],"about":[{"href":"https:\/\/roveyayinevi.com.tr\/index.php\/wp-json\/wp\/v2\/types\/product"}],"wp:attachment":[{"href":"https:\/\/roveyayinevi.com.tr\/index.php\/wp-json\/wp\/v2\/media?parent=731396"}],"wp:term":[{"taxonomy":"product_brand","embeddable":true,"href":"https:\/\/roveyayinevi.com.tr\/index.php\/wp-json\/wp\/v2\/product_brand?post=731396"},{"taxonomy":"product_cat","embeddable":true,"href":"https:\/\/roveyayinevi.com.tr\/index.php\/wp-json\/wp\/v2\/product_cat?post=731396"},{"taxonomy":"product_tag","embeddable":true,"href":"https:\/\/roveyayinevi.com.tr\/index.php\/wp-json\/wp\/v2\/product_tag?post=731396"}],"curies":[{"name":"wp","href":"https:\/\/api.w.org\/{rel}","templated":true}]}}