{"id":731236,"date":"2025-08-27T21:28:20","date_gmt":"2025-08-27T18:28:20","guid":{"rendered":"https:\/\/roveyayinevi.com.tr\/index.php\/urun\/aydinlanma-dusuncesi\/"},"modified":"2026-04-16T02:39:03","modified_gmt":"2026-04-15T23:39:03","slug":"aydinlanma-dusuncesi","status":"publish","type":"product","link":"https:\/\/roveyayinevi.com.tr\/index.php\/urun\/aydinlanma-dusuncesi\/","title":{"rendered":"Ayd\u0131nlanma D\u00fc\u015f\u00fcncesi"},"content":{"rendered":"<p>Ahmet \u00c7i\u011fdem\u2019in Ayd\u0131nlanma\u2019n\u0131n felsef\u00ee, sosyal ve d\u00fc\u015f\u00fcnsel boyutlar\u0131n\u0131, olu\u015fumun Avrupa\u2019da kazand\u0131\u011f\u0131 farkl\u0131l\u0131klar\u0131n alt\u0131n\u0131 \u00e7izerek ortaya koydu\u011fu bu \u00e7al\u0131\u015fma, T\u00fcrkiye\u2019de bu konudaki ilk ve \u00f6nc\u00fc \u00e7al\u0131\u015fmalardan biri olma \u00f6zelli\u011fini h\u00e2l\u00e2 korumaktad\u0131r. Ayd\u0131nlanma D\u00fc\u015f\u00fcncesi\u2019nin bir b\u00fct\u00fcn olarak tasvir edildi\u011fi kitap, muhtelif Ayd\u0131nlanma deneyimlerinin nedenlerine de \u0131\u015f\u0131k tutmaktad\u0131r. <\/p>\n","protected":false},"excerpt":{"rendered":"<p>Ahmet \u00c7i\u011fdem\u2019in Ayd\u0131nlanma\u2019n\u0131n felsef\u00ee, sosyal ve d\u00fc\u015f\u00fcnsel boyutlar\u0131n\u0131, olu\u015fumun Avrupa\u2019da kazand\u0131\u011f\u0131 farkl\u0131l\u0131klar\u0131n alt\u0131n\u0131 \u00e7izerek ortaya koydu\u011fu bu \u00e7al\u0131\u015fma, T\u00fcrkiye\u2019de bu konudaki ilk ve \u00f6nc\u00fc \u00e7al\u0131\u015fmalardan biri<span class=\"excerpt-hellip\"> [\u2026]<\/span><\/p>\n","protected":false},"featured_media":0,"template":"","meta":{"_monsterinsights_skip_tracking":false,"_monsterinsights_sitenote_active":false,"_monsterinsights_sitenote_note":"","_monsterinsights_sitenote_category":0},"product_brand":[],"product_cat":[12351,12324],"product_tag":[],"class_list":{"0":"post-731236","1":"product","2":"type-product","3":"status-publish","5":"product_cat-siyaset-sosyolojisi","6":"product_cat-sosyoloji","7":"pa_cilt-ciltsiz","8":"pa_tur-kitap","9":"pa_yayinevi-vulgus-yayinlari","10":"pa_yazar-ahmet-cigdem","12":"first","13":"instock","14":"sale","15":"shipping-taxable","16":"purchasable","17":"product-type-simple"},"_links":{"self":[{"href":"https:\/\/roveyayinevi.com.tr\/index.php\/wp-json\/wp\/v2\/product\/731236","targetHints":{"allow":["GET"]}}],"collection":[{"href":"https:\/\/roveyayinevi.com.tr\/index.php\/wp-json\/wp\/v2\/product"}],"about":[{"href":"https:\/\/roveyayinevi.com.tr\/index.php\/wp-json\/wp\/v2\/types\/product"}],"wp:attachment":[{"href":"https:\/\/roveyayinevi.com.tr\/index.php\/wp-json\/wp\/v2\/media?parent=731236"}],"wp:term":[{"taxonomy":"product_brand","embeddable":true,"href":"https:\/\/roveyayinevi.com.tr\/index.php\/wp-json\/wp\/v2\/product_brand?post=731236"},{"taxonomy":"product_cat","embeddable":true,"href":"https:\/\/roveyayinevi.com.tr\/index.php\/wp-json\/wp\/v2\/product_cat?post=731236"},{"taxonomy":"product_tag","embeddable":true,"href":"https:\/\/roveyayinevi.com.tr\/index.php\/wp-json\/wp\/v2\/product_tag?post=731236"}],"curies":[{"name":"wp","href":"https:\/\/api.w.org\/{rel}","templated":true}]}}