{"id":731022,"date":"2025-08-27T21:24:14","date_gmt":"2025-08-27T18:24:14","guid":{"rendered":"https:\/\/roveyayinevi.com.tr\/index.php\/urun\/felsefi-dusun-sayi16-iskoc-aydinlanmasi\/"},"modified":"2026-04-16T02:38:58","modified_gmt":"2026-04-15T23:38:58","slug":"felsefi-dusun-sayi16-iskoc-aydinlanmasi","status":"publish","type":"product","link":"https:\/\/roveyayinevi.com.tr\/index.php\/urun\/felsefi-dusun-sayi16-iskoc-aydinlanmasi\/","title":{"rendered":"Felsefi D\u00fc\u015f\u00fcn Say\u0131:16 \u2013 \u0130sko\u00e7 Ayd\u0131nlanmas\u0131"},"content":{"rendered":"<p>16. say\u0131m\u0131z\u0131n konusu \u0130sko\u00e7 Ayd\u0131nlanmas\u0131. Adam Smith\u2019ten David Hume\u2019a, Thomas Reid\u2019ten Adam Ferguson\u2019a 18.yy\u2019\u0131n pek \u00e7ok \u00f6nemli filozofunun i\u00e7inde bulundu\u011fu bu d\u00f6nemin kendisi kadar yaratt\u0131\u011f\u0131 etkilerin b\u00fcy\u00fckl\u00fc\u011f\u00fc de tart\u0131\u015fmas\u0131zd\u0131r. Epistemolojiden tarihe, ekonomiden dile, dinden siyasete pek \u00e7ok alan\u0131n orijinal fikirlerle ku\u015fat\u0131ld\u0131\u011f\u0131 bu d\u00f6nemin \u00e7e\u015fitlili\u011fi ve zenginli\u011fini yans\u0131tan, \u00f6zellikle de filozoflar\u0131n ve \u00f6\u011fretilerinin m\u00fcmk\u00fcn oldu\u011funca \u0130sko\u00e7 Ayd\u0131nlanmas\u0131\u2019n\u0131n genel ba\u011flam\u0131 i\u00e7inde ele al\u0131nd\u0131\u011f\u0131 yetkin akademik \u00e7al\u0131\u015fmalar bu say\u0131n\u0131n i\u00e7eri\u011fini olu\u015fturmaktad\u0131r. <\/p>\n","protected":false},"excerpt":{"rendered":"<p>16. say\u0131m\u0131z\u0131n konusu \u0130sko\u00e7 Ayd\u0131nlanmas\u0131. Adam Smith\u2019ten David Hume\u2019a, Thomas Reid\u2019ten Adam Ferguson\u2019a 18.yy\u2019\u0131n pek \u00e7ok \u00f6nemli filozofunun i\u00e7inde bulundu\u011fu bu d\u00f6nemin kendisi kadar yaratt\u0131\u011f\u0131 etkilerin<span class=\"excerpt-hellip\"> [\u2026]<\/span><\/p>\n","protected":false},"featured_media":0,"template":"","meta":{"_monsterinsights_skip_tracking":false,"_monsterinsights_sitenote_active":false,"_monsterinsights_sitenote_note":"","_monsterinsights_sitenote_category":0},"product_brand":[],"product_cat":[13527],"product_tag":[],"class_list":{"0":"post-731022","1":"product","2":"type-product","3":"status-publish","5":"product_cat-sureli-yayinlar","6":"pa_cilt-ciltsiz","7":"pa_tur-dergi","8":"pa_yayinevi-pinhan-yayincilik","9":"pa_yazar-pinhan-yayincilik-kolektif","11":"first","12":"instock","13":"sale","14":"shipping-taxable","15":"purchasable","16":"product-type-simple"},"_links":{"self":[{"href":"https:\/\/roveyayinevi.com.tr\/index.php\/wp-json\/wp\/v2\/product\/731022","targetHints":{"allow":["GET"]}}],"collection":[{"href":"https:\/\/roveyayinevi.com.tr\/index.php\/wp-json\/wp\/v2\/product"}],"about":[{"href":"https:\/\/roveyayinevi.com.tr\/index.php\/wp-json\/wp\/v2\/types\/product"}],"wp:attachment":[{"href":"https:\/\/roveyayinevi.com.tr\/index.php\/wp-json\/wp\/v2\/media?parent=731022"}],"wp:term":[{"taxonomy":"product_brand","embeddable":true,"href":"https:\/\/roveyayinevi.com.tr\/index.php\/wp-json\/wp\/v2\/product_brand?post=731022"},{"taxonomy":"product_cat","embeddable":true,"href":"https:\/\/roveyayinevi.com.tr\/index.php\/wp-json\/wp\/v2\/product_cat?post=731022"},{"taxonomy":"product_tag","embeddable":true,"href":"https:\/\/roveyayinevi.com.tr\/index.php\/wp-json\/wp\/v2\/product_tag?post=731022"}],"curies":[{"name":"wp","href":"https:\/\/api.w.org\/{rel}","templated":true}]}}