{"id":730991,"date":"2025-08-27T21:23:45","date_gmt":"2025-08-27T18:23:45","guid":{"rendered":"https:\/\/roveyayinevi.com.tr\/index.php\/urun\/arap-milliyetciligi-ve-turkler\/"},"modified":"2026-04-16T02:38:57","modified_gmt":"2026-04-15T23:38:57","slug":"arap-milliyetciligi-ve-turkler","status":"publish","type":"product","link":"https:\/\/roveyayinevi.com.tr\/index.php\/urun\/arap-milliyetciligi-ve-turkler\/","title":{"rendered":"Arap Milliyet\u00e7ili\u011fi ve T\u00fcrkler"},"content":{"rendered":"<p>Prof. Dr. \u0130lhan Arsel bu kitab\u0131nda \u201c\u0130slam \u015feriat\u0131nda \u2018\u0131rklar\u2019 ve \u2018toplumlar\u2019 aras\u0131 e\u015fitlik ilkesinin esas oldu\u011fu\u201d tezine kar\u015f\u0131 \u00e7\u0131k\u0131yor ve Hz. Muhammed\u2019in Arap \u0131rk\u0131n\u0131 y\u00fcceltti\u011fini, \u201ckavm-i necip\u201d olarak niteledi\u011fini, buna kar\u015f\u0131l\u0131k T\u00fcrkleri, insanl\u0131\u011fa felaket getirici, tiksinti verici bir \u0131rk olarak tan\u0131tt\u0131\u011f\u0131n\u0131 belirtiyor.\u201cSiz (M\u00fcsl\u00fcmanlar) k\u00fc\u00e7\u00fck g\u00f6zl\u00fc, k\u0131z\u0131l y\u00fczl\u00fc, bas\u0131k burunlu, y\u00fczleri kalkan gibi, derisi \u00fcst \u00fcste binmi\u015f olan T\u00fcrklerle \u00f6ld\u00fcr\u00fc\u015fmedik\u00e7e k\u0131yamet kopmaz.\u201d(Buhari, e\u2019s-Sahih, Kitabu\u2019l Cihad\/95; M\u00fcslim, e\u2019s-Sahih, Kitab\u2019ul Fiten\/66, Hadis No: 2912; \u0130bn Mace, Hadis No: 4097-4098)<\/p>\n","protected":false},"excerpt":{"rendered":"<p>Prof. Dr. \u0130lhan Arsel bu kitab\u0131nda \u201c\u0130slam \u015feriat\u0131nda \u2018\u0131rklar\u2019 ve \u2018toplumlar\u2019 aras\u0131 e\u015fitlik ilkesinin esas oldu\u011fu\u201d tezine kar\u015f\u0131 \u00e7\u0131k\u0131yor ve Hz. Muhammed\u2019in Arap \u0131rk\u0131n\u0131 y\u00fcceltti\u011fini, \u201ckavm-i<span class=\"excerpt-hellip\"> [\u2026]<\/span><\/p>\n","protected":false},"featured_media":0,"template":"","meta":{"_monsterinsights_skip_tracking":false,"_monsterinsights_sitenote_active":false,"_monsterinsights_sitenote_note":"","_monsterinsights_sitenote_category":0},"product_brand":[],"product_cat":[13656,12337],"product_tag":[],"class_list":{"0":"post-730991","1":"product","2":"type-product","3":"status-publish","5":"product_cat-azinliklar-etnik-sorunlar","6":"product_cat-politika-siyaset","7":"pa_cilt-ciltsiz","8":"pa_tur-kitap","9":"pa_yayinevi-kaynak-yayinlari","10":"pa_yazar-ilhan-arsel","12":"first","13":"instock","14":"sale","15":"shipping-taxable","16":"purchasable","17":"product-type-simple"},"_links":{"self":[{"href":"https:\/\/roveyayinevi.com.tr\/index.php\/wp-json\/wp\/v2\/product\/730991","targetHints":{"allow":["GET"]}}],"collection":[{"href":"https:\/\/roveyayinevi.com.tr\/index.php\/wp-json\/wp\/v2\/product"}],"about":[{"href":"https:\/\/roveyayinevi.com.tr\/index.php\/wp-json\/wp\/v2\/types\/product"}],"wp:attachment":[{"href":"https:\/\/roveyayinevi.com.tr\/index.php\/wp-json\/wp\/v2\/media?parent=730991"}],"wp:term":[{"taxonomy":"product_brand","embeddable":true,"href":"https:\/\/roveyayinevi.com.tr\/index.php\/wp-json\/wp\/v2\/product_brand?post=730991"},{"taxonomy":"product_cat","embeddable":true,"href":"https:\/\/roveyayinevi.com.tr\/index.php\/wp-json\/wp\/v2\/product_cat?post=730991"},{"taxonomy":"product_tag","embeddable":true,"href":"https:\/\/roveyayinevi.com.tr\/index.php\/wp-json\/wp\/v2\/product_tag?post=730991"}],"curies":[{"name":"wp","href":"https:\/\/api.w.org\/{rel}","templated":true}]}}