{"id":730970,"date":"2025-08-27T21:23:25","date_gmt":"2025-08-27T18:23:25","guid":{"rendered":"https:\/\/roveyayinevi.com.tr\/index.php\/urun\/cebimde-yoktu-yuregimden-verdim\/"},"modified":"2026-04-16T02:38:56","modified_gmt":"2026-04-15T23:38:56","slug":"cebimde-yoktu-yuregimden-verdim","status":"publish","type":"product","link":"https:\/\/roveyayinevi.com.tr\/index.php\/urun\/cebimde-yoktu-yuregimden-verdim\/","title":{"rendered":"Cebimde Yoktu Y\u00fcre\u011fimden Verdim"},"content":{"rendered":"<p>k tutkusu ve halk\u0131 u\u011fruna verdi\u011fi kavgayla ne u\u011fruna ve nas\u0131l ya\u015fanaca\u011f\u0131n\u0131 insanlara g\u00f6sterdi. N\u00e2z\u0131m Hikmet\u2019in sadece yaz\u0131lar\u0131 de\u011fil, ya\u015fam\u0131 da geride kalanlara bir mirast\u0131. Tek ba\u015f\u0131na g\u00f6\u011f\u00fcsledi\u011fi hak m\u00fccadelesi, y\u0131llar sonlara binlerce ki\u015finin izinden gidece\u011fi bir gelecek yoluna d\u00f6n\u00fc\u015ft\u00fc. Ruhuyla yo\u011frulan ve ruhlara ula\u015fan \u015fiirler yazd\u0131. Sanat ve siyaset d\u00fcnyas\u0131n\u0131n bir\u00e7ok ismi, onun hayat\u0131ndan tarihe izler b\u0131rakt\u0131. \u00c7ok g\u00fczel \u00e2\u015f\u0131k oldu, \u00e7ok g\u00fczel kavga etti. Ama en \u00e7ok halk\u0131n\u0131 sevdi. <\/p>\n","protected":false},"excerpt":{"rendered":"<p>k tutkusu ve halk\u0131 u\u011fruna verdi\u011fi kavgayla ne u\u011fruna ve nas\u0131l ya\u015fanaca\u011f\u0131n\u0131 insanlara g\u00f6sterdi. N\u00e2z\u0131m Hikmet\u2019in sadece yaz\u0131lar\u0131 de\u011fil, ya\u015fam\u0131 da geride kalanlara bir mirast\u0131. Tek<span class=\"excerpt-hellip\"> [\u2026]<\/span><\/p>\n","protected":false},"featured_media":0,"template":"","meta":{"_monsterinsights_skip_tracking":false,"_monsterinsights_sitenote_active":false,"_monsterinsights_sitenote_note":"","_monsterinsights_sitenote_category":0},"product_brand":[],"product_cat":[14009,12291],"product_tag":[],"class_list":{"0":"post-730970","1":"product","2":"type-product","3":"status-publish","5":"product_cat-biyografi-otobiyografi-edebiyat","6":"product_cat-edebiyat","7":"pa_cilt-ciltsiz","8":"pa_tur-kitap","9":"pa_yayinevi-hayykitap","10":"pa_yazar-hayykitap-kolektif","12":"first","13":"instock","14":"sale","15":"shipping-taxable","16":"purchasable","17":"product-type-simple"},"_links":{"self":[{"href":"https:\/\/roveyayinevi.com.tr\/index.php\/wp-json\/wp\/v2\/product\/730970","targetHints":{"allow":["GET"]}}],"collection":[{"href":"https:\/\/roveyayinevi.com.tr\/index.php\/wp-json\/wp\/v2\/product"}],"about":[{"href":"https:\/\/roveyayinevi.com.tr\/index.php\/wp-json\/wp\/v2\/types\/product"}],"wp:attachment":[{"href":"https:\/\/roveyayinevi.com.tr\/index.php\/wp-json\/wp\/v2\/media?parent=730970"}],"wp:term":[{"taxonomy":"product_brand","embeddable":true,"href":"https:\/\/roveyayinevi.com.tr\/index.php\/wp-json\/wp\/v2\/product_brand?post=730970"},{"taxonomy":"product_cat","embeddable":true,"href":"https:\/\/roveyayinevi.com.tr\/index.php\/wp-json\/wp\/v2\/product_cat?post=730970"},{"taxonomy":"product_tag","embeddable":true,"href":"https:\/\/roveyayinevi.com.tr\/index.php\/wp-json\/wp\/v2\/product_tag?post=730970"}],"curies":[{"name":"wp","href":"https:\/\/api.w.org\/{rel}","templated":true}]}}