{"id":730967,"date":"2025-08-27T21:23:22","date_gmt":"2025-08-27T18:23:22","guid":{"rendered":"https:\/\/roveyayinevi.com.tr\/index.php\/urun\/soylemek-icin-cirpindigim-gecelerde-siz-yoktunuz\/"},"modified":"2026-04-16T02:38:56","modified_gmt":"2026-04-15T23:38:56","slug":"soylemek-icin-cirpindigim-gecelerde-siz-yoktunuz","status":"publish","type":"product","link":"https:\/\/roveyayinevi.com.tr\/index.php\/urun\/soylemek-icin-cirpindigim-gecelerde-siz-yoktunuz\/","title":{"rendered":"S\u00f6ylemek \u0130\u00e7in \u00c7\u0131rp\u0131nd\u0131\u011f\u0131m Gecelerde Siz Yoktunuz"},"content":{"rendered":"<p>\u00d6zdemir Asaf, T\u00fcrk Edebiyat\u0131\u2019n\u0131n \u015fiir yolculu\u011funu kendi i\u00e7 d\u00fcnyas\u0131nda yeniden yorumlayan bir \u015fair ve d\u00fc\u015f\u00fcn\u00fcrd\u00fc. Dizelerindeki derin g\u00f6r\u00fc yetene\u011fi, \u015fiir gibi ya\u015fad\u0131\u011f\u0131 hayat\u0131ndan geliyordu. Asaf\u2019\u0131n ya\u015fam\u0131ndan \u015fiirlerle beraber, her biri ad\u0131n\u0131 edebiyat tarihine yazd\u0131rm\u0131\u015f \u015fairler de ge\u00e7ti. Bu kitapta bir hayat hik\u00e2yesinin, hem T\u00fcrkiye\u2019nin sanat d\u00fcnyas\u0131na hem de tarihine ne denli izler b\u0131rakt\u0131\u011f\u0131n\u0131 okuyacak, sayfalar aras\u0131nda yitirilmeyen bir hazinenin muhtevas\u0131na tan\u0131k olacaks\u0131n\u0131z.<\/p>\n","protected":false},"excerpt":{"rendered":"<p>\u00d6zdemir Asaf, T\u00fcrk Edebiyat\u0131\u2019n\u0131n \u015fiir yolculu\u011funu kendi i\u00e7 d\u00fcnyas\u0131nda yeniden yorumlayan bir \u015fair ve d\u00fc\u015f\u00fcn\u00fcrd\u00fc. Dizelerindeki derin g\u00f6r\u00fc yetene\u011fi, \u015fiir gibi ya\u015fad\u0131\u011f\u0131 hayat\u0131ndan geliyordu. Asaf\u2019\u0131n ya\u015fam\u0131ndan<span class=\"excerpt-hellip\"> [\u2026]<\/span><\/p>\n","protected":false},"featured_media":0,"template":"","meta":{"_monsterinsights_skip_tracking":false,"_monsterinsights_sitenote_active":false,"_monsterinsights_sitenote_note":"","_monsterinsights_sitenote_category":0},"product_brand":[],"product_cat":[14009,12291],"product_tag":[],"class_list":{"0":"post-730967","1":"product","2":"type-product","3":"status-publish","5":"product_cat-biyografi-otobiyografi-edebiyat","6":"product_cat-edebiyat","7":"pa_cilt-ciltsiz","8":"pa_tur-kitap","9":"pa_yayinevi-hayykitap","10":"pa_yazar-hayykitap-kolektif","12":"first","13":"instock","14":"sale","15":"shipping-taxable","16":"purchasable","17":"product-type-simple"},"_links":{"self":[{"href":"https:\/\/roveyayinevi.com.tr\/index.php\/wp-json\/wp\/v2\/product\/730967","targetHints":{"allow":["GET"]}}],"collection":[{"href":"https:\/\/roveyayinevi.com.tr\/index.php\/wp-json\/wp\/v2\/product"}],"about":[{"href":"https:\/\/roveyayinevi.com.tr\/index.php\/wp-json\/wp\/v2\/types\/product"}],"wp:attachment":[{"href":"https:\/\/roveyayinevi.com.tr\/index.php\/wp-json\/wp\/v2\/media?parent=730967"}],"wp:term":[{"taxonomy":"product_brand","embeddable":true,"href":"https:\/\/roveyayinevi.com.tr\/index.php\/wp-json\/wp\/v2\/product_brand?post=730967"},{"taxonomy":"product_cat","embeddable":true,"href":"https:\/\/roveyayinevi.com.tr\/index.php\/wp-json\/wp\/v2\/product_cat?post=730967"},{"taxonomy":"product_tag","embeddable":true,"href":"https:\/\/roveyayinevi.com.tr\/index.php\/wp-json\/wp\/v2\/product_tag?post=730967"}],"curies":[{"name":"wp","href":"https:\/\/api.w.org\/{rel}","templated":true}]}}