{"id":730951,"date":"2025-08-27T21:23:09","date_gmt":"2025-08-27T18:23:09","guid":{"rendered":"https:\/\/roveyayinevi.com.tr\/index.php\/urun\/fatimi-imparatorlugu\/"},"modified":"2026-04-16T02:38:40","modified_gmt":"2026-04-15T23:38:40","slug":"fatimi-imparatorlugu","status":"publish","type":"product","link":"https:\/\/roveyayinevi.com.tr\/index.php\/urun\/fatimi-imparatorlugu\/","title":{"rendered":"Fat\u0131m\u0131 \u0130mparatorlu\u011fu"},"content":{"rendered":"<p>F\u00e2t\u0131m\u00eeler; Abb\u00e2s\u00ee \u0130mparatorlu\u011fu\u2019nun onuncu y\u00fczy\u0131ldaki \u00e7\u00f6k\u00fc\u015f\u00fcnden, on birinci y\u00fczy\u0131lda Sel\u00e7uklular\u0131n Orta Asya\u2019dan ve on ikinci y\u00fczy\u0131lda Ha\u00e7l\u0131lar\u0131n Avrupa\u2019dan Ortado\u011fu\u2019ya geli\u015fine ve imparatorlu\u011fun Sel\u00e2hadd\u00een Eyy\u00fbb\u00ee taraf\u0131ndan ortadan kald\u0131r\u0131l\u0131\u015f\u0131na kadar, Orta\u00e7a\u011f \u0130slam d\u00fcnyas\u0131 tarihinin merkezinde olmu\u015ftur. F\u00e2t\u0131m\u00ee h\u00fck\u00fcmdar\u0131n\u0131n \u201c\u0130mam\u201d ve \u201cHalife\u201d olarak Peygamber\u2019in din\u00ee ve siyas\u00ee otoritesini miras ald\u0131\u011f\u0131n\u0131 iddia etmesiyle, Orta\u00e7a\u011f \u0130slam\u0131n\u0131n tarihinde hayat\u00ee bir rol oynam\u0131\u015ft\u0131r. F\u00e2t\u0131m\u00eeler, \u0130slam sanat\u0131na mimar\u00ee, seramik, cam, maden\u00ee ve fildi\u015fi eserlerin yan\u0131 s\u0131ra halifelerin hazinelerinin en \u00f6nemli b\u00f6l\u00fcm\u00fcn\u00fc te\u015fkil eden kuma\u015flar\u0131yla da unutulmaz katk\u0131lar sunmu\u015flard\u0131r.F\u00e2t\u0131m\u00ee \u0130mparatorlu\u011fu, \u0130smail\u00eeli\u011fin, Kuzey Afrika\u2019n\u0131n ve M\u0131s\u0131r\u2019\u0131n tarihi ser\u00fcvenini, F\u00e2t\u0131m\u00ee hanedan\u0131n\u0131n tarihi ser\u00fcveniyle birlikte tutarl\u0131 bir hik\u00e2yeye d\u00f6n\u00fc\u015ft\u00fcr\u00fcyor. Bu hik\u00e2ye \u0130slam\u2019\u0131n geni\u015f tarihinde kendine g\u00fc\u00e7l\u00fc bir ba\u011f buluyor ve okuyucular F\u00e2t\u0131m\u00ee \u0130mparatorlu\u011fu\u2019nun tarihi \u00f6nemini yeniden ke\u015ffediyor. M\u0131s\u0131r\u2019\u0131n fethi, devletin kurulu\u015fu, imparatorlu\u011fun te\u015fekk\u00fcl\u00fc, el-H\u00e2kim bi-Emrill\u00e2h\u2019\u0131n h\u00fck\u00fcmdarl\u0131\u011f\u0131ndan sonra gelen siyas\u00ee kriz, siyas\u00ee ve ideolojik bak\u0131mdan rejimin yeniden in\u015fas\u0131, hanedan\u0131n y\u00f6n de\u011fi\u015ftirmesi ve sonras\u0131nda gelen ba\u015far\u0131s\u0131zl\u0131klarla beraber imparatorlu\u011fun tarih sahnesinden \u00e7ekili\u015fi, belgesel tad\u0131nda bir \u00fcslupla okuyucuyla bulu\u015fuyor. Londra \u00dcniversitesi \u015earkiyat ve Afrika Ara\u015ft\u0131rmalar\u0131 Okulu (SOAS), Kuzey Afrika Tarihi B\u00f6l\u00fcm\u00fc\u2019nden emekli \u00f6\u011fretim \u00fcyesi Michael Brett&#8217;in yar\u0131m y\u00fczy\u0131l\u0131 a\u015fan ara\u015ft\u0131rmalar\u0131n\u0131n \u00fcr\u00fcn\u00fc olan F\u00e2t\u0131m\u00ee \u0130mparatorlu\u011fu, \u00fc\u00e7 y\u00fczy\u0131la yak\u0131n bir s\u00fcre boyunca, Ortado\u011fu, Afrika ve Akdeniz\u2019de h\u00fck\u00fcm s\u00fcrerek, tarihte siyasetten sanata dek \u00f6nemli izler b\u0131rakm\u0131\u015f bir hanedan\u0131n s\u0131ra d\u0131\u015f\u0131 \u00f6yk\u00fcs\u00fc\u2026<\/p>\n","protected":false},"excerpt":{"rendered":"<p>F\u00e2t\u0131m\u00eeler; Abb\u00e2s\u00ee \u0130mparatorlu\u011fu\u2019nun onuncu y\u00fczy\u0131ldaki \u00e7\u00f6k\u00fc\u015f\u00fcnden, on birinci y\u00fczy\u0131lda Sel\u00e7uklular\u0131n Orta Asya\u2019dan ve on ikinci y\u00fczy\u0131lda Ha\u00e7l\u0131lar\u0131n Avrupa\u2019dan Ortado\u011fu\u2019ya geli\u015fine ve imparatorlu\u011fun Sel\u00e2hadd\u00een Eyy\u00fbb\u00ee taraf\u0131ndan ortadan<span class=\"excerpt-hellip\"> [\u2026]<\/span><\/p>\n","protected":false},"featured_media":0,"template":"","meta":{"_monsterinsights_skip_tracking":false,"_monsterinsights_sitenote_active":false,"_monsterinsights_sitenote_note":"","_monsterinsights_sitenote_category":0},"product_brand":[],"product_cat":[12305,12304],"product_tag":[],"class_list":{"0":"post-730951","1":"product","2":"type-product","3":"status-publish","5":"product_cat-dunya-tarihi","6":"product_cat-tarih","7":"pa_cilt-ciltsiz","8":"pa_tur-kitap","9":"pa_yayinevi-kronik-kitap","10":"pa_yazar-michael-brett","12":"first","13":"instock","14":"sale","15":"shipping-taxable","16":"purchasable","17":"product-type-simple"},"_links":{"self":[{"href":"https:\/\/roveyayinevi.com.tr\/index.php\/wp-json\/wp\/v2\/product\/730951","targetHints":{"allow":["GET"]}}],"collection":[{"href":"https:\/\/roveyayinevi.com.tr\/index.php\/wp-json\/wp\/v2\/product"}],"about":[{"href":"https:\/\/roveyayinevi.com.tr\/index.php\/wp-json\/wp\/v2\/types\/product"}],"wp:attachment":[{"href":"https:\/\/roveyayinevi.com.tr\/index.php\/wp-json\/wp\/v2\/media?parent=730951"}],"wp:term":[{"taxonomy":"product_brand","embeddable":true,"href":"https:\/\/roveyayinevi.com.tr\/index.php\/wp-json\/wp\/v2\/product_brand?post=730951"},{"taxonomy":"product_cat","embeddable":true,"href":"https:\/\/roveyayinevi.com.tr\/index.php\/wp-json\/wp\/v2\/product_cat?post=730951"},{"taxonomy":"product_tag","embeddable":true,"href":"https:\/\/roveyayinevi.com.tr\/index.php\/wp-json\/wp\/v2\/product_tag?post=730951"}],"curies":[{"name":"wp","href":"https:\/\/api.w.org\/{rel}","templated":true}]}}