{"id":730941,"date":"2025-08-27T21:23:02","date_gmt":"2025-08-27T18:23:02","guid":{"rendered":"https:\/\/roveyayinevi.com.tr\/index.php\/urun\/vitaminli-ekonomiks\/"},"modified":"2026-04-16T02:38:40","modified_gmt":"2026-04-15T23:38:40","slug":"vitaminli-ekonomiks","status":"publish","type":"product","link":"https:\/\/roveyayinevi.com.tr\/index.php\/urun\/vitaminli-ekonomiks\/","title":{"rendered":"Vitaminli Ekonomiks"},"content":{"rendered":"<p>Ege Cansen ve Asaf Sava\u015f Akat\u2019\u0131n ekonomiye dair g\u00fcncel tespitlerini toplayan bu kitap; Cari a\u00e7\u0131k meselesinden b\u00fcy\u00fcmeye, kamu borcundan i\u015fsizli\u011fe kadar T\u00fcrkiye ekonomisine dair bir\u00e7ok temel ekonomik kavram\u0131 ele al\u0131yor. Enflasyon-faiz sarmal\u0131 ile d\u00f6viz kuruna ili\u015fkin geli\u015fmelere ve T\u00fcrkiye ekonomisindeki \u00e7\u0131kmazlara dair yan\u0131tlara yer veriyor. Salg\u0131n s\u00fcrecindeki k\u00fcresel geli\u015fmelerin T\u00fcrkiye ekonomisine etkileri ve ekonomi y\u00f6netimindeki g\u00f6rev de\u011fi\u015fimlerinin sonu\u00e7lar\u0131 \u00fczerinden tarihi bir d\u00f6neme tan\u0131kl\u0131k ediyor. Dr. Bar\u0131\u015f Esen\u2019in edit\u00f6rl\u00fc\u011f\u00fcnde haz\u0131rlanan bu kitaba Asaf Sava\u015f Akat\u2019\u0131n akademik ve teorik birikimiyle Ege Cansen\u2019in tecr\u00fcbeleri ve esprili anlat\u0131m\u0131 e\u015flik ediyor. <\/p>\n","protected":false},"excerpt":{"rendered":"<p>Ege Cansen ve Asaf Sava\u015f Akat\u2019\u0131n ekonomiye dair g\u00fcncel tespitlerini toplayan bu kitap; Cari a\u00e7\u0131k meselesinden b\u00fcy\u00fcmeye, kamu borcundan i\u015fsizli\u011fe kadar T\u00fcrkiye ekonomisine dair bir\u00e7ok temel<span class=\"excerpt-hellip\"> [\u2026]<\/span><\/p>\n","protected":false},"featured_media":0,"template":"","meta":{"_monsterinsights_skip_tracking":false,"_monsterinsights_sitenote_active":false,"_monsterinsights_sitenote_note":"","_monsterinsights_sitenote_category":0},"product_brand":[],"product_cat":[20333,13043],"product_tag":[],"class_list":{"0":"post-730941","1":"product","2":"type-product","3":"status-publish","5":"product_cat-diger-ekonomi","6":"product_cat-ekonomi","7":"pa_cilt-ciltsiz","8":"pa_tur-kitap","9":"pa_yayinevi-remzi-kitabevi","10":"pa_yazar-ege-cansen-asaf-savas-akat","12":"first","13":"instock","14":"sale","15":"shipping-taxable","16":"purchasable","17":"product-type-simple"},"_links":{"self":[{"href":"https:\/\/roveyayinevi.com.tr\/index.php\/wp-json\/wp\/v2\/product\/730941","targetHints":{"allow":["GET"]}}],"collection":[{"href":"https:\/\/roveyayinevi.com.tr\/index.php\/wp-json\/wp\/v2\/product"}],"about":[{"href":"https:\/\/roveyayinevi.com.tr\/index.php\/wp-json\/wp\/v2\/types\/product"}],"wp:attachment":[{"href":"https:\/\/roveyayinevi.com.tr\/index.php\/wp-json\/wp\/v2\/media?parent=730941"}],"wp:term":[{"taxonomy":"product_brand","embeddable":true,"href":"https:\/\/roveyayinevi.com.tr\/index.php\/wp-json\/wp\/v2\/product_brand?post=730941"},{"taxonomy":"product_cat","embeddable":true,"href":"https:\/\/roveyayinevi.com.tr\/index.php\/wp-json\/wp\/v2\/product_cat?post=730941"},{"taxonomy":"product_tag","embeddable":true,"href":"https:\/\/roveyayinevi.com.tr\/index.php\/wp-json\/wp\/v2\/product_tag?post=730941"}],"curies":[{"name":"wp","href":"https:\/\/api.w.org\/{rel}","templated":true}]}}