{"id":730916,"date":"2025-08-27T21:22:42","date_gmt":"2025-08-27T18:22:42","guid":{"rendered":"https:\/\/roveyayinevi.com.tr\/index.php\/urun\/iklim-ve-toplum\/"},"modified":"2026-01-29T03:08:35","modified_gmt":"2026-01-29T00:08:35","slug":"iklim-ve-toplum","status":"publish","type":"product","link":"https:\/\/roveyayinevi.com.tr\/index.php\/urun\/iklim-ve-toplum\/","title":{"rendered":"\u0130klim Ve Toplum"},"content":{"rendered":"<p>Bu \u00e7arp\u0131c\u0131 ve \u00f6nemli kitap, iklim de\u011fi\u015fikli\u011finin toplumsal boyutlar\u0131 \u00fczerine mevcut ve do\u011fmakta olan d\u00fc\u015f\u00fcnceleri sunuyor. A\u00e7\u0131k bir dil ve g\u00fc\u00e7l\u00fc \u00f6rnekler kullanarak, iklim ve toplum aras\u0131ndaki \u00e7ok y\u00f6nl\u00fc ba\u011flant\u0131lar\u0131 anlamaya y\u00f6nelik temel kavramlar\u0131 ve \u00e7er\u00e7eveleri ortaya koyuyor.Robin Leichenko ve Karen O\u2019Brien, iklim de\u011fi\u015fikli\u011fini, ara\u015ft\u0131rma, politika ve eyleme y\u00f6nelik birle\u015ftirici yakla\u015f\u0131mlar\u0131 gerektiren toplumsal bir mesele olarak \u00e7er\u00e7eveliyor. \u0130klimin zorluklar\u0131na verilen kar\u015f\u0131l\u0131klar\u0131 bi\u00e7imlendirmede d\u00fcnya g\u00f6r\u00fc\u015flerinin ve inan\u00e7lar\u0131n oynad\u0131\u011f\u0131 \u00f6nemli rollerin alt\u0131n\u0131 \u00e7izerek, iklim de\u011fi\u015fikli\u011finin toplumsal y\u00f6nlendiricileri ve etkileri \u00fczerine hem egemen s\u00f6ylemi hem de di\u011fer s\u00f6ylemleri inceliyorlar. \u0130klim de\u011fi\u015fikli\u011fini s\u00fcratle de\u011fi\u015fen bir d\u00fcnya ba\u011flam\u0131na yerle\u015ftiren bu kitap, dinamik siyasi, ekonomik ve \u00e7evresel ba\u011flamlar\u0131n riskleri nas\u0131l artt\u0131rd\u0131\u011f\u0131n\u0131; fakat ayn\u0131 zamanda, d\u00f6n\u00fc\u015ft\u00fcr\u00fcc\u00fc kar\u015f\u0131l\u0131klar i\u00e7in de nas\u0131l f\u0131rsatlar sundu\u011funu g\u00f6steriyor.Bu kitap, hem iklim de\u011fi\u015fikli\u011fi ve buna kar\u015f\u0131 yap\u0131labilecekler hakk\u0131nda bir giri\u015f kitab\u0131 arayanlar i\u00e7in hem de bu konulardaki son bilimsel geli\u015fmelerin derli toplu bir sunu\u015funa ihtiya\u00e7 duyanlar i\u00e7in \u00e7ok \u00f6nemli bir kaynak olarak \u00f6ne \u00e7\u0131k\u0131yor. \u00d6\u011frenciler, bilim insanlar\u0131 ve zaman\u0131m\u0131z\u0131n bu \u00f6nemli zorlu\u011funa ilgi duyan di\u011fer herkes i\u00e7in yaz\u0131lm\u0131\u015f olan bu ayd\u0131nlat\u0131c\u0131 ve hayranl\u0131k uyand\u0131ran kitap, okura de\u011fi\u015fen bir iklimdeki adil ve s\u00fcrd\u00fcr\u00fclebilir d\u00f6n\u00fc\u015f\u00fcmlere y\u00f6nelik bir olas\u0131l\u0131klar silsilesi sunuyor.<\/p>\n","protected":false},"excerpt":{"rendered":"<p>Bu \u00e7arp\u0131c\u0131 ve \u00f6nemli kitap, iklim de\u011fi\u015fikli\u011finin toplumsal boyutlar\u0131 \u00fczerine mevcut ve do\u011fmakta olan d\u00fc\u015f\u00fcnceleri sunuyor. A\u00e7\u0131k bir dil ve g\u00fc\u00e7l\u00fc \u00f6rnekler kullanarak, iklim ve toplum<span class=\"excerpt-hellip\"> [\u2026]<\/span><\/p>\n","protected":false},"featured_media":0,"template":"","meta":{"_monsterinsights_skip_tracking":false,"_monsterinsights_sitenote_active":false,"_monsterinsights_sitenote_note":"","_monsterinsights_sitenote_category":0},"product_brand":[],"product_cat":[14787,13488],"product_tag":[],"class_list":{"0":"post-730916","1":"product","2":"type-product","3":"status-publish","5":"product_cat-diger-toplum-ve-insan","6":"product_cat-toplum-ve-insan","7":"pa_cilt-ciltsiz","8":"pa_tur-kitap","9":"pa_yayinevi-utopya-yayinevi","10":"pa_yazar-robin-leichenko-karen-obrien","12":"first","13":"instock","14":"sale","15":"shipping-taxable","16":"purchasable","17":"product-type-simple"},"_links":{"self":[{"href":"https:\/\/roveyayinevi.com.tr\/index.php\/wp-json\/wp\/v2\/product\/730916","targetHints":{"allow":["GET"]}}],"collection":[{"href":"https:\/\/roveyayinevi.com.tr\/index.php\/wp-json\/wp\/v2\/product"}],"about":[{"href":"https:\/\/roveyayinevi.com.tr\/index.php\/wp-json\/wp\/v2\/types\/product"}],"wp:attachment":[{"href":"https:\/\/roveyayinevi.com.tr\/index.php\/wp-json\/wp\/v2\/media?parent=730916"}],"wp:term":[{"taxonomy":"product_brand","embeddable":true,"href":"https:\/\/roveyayinevi.com.tr\/index.php\/wp-json\/wp\/v2\/product_brand?post=730916"},{"taxonomy":"product_cat","embeddable":true,"href":"https:\/\/roveyayinevi.com.tr\/index.php\/wp-json\/wp\/v2\/product_cat?post=730916"},{"taxonomy":"product_tag","embeddable":true,"href":"https:\/\/roveyayinevi.com.tr\/index.php\/wp-json\/wp\/v2\/product_tag?post=730916"}],"curies":[{"name":"wp","href":"https:\/\/api.w.org\/{rel}","templated":true}]}}